{"id":12266,"date":"2022-01-28T11:02:05","date_gmt":"2022-01-28T14:02:05","guid":{"rendered":"https:\/\/www.silvajardim.rj.gov.br\/?page_id=12266"},"modified":"2023-03-21T13:53:15","modified_gmt":"2023-03-21T16:53:15","slug":"decretos-covid-19","status":"publish","type":"page","link":"https:\/\/www.silvajardim.rj.gov.br\/index.php\/decretos-covid-19\/","title":{"rendered":"Decretos Covid-19"},"content":{"rendered":"\t\t<div data-elementor-type=\"wp-page\" data-elementor-id=\"12266\" class=\"elementor elementor-12266\" data-elementor-settings=\"[]\">\n\t\t\t\t\t\t\t<div class=\"elementor-section-wrap\">\n\t\t\t\t\t\t\t<section data-particle_enable=\"false\" data-particle-mobile-disabled=\"false\" class=\"elementor-section elementor-top-section elementor-element elementor-element-e3c9b0b elementor-section-boxed elementor-section-height-default elementor-section-height-default\" data-id=\"e3c9b0b\" data-element_type=\"section\">\n\t\t\t\t\t\t<div class=\"elementor-container elementor-column-gap-default\">\n\t\t\t\t\t<div class=\"elementor-column elementor-col-100 elementor-top-column elementor-element elementor-element-f2da131\" data-id=\"f2da131\" data-element_type=\"column\">\n\t\t\t<div class=\"elementor-widget-wrap elementor-element-populated\">\n\t\t\t\t\t\t\t\t<div class=\"elementor-element elementor-element-2da60c7 elementor-widget elementor-widget-image\" data-id=\"2da60c7\" data-element_type=\"widget\" data-widget_type=\"image.default\">\n\t\t\t\t<div class=\"elementor-widget-container\">\n\t\t\t\t\t\t\t\t\t\t\t\t\t\t\t<img loading=\"lazy\" decoding=\"async\" width=\"800\" height=\"63\" src=\"https:\/\/www.silvajardim.rj.gov.br\/wp-content\/uploads\/2022\/03\/DECRETOS-COVID-19-1024x80.png\" class=\"attachment-large size-large\" alt=\"\" srcset=\"https:\/\/www.silvajardim.rj.gov.br\/wp-content\/uploads\/2022\/03\/DECRETOS-COVID-19-1024x80.png 1024w, https:\/\/www.silvajardim.rj.gov.br\/wp-content\/uploads\/2022\/03\/DECRETOS-COVID-19-300x23.png 300w, https:\/\/www.silvajardim.rj.gov.br\/wp-content\/uploads\/2022\/03\/DECRETOS-COVID-19-768x60.png 768w, https:\/\/www.silvajardim.rj.gov.br\/wp-content\/uploads\/2022\/03\/DECRETOS-COVID-19.png 1280w\" sizes=\"auto, (max-width: 800px) 100vw, 800px\" \/>\t\t\t\t\t\t\t\t\t\t\t\t\t\t\t<\/div>\n\t\t\t\t<\/div>\n\t\t\t\t\t<\/div>\n\t\t<\/div>\n\t\t\t\t\t\t\t<\/div>\n\t\t<\/section>\n\t\t\t\t<section data-particle_enable=\"false\" data-particle-mobile-disabled=\"false\" class=\"elementor-section elementor-top-section elementor-element elementor-element-88e0970 elementor-section-boxed elementor-section-height-default elementor-section-height-default\" data-id=\"88e0970\" data-element_type=\"section\">\n\t\t\t\t\t\t<div class=\"elementor-container elementor-column-gap-default\">\n\t\t\t\t\t<div class=\"elementor-column elementor-col-100 elementor-top-column elementor-element elementor-element-90c6214\" data-id=\"90c6214\" data-element_type=\"column\">\n\t\t\t<div class=\"elementor-widget-wrap elementor-element-populated\">\n\t\t\t\t\t\t\t\t<div class=\"elementor-element elementor-element-8d3ebd2 elementor-widget elementor-widget-wpfd_choose_category\" data-id=\"8d3ebd2\" data-element_type=\"widget\" data-widget_type=\"wpfd_choose_category.default\">\n\t\t\t\t<div class=\"elementor-widget-container\">\n\t\t\t<div id=\"wpfd-elementor-category\" class=\"wpfd-elementor-category\"><div class=\"wpfd-content wpfd-content-default wpfd-content-multi\" data-category=\"323\"><input type=\"hidden\" id=\"current_category_323\" value=\"323\" \/>                    <input type=\"hidden\" id=\"current_category_slug_323\" value=\"decreto-covid-19\" \/>                    <input type=\"hidden\" id=\"current_ordering_323\" value=\"title\" \/>                    <input type=\"hidden\" id=\"current_ordering_direction_323\" value=\"desc\" \/><a data-catid=\"\" class=\"default-download-category \" href=\"https:\/\/www.silvajardim.rj.gov.br\/index.php\/download\/wpfdcat\/323\/decreto-covid-19\">Baixar todos                                <i class=\"zmdi zmdi-check-all wpfd-download-category\"><\/i>                            <\/a><ul class=\"breadcrumbs wpfd-breadcrumbs-default head-category-default\">                            <li class=\"active\">Decreto Covid-19<\/li>                        <\/ul>    <script type=\"text\/x-handlebars-template\" class=\"wpfd-template-categories\">        <div class=\"wpfd-categories\">{{#if category}}{{#with category}}<h2>{{name}}<\/h2>{{#if parent}}<a class=\"catlink backcategory\" href=\"#\" data-idcat=\"{{parent}}\">                        <i class=\"zmdi zmdi-chevron-left\"><\/i><span>Voltar<\/span><\/a>{{\/if}}{{\/with}}{{\/if}}{{#if categories}}{{#each categories}}<a class=\"wpfdcategory catlink\" style=\"margin : 10px 10px 10px 10px;\" href=\"#\" data-idcat=\"{{term_id}}\" title=\"{{name}}\">                                <span>{{name}}<\/span><i class=\"zmdi zmdi-folder wpfd-folder\"><\/i>                            <\/a>{{\/each}}{{\/if}}<div class=\"wpfdcategory_placeholder\" style=\"margin : 0 10px 0 10px;\"><\/div><div class=\"wpfdcategory_placeholder\" style=\"margin : 0 10px 0 10px;\"><\/div><div class=\"wpfdcategory_placeholder\" style=\"margin : 0 10px 0 10px;\"><\/div><\/div>    <\/script>    <script type=\"text\/x-handlebars-template\" class=\"wpfd-template-files\">        {{#if files }}        <div class=\"wpfd_list\">            {{#each files}}            <div class=\"file\" style=\"margin : 10px 10px 10px 10px;\" data-id=\"{{ID}}\" data-catid=\"{{catid}}\">                <div class=\"filecontent\">                    {{#if file_custom_icon}}                    <div class=\"icon-custom\"><img decoding=\"async\" src=\"{{file_custom_icon}}\"><\/div>                    {{else}}                    <div class=\"ext ext-{{ext}}\"><span class=\"txt\">{{ext}}<\/span><\/div>                    {{\/if}}<h3><label class=\"wpfd_checkbox\"><input class=\"cbox_file_download\" type=\"checkbox\" data-id=\"{{ID}}\" \/><span><\/span><\/label><a href=\"{{linkdownload}}\"  class=\"wpfd_downloadlink\" title=\"{{post_title}}\">{{{crop_title}}}<\/a><\/h3>                    <div class=\"file-xinfo\">                        {{#if description}}<div class=\"file-desc\">{{{description}}}<\/div>{{\/if}}{{#if versionNumber}}<div class=\"file-version\"><span>Vers\u00e3o:<\/span> {{versionNumber}}<\/div>{{\/if}}<div class=\"file-size\"><span>Tamanho:<\/span> {{bytesToSize size}}<\/div><div class=\"file-hits\"><span>Hits:<\/span> {{hits}}<\/div><div class=\"file-dated\"><span>Data de adi\u00e7\u00e3o<\/span> {{created}}<\/div>                    <\/div>                <\/div>                <span class=\"file-right\">                    <a class=\"downloadlink wpfd_downloadlink\"  href=\"{{linkdownload}}\" style=\"background-color:#51d8ed;color:#06090a;\">Baixar<i class=\"zmdi zmdi-cloud-download wpfd-download\"><\/i><\/a>{{#if openpdflink}}<a class=\"openlink wpfdlightbox wpfd_previewlink\" href=\"{{openpdflink}}\" target=\"\">Visualizar                            <i class=\"zmdi zmdi-filter-center-focus wpfd-preview\"><\/i>                        <\/a>{{else}}{{#if viewerlink}}<a                            href=\"{{viewerlink}}\"                            class=\"openlink wpfdlightbox wpfd_previewlink\"                            target=\"\"                            data-id=\"{{ID}}\"                            data-catid=\"{{catid}}\"                            data-file-type=\"{{ext}}\">Visualizar<i class=\"zmdi zmdi-filter-center-focus wpfd-preview\"><\/i>                        <\/a>{{\/if}}{{\/if}}                <\/span>            <\/div>            {{\/each}}            <div class=\"file flex_span\" style=\"margin : 10px 10px 10px 10px;\"><\/div>        <\/div>        {{\/if}}    <\/script><div class=\"wpfd-container\">    <div class=\"wpfd-foldertree wpfd-foldertree-default foldertree-hide\"><\/div>    <div class=\"wpfd-open-tree\"><\/div>    <div class=\"wpfd-container-default  with_foldertree\">        <div class=\"wpfd-categories\"><h2>Decreto Covid-19<\/h2><\/div>                    <div class=\"wpfd_list\">                                    <div class=\"file\" style=\"margin : 10px 10px 10px 10px;\"                         data-id=\"12301\"                         data-catid=\"323\">                        <div class=\"filecontent\">                            <div class=\"ext ext-pdf\"><span class=\"txt\">pdf<\/div><h3><label class=\"wpfd_checkbox\"><input class=\"cbox_file_download\" type=\"checkbox\" data-id=\"12301\" \/><span><\/span><\/label><a href=\"https:\/\/www.silvajardim.rj.gov.br\/index.php\/download\/323\/decreto-covid-19\/12301\/decreto-no-2178-prorroga-parcelamento-covid-19-junho-2.pdf\"  class=\"wpfd_downloadlink\" title=\"DECRETO n\u00ba 2178 - PRORROGA PARCELAMENTO - COVID-19 - JUNHO\">DECRETO n\u00ba 2178 - PRORROGA PARCELAMENTO - COVID-19 - JUNHO<\/a><\/h3>                            <div class=\"file-xinfo\">                                <div class=\"file-size\"><span>Tamanho:<\/span> 256.95 KB<\/div><div class=\"file-hits\"><span>Hits:<\/span> 721<\/div><div class=\"file-dated\"><span>Data de adi\u00e7\u00e3o<\/span> 28-01-2022<\/div>                            <\/div>                        <\/div>                        <div class=\"file-right\">                            <a class=\"downloadlink wpfd_downloadlink\"  href=\"https:\/\/www.silvajardim.rj.gov.br\/index.php\/download\/323\/decreto-covid-19\/12301\/decreto-no-2178-prorroga-parcelamento-covid-19-junho-2.pdf\" style=\"background-color:#51d8ed;color:#06090a;\">Baixar<i class=\"zmdi zmdi-cloud-download wpfd-download\"><\/i><\/a><a class=\"openlink wpfdlightbox wpfd_previewlink\" href=\"https:\/\/www.silvajardim.rj.gov.br\/wp-admin\/admin-ajax.php?juwpfisadmin=false&#038;action=wpfd&#038;task=file.download&#038;wpfd_category_id=323&#038;wpfd_file_id=12301&#038;token=&#038;preview=1\" target=\"\">Visualizar                            <i class=\"zmdi zmdi-filter-center-focus wpfd-preview\"><\/i>                        <\/a>                        <\/div>                    <\/div>                                    <div class=\"file\" style=\"margin : 10px 10px 10px 10px;\"                         data-id=\"12307\"                         data-catid=\"323\">                        <div class=\"filecontent\">                            <div class=\"ext ext-pdf\"><span class=\"txt\">pdf<\/div><h3><label class=\"wpfd_checkbox\"><input class=\"cbox_file_download\" type=\"checkbox\" data-id=\"12307\" \/><span><\/span><\/label><a href=\"https:\/\/www.silvajardim.rj.gov.br\/index.php\/download\/323\/decreto-covid-19\/12307\/decreto-no-2178-prorroga-parcelamento-covid-19-junho-3.pdf\"  class=\"wpfd_downloadlink\" title=\"DECRETO n\u00ba 2178 - PRORROGA PARCELAMENTO - COVID-19 - JUNHO\">DECRETO n\u00ba 2178 - PRORROGA PARCELAMENTO - COVID-19 - JUNHO<\/a><\/h3>                            <div class=\"file-xinfo\">                                <div class=\"file-size\"><span>Tamanho:<\/span> 256.95 KB<\/div><div class=\"file-hits\"><span>Hits:<\/span> 712<\/div><div class=\"file-dated\"><span>Data de adi\u00e7\u00e3o<\/span> 28-01-2022<\/div>                            <\/div>                        <\/div>                        <div class=\"file-right\">                            <a class=\"downloadlink wpfd_downloadlink\"  href=\"https:\/\/www.silvajardim.rj.gov.br\/index.php\/download\/323\/decreto-covid-19\/12307\/decreto-no-2178-prorroga-parcelamento-covid-19-junho-3.pdf\" style=\"background-color:#51d8ed;color:#06090a;\">Baixar<i class=\"zmdi zmdi-cloud-download wpfd-download\"><\/i><\/a><a class=\"openlink wpfdlightbox wpfd_previewlink\" href=\"https:\/\/www.silvajardim.rj.gov.br\/wp-admin\/admin-ajax.php?juwpfisadmin=false&#038;action=wpfd&#038;task=file.download&#038;wpfd_category_id=323&#038;wpfd_file_id=12307&#038;token=&#038;preview=1\" target=\"\">Visualizar                            <i class=\"zmdi zmdi-filter-center-focus wpfd-preview\"><\/i>                        <\/a>                        <\/div>                    <\/div>                                    <div class=\"file\" style=\"margin : 10px 10px 10px 10px;\"                         data-id=\"12329\"                         data-catid=\"323\">                        <div class=\"filecontent\">                            <div class=\"ext ext-pdf\"><span class=\"txt\">pdf<\/div><h3><label class=\"wpfd_checkbox\"><input class=\"cbox_file_download\" type=\"checkbox\" data-id=\"12329\" \/><span><\/span><\/label><a href=\"https:\/\/www.silvajardim.rj.gov.br\/index.php\/download\/323\/decreto-covid-19\/12329\/decreto-no-2318-prorrogacao-iptu-2021-3-4.pdf\"  class=\"wpfd_downloadlink\" title=\"DECRETO N\u00ba 2318 - PRORROGA\u00c7\u00c3O IPTU 2021 3\">DECRETO N\u00ba 2318 - PRORROGA\u00c7\u00c3O IPTU 2021 3<\/a><\/h3>                            <div class=\"file-xinfo\">                                <div class=\"file-size\"><span>Tamanho:<\/span> 101.68 KB<\/div><div class=\"file-hits\"><span>Hits:<\/span> 492<\/div><div class=\"file-dated\"><span>Data de adi\u00e7\u00e3o<\/span> 28-01-2022<\/div>                            <\/div>                        <\/div>                        <div class=\"file-right\">                            <a class=\"downloadlink wpfd_downloadlink\"  href=\"https:\/\/www.silvajardim.rj.gov.br\/index.php\/download\/323\/decreto-covid-19\/12329\/decreto-no-2318-prorrogacao-iptu-2021-3-4.pdf\" style=\"background-color:#51d8ed;color:#06090a;\">Baixar<i class=\"zmdi zmdi-cloud-download wpfd-download\"><\/i><\/a><a class=\"openlink wpfdlightbox wpfd_previewlink\" href=\"https:\/\/www.silvajardim.rj.gov.br\/wp-admin\/admin-ajax.php?juwpfisadmin=false&#038;action=wpfd&#038;task=file.download&#038;wpfd_category_id=323&#038;wpfd_file_id=12329&#038;token=&#038;preview=1\" target=\"\">Visualizar                            <i class=\"zmdi zmdi-filter-center-focus wpfd-preview\"><\/i>                        <\/a>                        <\/div>                    <\/div>                                    <div class=\"file\" style=\"margin : 10px 10px 10px 10px;\"                         data-id=\"12290\"                         data-catid=\"323\">                        <div class=\"filecontent\">                            <div class=\"ext ext-pdf\"><span class=\"txt\">pdf<\/div><h3><label class=\"wpfd_checkbox\"><input class=\"cbox_file_download\" type=\"checkbox\" data-id=\"12290\" \/><span><\/span><\/label><a href=\"https:\/\/www.silvajardim.rj.gov.br\/index.php\/download\/323\/decreto-covid-19\/12290\/decreto-no-2318-prorrogacao-iptu-2021-3-3.pdf\"  class=\"wpfd_downloadlink\" title=\"DECRETO N\u00ba 2318 - PRORROGA\u00c7\u00c3O IPTU 2021 3\">DECRETO N\u00ba 2318 - PRORROGA\u00c7\u00c3O IPTU 2021 3<\/a><\/h3>                            <div class=\"file-xinfo\">                                <div class=\"file-size\"><span>Tamanho:<\/span> 101.68 KB<\/div><div class=\"file-hits\"><span>Hits:<\/span> 520<\/div><div class=\"file-dated\"><span>Data de adi\u00e7\u00e3o<\/span> 28-01-2022<\/div>                            <\/div>                        <\/div>                        <div class=\"file-right\">                            <a class=\"downloadlink wpfd_downloadlink\"  href=\"https:\/\/www.silvajardim.rj.gov.br\/index.php\/download\/323\/decreto-covid-19\/12290\/decreto-no-2318-prorrogacao-iptu-2021-3-3.pdf\" style=\"background-color:#51d8ed;color:#06090a;\">Baixar<i class=\"zmdi zmdi-cloud-download wpfd-download\"><\/i><\/a><a class=\"openlink wpfdlightbox wpfd_previewlink\" href=\"https:\/\/www.silvajardim.rj.gov.br\/wp-admin\/admin-ajax.php?juwpfisadmin=false&#038;action=wpfd&#038;task=file.download&#038;wpfd_category_id=323&#038;wpfd_file_id=12290&#038;token=&#038;preview=1\" target=\"\">Visualizar                            <i class=\"zmdi zmdi-filter-center-focus wpfd-preview\"><\/i>                        <\/a>                        <\/div>                    <\/div>                                    <div class=\"file\" style=\"margin : 10px 10px 10px 10px;\"                         data-id=\"12291\"                         data-catid=\"323\">                        <div class=\"filecontent\">                            <div class=\"ext ext-pdf\"><span class=\"txt\">pdf<\/div><h3><label class=\"wpfd_checkbox\"><input class=\"cbox_file_download\" type=\"checkbox\" data-id=\"12291\" \/><span><\/span><\/label><a href=\"https:\/\/www.silvajardim.rj.gov.br\/index.php\/download\/323\/decreto-covid-19\/12291\/decreto-no-2302-altera-decretos-2280-e-2287-2020-covid-3.pdf\"  class=\"wpfd_downloadlink\" title=\"DECRETO N\u00ba 2302 - altera decretos 2280 e 2287-2020 - COVID\">DECRETO N\u00ba 2302 - altera decretos 2280 e 2287-2020 - COVID<\/a><\/h3>                            <div class=\"file-xinfo\">                                <div class=\"file-size\"><span>Tamanho:<\/span> 180.92 KB<\/div><div class=\"file-hits\"><span>Hits:<\/span> 488<\/div><div class=\"file-dated\"><span>Data de adi\u00e7\u00e3o<\/span> 28-01-2022<\/div>                            <\/div>                        <\/div>                        <div class=\"file-right\">                            <a class=\"downloadlink wpfd_downloadlink\"  href=\"https:\/\/www.silvajardim.rj.gov.br\/index.php\/download\/323\/decreto-covid-19\/12291\/decreto-no-2302-altera-decretos-2280-e-2287-2020-covid-3.pdf\" style=\"background-color:#51d8ed;color:#06090a;\">Baixar<i class=\"zmdi zmdi-cloud-download wpfd-download\"><\/i><\/a><a class=\"openlink wpfdlightbox wpfd_previewlink\" href=\"https:\/\/www.silvajardim.rj.gov.br\/wp-admin\/admin-ajax.php?juwpfisadmin=false&#038;action=wpfd&#038;task=file.download&#038;wpfd_category_id=323&#038;wpfd_file_id=12291&#038;token=&#038;preview=1\" target=\"\">Visualizar                            <i class=\"zmdi zmdi-filter-center-focus wpfd-preview\"><\/i>                        <\/a>                        <\/div>                    <\/div>                                    <div class=\"file\" style=\"margin : 10px 10px 10px 10px;\"                         data-id=\"12327\"                         data-catid=\"323\">                        <div class=\"filecontent\">                            <div class=\"ext ext-pdf\"><span class=\"txt\">pdf<\/div><h3><label class=\"wpfd_checkbox\"><input class=\"cbox_file_download\" type=\"checkbox\" data-id=\"12327\" \/><span><\/span><\/label><a href=\"https:\/\/www.silvajardim.rj.gov.br\/index.php\/download\/323\/decreto-covid-19\/12327\/decreto-no-2302-altera-decretos-2280-e-2287-2020-covid-4.pdf\"  class=\"wpfd_downloadlink\" title=\"DECRETO N\u00ba 2302 - altera decretos 2280 e 2287-2020 - COVID\">DECRETO N\u00ba 2302 - altera decretos 2280 e 2287-2020 - COVID<\/a><\/h3>                            <div class=\"file-xinfo\">                                <div class=\"file-size\"><span>Tamanho:<\/span> 180.92 KB<\/div><div class=\"file-hits\"><span>Hits:<\/span> 520<\/div><div class=\"file-dated\"><span>Data de adi\u00e7\u00e3o<\/span> 28-01-2022<\/div>                            <\/div>                        <\/div>                        <div class=\"file-right\">                            <a class=\"downloadlink wpfd_downloadlink\"  href=\"https:\/\/www.silvajardim.rj.gov.br\/index.php\/download\/323\/decreto-covid-19\/12327\/decreto-no-2302-altera-decretos-2280-e-2287-2020-covid-4.pdf\" style=\"background-color:#51d8ed;color:#06090a;\">Baixar<i class=\"zmdi zmdi-cloud-download wpfd-download\"><\/i><\/a><a class=\"openlink wpfdlightbox wpfd_previewlink\" href=\"https:\/\/www.silvajardim.rj.gov.br\/wp-admin\/admin-ajax.php?juwpfisadmin=false&#038;action=wpfd&#038;task=file.download&#038;wpfd_category_id=323&#038;wpfd_file_id=12327&#038;token=&#038;preview=1\" target=\"\">Visualizar                            <i class=\"zmdi zmdi-filter-center-focus wpfd-preview\"><\/i>                        <\/a>                        <\/div>                    <\/div>                                    <div class=\"file\" style=\"margin : 10px 10px 10px 10px;\"                         data-id=\"12288\"                         data-catid=\"323\">                        <div class=\"filecontent\">                            <div class=\"ext ext-pdf\"><span class=\"txt\">pdf<\/div><h3><label class=\"wpfd_checkbox\"><input class=\"cbox_file_download\" type=\"checkbox\" data-id=\"12288\" \/><span><\/span><\/label><a href=\"https:\/\/www.silvajardim.rj.gov.br\/index.php\/download\/323\/decreto-covid-19\/12288\/decreto-no-2288-dispoe-sobre-medidas-restritivas-covid-3.pdf\"  class=\"wpfd_downloadlink\" title=\"DECRETO N\u00ba 2288 - Disp\u00f5e sobre medidas restritivas  - COVID\">DECRETO N\u00ba 2288 - Disp\u00f5e sobre medidas restritivas  - COVID<\/a><\/h3>                            <div class=\"file-xinfo\">                                <div class=\"file-size\"><span>Tamanho:<\/span> 93.83 KB<\/div><div class=\"file-hits\"><span>Hits:<\/span> 501<\/div><div class=\"file-dated\"><span>Data de adi\u00e7\u00e3o<\/span> 28-01-2022<\/div>                            <\/div>                        <\/div>                        <div class=\"file-right\">                            <a class=\"downloadlink wpfd_downloadlink\"  href=\"https:\/\/www.silvajardim.rj.gov.br\/index.php\/download\/323\/decreto-covid-19\/12288\/decreto-no-2288-dispoe-sobre-medidas-restritivas-covid-3.pdf\" style=\"background-color:#51d8ed;color:#06090a;\">Baixar<i class=\"zmdi zmdi-cloud-download wpfd-download\"><\/i><\/a><a class=\"openlink wpfdlightbox wpfd_previewlink\" href=\"https:\/\/www.silvajardim.rj.gov.br\/wp-admin\/admin-ajax.php?juwpfisadmin=false&#038;action=wpfd&#038;task=file.download&#038;wpfd_category_id=323&#038;wpfd_file_id=12288&#038;token=&#038;preview=1\" target=\"\">Visualizar                            <i class=\"zmdi zmdi-filter-center-focus wpfd-preview\"><\/i>                        <\/a>                        <\/div>                    <\/div>                                    <div class=\"file\" style=\"margin : 10px 10px 10px 10px;\"                         data-id=\"12328\"                         data-catid=\"323\">                        <div class=\"filecontent\">                            <div class=\"ext ext-pdf\"><span class=\"txt\">pdf<\/div><h3><label class=\"wpfd_checkbox\"><input class=\"cbox_file_download\" type=\"checkbox\" data-id=\"12328\" \/><span><\/span><\/label><a href=\"https:\/\/www.silvajardim.rj.gov.br\/index.php\/download\/323\/decreto-covid-19\/12328\/decreto-no-2288-dispoe-sobre-medidas-restritivas-covid-4.pdf\"  class=\"wpfd_downloadlink\" title=\"DECRETO N\u00ba 2288 - Disp\u00f5e sobre medidas restritivas  - COVID\">DECRETO N\u00ba 2288 - Disp\u00f5e sobre medidas restritivas  - COVID<\/a><\/h3>                            <div class=\"file-xinfo\">                                <div class=\"file-size\"><span>Tamanho:<\/span> 93.83 KB<\/div><div class=\"file-hits\"><span>Hits:<\/span> 541<\/div><div class=\"file-dated\"><span>Data de adi\u00e7\u00e3o<\/span> 28-01-2022<\/div>                            <\/div>                        <\/div>                        <div class=\"file-right\">                            <a class=\"downloadlink wpfd_downloadlink\"  href=\"https:\/\/www.silvajardim.rj.gov.br\/index.php\/download\/323\/decreto-covid-19\/12328\/decreto-no-2288-dispoe-sobre-medidas-restritivas-covid-4.pdf\" style=\"background-color:#51d8ed;color:#06090a;\">Baixar<i class=\"zmdi zmdi-cloud-download wpfd-download\"><\/i><\/a><a class=\"openlink wpfdlightbox wpfd_previewlink\" href=\"https:\/\/www.silvajardim.rj.gov.br\/wp-admin\/admin-ajax.php?juwpfisadmin=false&#038;action=wpfd&#038;task=file.download&#038;wpfd_category_id=323&#038;wpfd_file_id=12328&#038;token=&#038;preview=1\" target=\"\">Visualizar                            <i class=\"zmdi zmdi-filter-center-focus wpfd-preview\"><\/i>                        <\/a>                        <\/div>                    <\/div>                                    <div class=\"file\" style=\"margin : 10px 10px 10px 10px;\"                         data-id=\"12287\"                         data-catid=\"323\">                        <div class=\"filecontent\">                            <div class=\"ext ext-pdf\"><span class=\"txt\">pdf<\/div><h3><label class=\"wpfd_checkbox\"><input class=\"cbox_file_download\" type=\"checkbox\" data-id=\"12287\" \/><span><\/span><\/label><a href=\"https:\/\/www.silvajardim.rj.gov.br\/index.php\/download\/323\/decreto-covid-19\/12287\/decreto-no-2287-medidas-restritivas-para-enfrentamento-do-covid-3.pdf\"  class=\"wpfd_downloadlink\" title=\"DECRETO N\u00ba 2287 - Medidas restritivas para enfrentamento do COVID\">DECRETO N\u00ba 2287 - Medidas restritivas para enfrentamento do COVID<\/a><\/h3>                            <div class=\"file-xinfo\">                                <div class=\"file-size\"><span>Tamanho:<\/span> 139.42 KB<\/div><div class=\"file-hits\"><span>Hits:<\/span> 490<\/div><div class=\"file-dated\"><span>Data de adi\u00e7\u00e3o<\/span> 28-01-2022<\/div>                            <\/div>                        <\/div>                        <div class=\"file-right\">                            <a class=\"downloadlink wpfd_downloadlink\"  href=\"https:\/\/www.silvajardim.rj.gov.br\/index.php\/download\/323\/decreto-covid-19\/12287\/decreto-no-2287-medidas-restritivas-para-enfrentamento-do-covid-3.pdf\" style=\"background-color:#51d8ed;color:#06090a;\">Baixar<i class=\"zmdi zmdi-cloud-download wpfd-download\"><\/i><\/a><a class=\"openlink wpfdlightbox wpfd_previewlink\" href=\"https:\/\/www.silvajardim.rj.gov.br\/wp-admin\/admin-ajax.php?juwpfisadmin=false&#038;action=wpfd&#038;task=file.download&#038;wpfd_category_id=323&#038;wpfd_file_id=12287&#038;token=&#038;preview=1\" target=\"\">Visualizar                            <i class=\"zmdi zmdi-filter-center-focus wpfd-preview\"><\/i>                        <\/a>                        <\/div>                    <\/div>                                    <div class=\"file\" style=\"margin : 10px 10px 10px 10px;\"                         data-id=\"12326\"                         data-catid=\"323\">                        <div class=\"filecontent\">                            <div class=\"ext ext-pdf\"><span class=\"txt\">pdf<\/div><h3><label class=\"wpfd_checkbox\"><input class=\"cbox_file_download\" type=\"checkbox\" data-id=\"12326\" \/><span><\/span><\/label><a href=\"https:\/\/www.silvajardim.rj.gov.br\/index.php\/download\/323\/decreto-covid-19\/12326\/decreto-no-2287-medidas-restritivas-para-enfrentamento-do-covid-4.pdf\"  class=\"wpfd_downloadlink\" title=\"DECRETO N\u00ba 2287 - Medidas restritivas para enfrentamento do COVID\">DECRETO N\u00ba 2287 - Medidas restritivas para enfrentamento do COVID<\/a><\/h3>                            <div class=\"file-xinfo\">                                <div class=\"file-size\"><span>Tamanho:<\/span> 139.42 KB<\/div><div class=\"file-hits\"><span>Hits:<\/span> 534<\/div><div class=\"file-dated\"><span>Data de adi\u00e7\u00e3o<\/span> 28-01-2022<\/div>                            <\/div>                        <\/div>                        <div class=\"file-right\">                            <a class=\"downloadlink wpfd_downloadlink\"  href=\"https:\/\/www.silvajardim.rj.gov.br\/index.php\/download\/323\/decreto-covid-19\/12326\/decreto-no-2287-medidas-restritivas-para-enfrentamento-do-covid-4.pdf\" style=\"background-color:#51d8ed;color:#06090a;\">Baixar<i class=\"zmdi zmdi-cloud-download wpfd-download\"><\/i><\/a><a class=\"openlink wpfdlightbox wpfd_previewlink\" href=\"https:\/\/www.silvajardim.rj.gov.br\/wp-admin\/admin-ajax.php?juwpfisadmin=false&#038;action=wpfd&#038;task=file.download&#038;wpfd_category_id=323&#038;wpfd_file_id=12326&#038;token=&#038;preview=1\" target=\"\">Visualizar                            <i class=\"zmdi zmdi-filter-center-focus wpfd-preview\"><\/i>                        <\/a>                        <\/div>                    <\/div>                                    <div class=\"file\" style=\"margin : 10px 10px 10px 10px;\"                         data-id=\"12286\"                         data-catid=\"323\">                        <div class=\"filecontent\">                            <div class=\"ext ext-pdf\"><span class=\"txt\">pdf<\/div><h3><label class=\"wpfd_checkbox\"><input class=\"cbox_file_download\" type=\"checkbox\" data-id=\"12286\" \/><span><\/span><\/label><a href=\"https:\/\/www.silvajardim.rj.gov.br\/index.php\/download\/323\/decreto-covid-19\/12286\/decreto-no-2284-ampliacao-das-medidas-restritivas-covid-3.pdf\"  class=\"wpfd_downloadlink\" title=\"DECRETO N\u00ba 2284 - Amplia\u00e7\u00e3o das medidas restritivas - COVID\">DECRETO N\u00ba 2284 - Amplia\u00e7\u00e3o das medidas restritivas - COVID<\/a><\/h3>                            <div class=\"file-xinfo\">                                <div class=\"file-size\"><span>Tamanho:<\/span> 140.19 KB<\/div><div class=\"file-hits\"><span>Hits:<\/span> 494<\/div><div class=\"file-dated\"><span>Data de adi\u00e7\u00e3o<\/span> 28-01-2022<\/div>                            <\/div>                        <\/div>                        <div class=\"file-right\">                            <a class=\"downloadlink wpfd_downloadlink\"  href=\"https:\/\/www.silvajardim.rj.gov.br\/index.php\/download\/323\/decreto-covid-19\/12286\/decreto-no-2284-ampliacao-das-medidas-restritivas-covid-3.pdf\" style=\"background-color:#51d8ed;color:#06090a;\">Baixar<i class=\"zmdi zmdi-cloud-download wpfd-download\"><\/i><\/a><a class=\"openlink wpfdlightbox wpfd_previewlink\" href=\"https:\/\/www.silvajardim.rj.gov.br\/wp-admin\/admin-ajax.php?juwpfisadmin=false&#038;action=wpfd&#038;task=file.download&#038;wpfd_category_id=323&#038;wpfd_file_id=12286&#038;token=&#038;preview=1\" target=\"\">Visualizar                            <i class=\"zmdi zmdi-filter-center-focus wpfd-preview\"><\/i>                        <\/a>                        <\/div>                    <\/div>                                    <div class=\"file\" style=\"margin : 10px 10px 10px 10px;\"                         data-id=\"12325\"                         data-catid=\"323\">                        <div class=\"filecontent\">                            <div class=\"ext ext-pdf\"><span class=\"txt\">pdf<\/div><h3><label class=\"wpfd_checkbox\"><input class=\"cbox_file_download\" type=\"checkbox\" data-id=\"12325\" \/><span><\/span><\/label><a href=\"https:\/\/www.silvajardim.rj.gov.br\/index.php\/download\/323\/decreto-covid-19\/12325\/decreto-no-2284-ampliacao-das-medidas-restritivas-covid-4.pdf\"  class=\"wpfd_downloadlink\" title=\"DECRETO N\u00ba 2284 - Amplia\u00e7\u00e3o das medidas restritivas - COVID\">DECRETO N\u00ba 2284 - Amplia\u00e7\u00e3o das medidas restritivas - COVID<\/a><\/h3>                            <div class=\"file-xinfo\">                                <div class=\"file-size\"><span>Tamanho:<\/span> 140.19 KB<\/div><div class=\"file-hits\"><span>Hits:<\/span> 532<\/div><div class=\"file-dated\"><span>Data de adi\u00e7\u00e3o<\/span> 28-01-2022<\/div>                            <\/div>                        <\/div>                        <div class=\"file-right\">                            <a class=\"downloadlink wpfd_downloadlink\"  href=\"https:\/\/www.silvajardim.rj.gov.br\/index.php\/download\/323\/decreto-covid-19\/12325\/decreto-no-2284-ampliacao-das-medidas-restritivas-covid-4.pdf\" style=\"background-color:#51d8ed;color:#06090a;\">Baixar<i class=\"zmdi zmdi-cloud-download wpfd-download\"><\/i><\/a><a class=\"openlink wpfdlightbox wpfd_previewlink\" href=\"https:\/\/www.silvajardim.rj.gov.br\/wp-admin\/admin-ajax.php?juwpfisadmin=false&#038;action=wpfd&#038;task=file.download&#038;wpfd_category_id=323&#038;wpfd_file_id=12325&#038;token=&#038;preview=1\" target=\"\">Visualizar                            <i class=\"zmdi zmdi-filter-center-focus wpfd-preview\"><\/i>                        <\/a>                        <\/div>                    <\/div>                                    <div class=\"file\" style=\"margin : 10px 10px 10px 10px;\"                         data-id=\"12283\"                         data-catid=\"323\">                        <div class=\"filecontent\">                            <div class=\"ext ext-pdf\"><span class=\"txt\">pdf<\/div><h3><label class=\"wpfd_checkbox\"><input class=\"cbox_file_download\" type=\"checkbox\" data-id=\"12283\" \/><span><\/span><\/label><a href=\"https:\/\/www.silvajardim.rj.gov.br\/index.php\/download\/323\/decreto-covid-19\/12283\/decreto-no-2281-suspensao-de-atendimento-ao-publico-3.pdf\"  class=\"wpfd_downloadlink\" title=\"DECRETO N\u00ba 2281 - SUSPENS\u00c3O DE ATENDIMENTO AO P\u00daBLICO\">DECRETO N\u00ba 2281 - SUSPENS\u00c3O DE ATENDIMENTO AO P\u00daBLICO<\/a><\/h3>                            <div class=\"file-xinfo\">                                <div class=\"file-size\"><span>Tamanho:<\/span> 147.55 KB<\/div><div class=\"file-hits\"><span>Hits:<\/span> 483<\/div><div class=\"file-dated\"><span>Data de adi\u00e7\u00e3o<\/span> 28-01-2022<\/div>                            <\/div>                        <\/div>                        <div class=\"file-right\">                            <a class=\"downloadlink wpfd_downloadlink\"  href=\"https:\/\/www.silvajardim.rj.gov.br\/index.php\/download\/323\/decreto-covid-19\/12283\/decreto-no-2281-suspensao-de-atendimento-ao-publico-3.pdf\" style=\"background-color:#51d8ed;color:#06090a;\">Baixar<i class=\"zmdi zmdi-cloud-download wpfd-download\"><\/i><\/a><a class=\"openlink wpfdlightbox wpfd_previewlink\" href=\"https:\/\/www.silvajardim.rj.gov.br\/wp-admin\/admin-ajax.php?juwpfisadmin=false&#038;action=wpfd&#038;task=file.download&#038;wpfd_category_id=323&#038;wpfd_file_id=12283&#038;token=&#038;preview=1\" target=\"\">Visualizar                            <i class=\"zmdi zmdi-filter-center-focus wpfd-preview\"><\/i>                        <\/a>                        <\/div>                    <\/div>                                    <div class=\"file\" style=\"margin : 10px 10px 10px 10px;\"                         data-id=\"12323\"                         data-catid=\"323\">                        <div class=\"filecontent\">                            <div class=\"ext ext-pdf\"><span class=\"txt\">pdf<\/div><h3><label class=\"wpfd_checkbox\"><input class=\"cbox_file_download\" type=\"checkbox\" data-id=\"12323\" \/><span><\/span><\/label><a href=\"https:\/\/www.silvajardim.rj.gov.br\/index.php\/download\/323\/decreto-covid-19\/12323\/decreto-no-2281-suspensao-de-atendimento-ao-publico-4.pdf\"  class=\"wpfd_downloadlink\" title=\"DECRETO N\u00ba 2281 - SUSPENS\u00c3O DE ATENDIMENTO AO P\u00daBLICO\">DECRETO N\u00ba 2281 - SUSPENS\u00c3O DE ATENDIMENTO AO P\u00daBLICO<\/a><\/h3>                            <div class=\"file-xinfo\">                                <div class=\"file-size\"><span>Tamanho:<\/span> 147.55 KB<\/div><div class=\"file-hits\"><span>Hits:<\/span> 526<\/div><div class=\"file-dated\"><span>Data de adi\u00e7\u00e3o<\/span> 28-01-2022<\/div>                            <\/div>                        <\/div>                        <div class=\"file-right\">                            <a class=\"downloadlink wpfd_downloadlink\"  href=\"https:\/\/www.silvajardim.rj.gov.br\/index.php\/download\/323\/decreto-covid-19\/12323\/decreto-no-2281-suspensao-de-atendimento-ao-publico-4.pdf\" style=\"background-color:#51d8ed;color:#06090a;\">Baixar<i class=\"zmdi zmdi-cloud-download wpfd-download\"><\/i><\/a><a class=\"openlink wpfdlightbox wpfd_previewlink\" href=\"https:\/\/www.silvajardim.rj.gov.br\/wp-admin\/admin-ajax.php?juwpfisadmin=false&#038;action=wpfd&#038;task=file.download&#038;wpfd_category_id=323&#038;wpfd_file_id=12323&#038;token=&#038;preview=1\" target=\"\">Visualizar                            <i class=\"zmdi zmdi-filter-center-focus wpfd-preview\"><\/i>                        <\/a>                        <\/div>                    <\/div>                                    <div class=\"file\" style=\"margin : 10px 10px 10px 10px;\"                         data-id=\"12285\"                         data-catid=\"323\">                        <div class=\"filecontent\">                            <div class=\"ext ext-pdf\"><span class=\"txt\">pdf<\/div><h3><label class=\"wpfd_checkbox\"><input class=\"cbox_file_download\" type=\"checkbox\" data-id=\"12285\" \/><span><\/span><\/label><a href=\"https:\/\/www.silvajardim.rj.gov.br\/index.php\/download\/323\/decreto-covid-19\/12285\/decreto-no-2280-restricoes-do-lockdown-3.pdf\"  class=\"wpfd_downloadlink\" title=\"DECRETO N\u00ba 2280 - RESTRI\u00c7\u00d5ES DO LOCKDOWN\">DECRETO N\u00ba 2280 - RESTRI\u00c7\u00d5ES DO LOCKDOWN<\/a><\/h3>                            <div class=\"file-xinfo\">                                <div class=\"file-size\"><span>Tamanho:<\/span> 179.73 KB<\/div><div class=\"file-hits\"><span>Hits:<\/span> 528<\/div><div class=\"file-dated\"><span>Data de adi\u00e7\u00e3o<\/span> 28-01-2022<\/div>                            <\/div>                        <\/div>                        <div class=\"file-right\">                            <a class=\"downloadlink wpfd_downloadlink\"  href=\"https:\/\/www.silvajardim.rj.gov.br\/index.php\/download\/323\/decreto-covid-19\/12285\/decreto-no-2280-restricoes-do-lockdown-3.pdf\" style=\"background-color:#51d8ed;color:#06090a;\">Baixar<i class=\"zmdi zmdi-cloud-download wpfd-download\"><\/i><\/a><a class=\"openlink wpfdlightbox wpfd_previewlink\" href=\"https:\/\/www.silvajardim.rj.gov.br\/wp-admin\/admin-ajax.php?juwpfisadmin=false&#038;action=wpfd&#038;task=file.download&#038;wpfd_category_id=323&#038;wpfd_file_id=12285&#038;token=&#038;preview=1\" target=\"\">Visualizar                            <i class=\"zmdi zmdi-filter-center-focus wpfd-preview\"><\/i>                        <\/a>                        <\/div>                    <\/div>                                    <div class=\"file\" style=\"margin : 10px 10px 10px 10px;\"                         data-id=\"12324\"                         data-catid=\"323\">                        <div class=\"filecontent\">                            <div class=\"ext ext-pdf\"><span class=\"txt\">pdf<\/div><h3><label class=\"wpfd_checkbox\"><input class=\"cbox_file_download\" type=\"checkbox\" data-id=\"12324\" \/><span><\/span><\/label><a href=\"https:\/\/www.silvajardim.rj.gov.br\/index.php\/download\/323\/decreto-covid-19\/12324\/decreto-no-2280-restricoes-do-lockdown-4.pdf\"  class=\"wpfd_downloadlink\" title=\"DECRETO N\u00ba 2280 - RESTRI\u00c7\u00d5ES DO LOCKDOWN\">DECRETO N\u00ba 2280 - RESTRI\u00c7\u00d5ES DO LOCKDOWN<\/a><\/h3>                            <div class=\"file-xinfo\">                                <div class=\"file-size\"><span>Tamanho:<\/span> 179.73 KB<\/div><div class=\"file-hits\"><span>Hits:<\/span> 533<\/div><div class=\"file-dated\"><span>Data de adi\u00e7\u00e3o<\/span> 28-01-2022<\/div>                            <\/div>                        <\/div>                        <div class=\"file-right\">                            <a class=\"downloadlink wpfd_downloadlink\"  href=\"https:\/\/www.silvajardim.rj.gov.br\/index.php\/download\/323\/decreto-covid-19\/12324\/decreto-no-2280-restricoes-do-lockdown-4.pdf\" style=\"background-color:#51d8ed;color:#06090a;\">Baixar<i class=\"zmdi zmdi-cloud-download wpfd-download\"><\/i><\/a><a class=\"openlink wpfdlightbox wpfd_previewlink\" href=\"https:\/\/www.silvajardim.rj.gov.br\/wp-admin\/admin-ajax.php?juwpfisadmin=false&#038;action=wpfd&#038;task=file.download&#038;wpfd_category_id=323&#038;wpfd_file_id=12324&#038;token=&#038;preview=1\" target=\"\">Visualizar                            <i class=\"zmdi zmdi-filter-center-focus wpfd-preview\"><\/i>                        <\/a>                        <\/div>                    <\/div>                                    <div class=\"file\" style=\"margin : 10px 10px 10px 10px;\"                         data-id=\"12322\"                         data-catid=\"323\">                        <div class=\"filecontent\">                            <div class=\"ext ext-pdf\"><span class=\"txt\">pdf<\/div><h3><label class=\"wpfd_checkbox\"><input class=\"cbox_file_download\" type=\"checkbox\" data-id=\"12322\" \/><span><\/span><\/label><a href=\"https:\/\/www.silvajardim.rj.gov.br\/index.php\/download\/323\/decreto-covid-19\/12322\/decreto-no-2275-medidas-de-prevencao-contra-o-covid-15-03-21-4.pdf\"  class=\"wpfd_downloadlink\" title=\"DECRETO N\u00ba 2275- Medidas de preven\u00e7\u00e3o contra o COVID - 15-03-21\">DECRETO N\u00ba 2275- Medidas de preven\u00e7\u00e3o contra o COVID - 15-03-21<\/a><\/h3>                            <div class=\"file-xinfo\">                                <div class=\"file-size\"><span>Tamanho:<\/span> 121.54 KB<\/div><div class=\"file-hits\"><span>Hits:<\/span> 520<\/div><div class=\"file-dated\"><span>Data de adi\u00e7\u00e3o<\/span> 28-01-2022<\/div>                            <\/div>                        <\/div>                        <div class=\"file-right\">                            <a class=\"downloadlink wpfd_downloadlink\"  href=\"https:\/\/www.silvajardim.rj.gov.br\/index.php\/download\/323\/decreto-covid-19\/12322\/decreto-no-2275-medidas-de-prevencao-contra-o-covid-15-03-21-4.pdf\" style=\"background-color:#51d8ed;color:#06090a;\">Baixar<i class=\"zmdi zmdi-cloud-download wpfd-download\"><\/i><\/a><a class=\"openlink wpfdlightbox wpfd_previewlink\" href=\"https:\/\/www.silvajardim.rj.gov.br\/wp-admin\/admin-ajax.php?juwpfisadmin=false&#038;action=wpfd&#038;task=file.download&#038;wpfd_category_id=323&#038;wpfd_file_id=12322&#038;token=&#038;preview=1\" target=\"\">Visualizar                            <i class=\"zmdi zmdi-filter-center-focus wpfd-preview\"><\/i>                        <\/a>                        <\/div>                    <\/div>                                    <div class=\"file\" style=\"margin : 10px 10px 10px 10px;\"                         data-id=\"12284\"                         data-catid=\"323\">                        <div class=\"filecontent\">                            <div class=\"ext ext-pdf\"><span class=\"txt\">pdf<\/div><h3><label class=\"wpfd_checkbox\"><input class=\"cbox_file_download\" type=\"checkbox\" data-id=\"12284\" \/><span><\/span><\/label><a href=\"https:\/\/www.silvajardim.rj.gov.br\/index.php\/download\/323\/decreto-covid-19\/12284\/decreto-no-2275-medidas-de-prevencao-contra-o-covid-15-03-21-3.pdf\"  class=\"wpfd_downloadlink\" title=\"DECRETO N\u00ba 2275- Medidas de preven\u00e7\u00e3o contra o COVID - 15-03-21\">DECRETO N\u00ba 2275- Medidas de preven\u00e7\u00e3o contra o COVID - 15-03-21<\/a><\/h3>                            <div class=\"file-xinfo\">                                <div class=\"file-size\"><span>Tamanho:<\/span> 121.54 KB<\/div><div class=\"file-hits\"><span>Hits:<\/span> 525<\/div><div class=\"file-dated\"><span>Data de adi\u00e7\u00e3o<\/span> 28-01-2022<\/div>                            <\/div>                        <\/div>                        <div class=\"file-right\">                            <a class=\"downloadlink wpfd_downloadlink\"  href=\"https:\/\/www.silvajardim.rj.gov.br\/index.php\/download\/323\/decreto-covid-19\/12284\/decreto-no-2275-medidas-de-prevencao-contra-o-covid-15-03-21-3.pdf\" style=\"background-color:#51d8ed;color:#06090a;\">Baixar<i class=\"zmdi zmdi-cloud-download wpfd-download\"><\/i><\/a><a class=\"openlink wpfdlightbox wpfd_previewlink\" href=\"https:\/\/www.silvajardim.rj.gov.br\/wp-admin\/admin-ajax.php?juwpfisadmin=false&#038;action=wpfd&#038;task=file.download&#038;wpfd_category_id=323&#038;wpfd_file_id=12284&#038;token=&#038;preview=1\" target=\"\">Visualizar                            <i class=\"zmdi zmdi-filter-center-focus wpfd-preview\"><\/i>                        <\/a>                        <\/div>                    <\/div>                                    <div class=\"file\" style=\"margin : 10px 10px 10px 10px;\"                         data-id=\"12282\"                         data-catid=\"323\">                        <div class=\"filecontent\">                            <div class=\"ext ext-pdf\"><span class=\"txt\">pdf<\/div><h3><label class=\"wpfd_checkbox\"><input class=\"cbox_file_download\" type=\"checkbox\" data-id=\"12282\" \/><span><\/span><\/label><a href=\"https:\/\/www.silvajardim.rj.gov.br\/index.php\/download\/323\/decreto-covid-19\/12282\/decreto-no-2272-proibicao-de-eventos-relacionados-ao-carnaval-e-ponto-facultativo-dias-15-e-17-3.pdf\"  class=\"wpfd_downloadlink\" title=\"DECRETO N\u00ba 2272 - Proibi\u00e7\u00e3o de eventos relacionados ao Carnaval e Ponto Facultativo dias 15 e 17\">DECRETO N\u00ba 2272 - Proibi\u00e7\u00e3o de eventos relacionados ao Carnaval e Ponto Facultativo dias 15 e 17<\/a><\/h3>                            <div class=\"file-xinfo\">                                <div class=\"file-size\"><span>Tamanho:<\/span> 204.85 KB<\/div><div class=\"file-hits\"><span>Hits:<\/span> 539<\/div><div class=\"file-dated\"><span>Data de adi\u00e7\u00e3o<\/span> 28-01-2022<\/div>                            <\/div>                        <\/div>                        <div class=\"file-right\">                            <a class=\"downloadlink wpfd_downloadlink\"  href=\"https:\/\/www.silvajardim.rj.gov.br\/index.php\/download\/323\/decreto-covid-19\/12282\/decreto-no-2272-proibicao-de-eventos-relacionados-ao-carnaval-e-ponto-facultativo-dias-15-e-17-3.pdf\" style=\"background-color:#51d8ed;color:#06090a;\">Baixar<i class=\"zmdi zmdi-cloud-download wpfd-download\"><\/i><\/a><a class=\"openlink wpfdlightbox wpfd_previewlink\" href=\"https:\/\/www.silvajardim.rj.gov.br\/wp-admin\/admin-ajax.php?juwpfisadmin=false&#038;action=wpfd&#038;task=file.download&#038;wpfd_category_id=323&#038;wpfd_file_id=12282&#038;token=&#038;preview=1\" target=\"\">Visualizar                            <i class=\"zmdi zmdi-filter-center-focus wpfd-preview\"><\/i>                        <\/a>                        <\/div>                    <\/div>                                    <div class=\"file\" style=\"margin : 10px 10px 10px 10px;\"                         data-id=\"12318\"                         data-catid=\"323\">                        <div class=\"filecontent\">                            <div class=\"ext ext-pdf\"><span class=\"txt\">pdf<\/div><h3><label class=\"wpfd_checkbox\"><input class=\"cbox_file_download\" type=\"checkbox\" data-id=\"12318\" \/><span><\/span><\/label><a href=\"https:\/\/www.silvajardim.rj.gov.br\/index.php\/download\/323\/decreto-covid-19\/12318\/decreto-no-2272-proibicao-de-eventos-relacionados-ao-carnaval-e-ponto-facultativo-dias-15-e-17-4.pdf\"  class=\"wpfd_downloadlink\" title=\"DECRETO N\u00ba 2272 - Proibi\u00e7\u00e3o de eventos relacionados ao Carnaval e Ponto Facultativo dias 15 e 17\">DECRETO N\u00ba 2272 - Proibi\u00e7\u00e3o de eventos relacionados ao Carnaval e Ponto Facultativo dias 15 e 17<\/a><\/h3>                            <div class=\"file-xinfo\">                                <div class=\"file-size\"><span>Tamanho:<\/span> 204.85 KB<\/div><div class=\"file-hits\"><span>Hits:<\/span> 489<\/div><div class=\"file-dated\"><span>Data de adi\u00e7\u00e3o<\/span> 28-01-2022<\/div>                            <\/div>                        <\/div>                        <div class=\"file-right\">                            <a class=\"downloadlink wpfd_downloadlink\"  href=\"https:\/\/www.silvajardim.rj.gov.br\/index.php\/download\/323\/decreto-covid-19\/12318\/decreto-no-2272-proibicao-de-eventos-relacionados-ao-carnaval-e-ponto-facultativo-dias-15-e-17-4.pdf\" style=\"background-color:#51d8ed;color:#06090a;\">Baixar<i class=\"zmdi zmdi-cloud-download wpfd-download\"><\/i><\/a><a class=\"openlink wpfdlightbox wpfd_previewlink\" href=\"https:\/\/www.silvajardim.rj.gov.br\/wp-admin\/admin-ajax.php?juwpfisadmin=false&#038;action=wpfd&#038;task=file.download&#038;wpfd_category_id=323&#038;wpfd_file_id=12318&#038;token=&#038;preview=1\" target=\"\">Visualizar                            <i class=\"zmdi zmdi-filter-center-focus wpfd-preview\"><\/i>                        <\/a>                        <\/div>                    <\/div>                                    <div class=\"file\" style=\"margin : 10px 10px 10px 10px;\"                         data-id=\"12320\"                         data-catid=\"323\">                        <div class=\"filecontent\">                            <div class=\"ext ext-pdf\"><span class=\"txt\">pdf<\/div><h3><label class=\"wpfd_checkbox\"><input class=\"cbox_file_download\" type=\"checkbox\" data-id=\"12320\" \/><span><\/span><\/label><a href=\"https:\/\/www.silvajardim.rj.gov.br\/index.php\/download\/323\/decreto-covid-19\/12320\/decreto-no-2269-medidas-de-prevencao-contra-o-covid-28-02-21-4.pdf\"  class=\"wpfd_downloadlink\" title=\"DECRETO N\u00ba 2269 - Medidas de preven\u00e7\u00e3o contra o COVID - 28-02-21\">DECRETO N\u00ba 2269 - Medidas de preven\u00e7\u00e3o contra o COVID - 28-02-21<\/a><\/h3>                            <div class=\"file-xinfo\">                                <div class=\"file-size\"><span>Tamanho:<\/span> 120.72 KB<\/div><div class=\"file-hits\"><span>Hits:<\/span> 493<\/div><div class=\"file-dated\"><span>Data de adi\u00e7\u00e3o<\/span> 28-01-2022<\/div>                            <\/div>                        <\/div>                        <div class=\"file-right\">                            <a class=\"downloadlink wpfd_downloadlink\"  href=\"https:\/\/www.silvajardim.rj.gov.br\/index.php\/download\/323\/decreto-covid-19\/12320\/decreto-no-2269-medidas-de-prevencao-contra-o-covid-28-02-21-4.pdf\" style=\"background-color:#51d8ed;color:#06090a;\">Baixar<i class=\"zmdi zmdi-cloud-download wpfd-download\"><\/i><\/a><a class=\"openlink wpfdlightbox wpfd_previewlink\" href=\"https:\/\/www.silvajardim.rj.gov.br\/wp-admin\/admin-ajax.php?juwpfisadmin=false&#038;action=wpfd&#038;task=file.download&#038;wpfd_category_id=323&#038;wpfd_file_id=12320&#038;token=&#038;preview=1\" target=\"\">Visualizar                            <i class=\"zmdi zmdi-filter-center-focus wpfd-preview\"><\/i>                        <\/a>                        <\/div>                    <\/div>                                    <div class=\"file\" style=\"margin : 10px 10px 10px 10px;\"                         data-id=\"12281\"                         data-catid=\"323\">                        <div class=\"filecontent\">                            <div class=\"ext ext-pdf\"><span class=\"txt\">pdf<\/div><h3><label class=\"wpfd_checkbox\"><input class=\"cbox_file_download\" type=\"checkbox\" data-id=\"12281\" \/><span><\/span><\/label><a href=\"https:\/\/www.silvajardim.rj.gov.br\/index.php\/download\/323\/decreto-covid-19\/12281\/decreto-no-2269-medidas-de-prevencao-contra-o-covid-28-02-21-3.pdf\"  class=\"wpfd_downloadlink\" title=\"DECRETO N\u00ba 2269 - Medidas de preven\u00e7\u00e3o contra o COVID - 28-02-21\">DECRETO N\u00ba 2269 - Medidas de preven\u00e7\u00e3o contra o COVID - 28-02-21<\/a><\/h3>                            <div class=\"file-xinfo\">                                <div class=\"file-size\"><span>Tamanho:<\/span> 120.72 KB<\/div><div class=\"file-hits\"><span>Hits:<\/span> 527<\/div><div class=\"file-dated\"><span>Data de adi\u00e7\u00e3o<\/span> 28-01-2022<\/div>                            <\/div>                        <\/div>                        <div class=\"file-right\">                            <a class=\"downloadlink wpfd_downloadlink\"  href=\"https:\/\/www.silvajardim.rj.gov.br\/index.php\/download\/323\/decreto-covid-19\/12281\/decreto-no-2269-medidas-de-prevencao-contra-o-covid-28-02-21-3.pdf\" style=\"background-color:#51d8ed;color:#06090a;\">Baixar<i class=\"zmdi zmdi-cloud-download wpfd-download\"><\/i><\/a><a class=\"openlink wpfdlightbox wpfd_previewlink\" href=\"https:\/\/www.silvajardim.rj.gov.br\/wp-admin\/admin-ajax.php?juwpfisadmin=false&#038;action=wpfd&#038;task=file.download&#038;wpfd_category_id=323&#038;wpfd_file_id=12281&#038;token=&#038;preview=1\" target=\"\">Visualizar                            <i class=\"zmdi zmdi-filter-center-focus wpfd-preview\"><\/i>                        <\/a>                        <\/div>                    <\/div>                                    <div class=\"file\" style=\"margin : 10px 10px 10px 10px;\"                         data-id=\"12317\"                         data-catid=\"323\">                        <div class=\"filecontent\">                            <div class=\"ext ext-pdf\"><span class=\"txt\">pdf<\/div><h3><label class=\"wpfd_checkbox\"><input class=\"cbox_file_download\" type=\"checkbox\" data-id=\"12317\" \/><span><\/span><\/label><a href=\"https:\/\/www.silvajardim.rj.gov.br\/index.php\/download\/323\/decreto-covid-19\/12317\/decreto-no-2265-medidas-de-prevencao-contra-o-covid-31-de-janeiro-4.pdf\"  class=\"wpfd_downloadlink\" title=\"DECRETO N\u00ba 2265 - Medidas de preven\u00e7\u00e3o contra o COVID - 31 de Janeiro\">DECRETO N\u00ba 2265 - Medidas de preven\u00e7\u00e3o contra o COVID - 31 de Janeiro<\/a><\/h3>                            <div class=\"file-xinfo\">                                <div class=\"file-size\"><span>Tamanho:<\/span> 121.34 KB<\/div><div class=\"file-hits\"><span>Hits:<\/span> 490<\/div><div class=\"file-dated\"><span>Data de adi\u00e7\u00e3o<\/span> 28-01-2022<\/div>                            <\/div>                        <\/div>                        <div class=\"file-right\">                            <a class=\"downloadlink wpfd_downloadlink\"  href=\"https:\/\/www.silvajardim.rj.gov.br\/index.php\/download\/323\/decreto-covid-19\/12317\/decreto-no-2265-medidas-de-prevencao-contra-o-covid-31-de-janeiro-4.pdf\" style=\"background-color:#51d8ed;color:#06090a;\">Baixar<i class=\"zmdi zmdi-cloud-download wpfd-download\"><\/i><\/a><a class=\"openlink wpfdlightbox wpfd_previewlink\" href=\"https:\/\/www.silvajardim.rj.gov.br\/wp-admin\/admin-ajax.php?juwpfisadmin=false&#038;action=wpfd&#038;task=file.download&#038;wpfd_category_id=323&#038;wpfd_file_id=12317&#038;token=&#038;preview=1\" target=\"\">Visualizar                            <i class=\"zmdi zmdi-filter-center-focus wpfd-preview\"><\/i>                        <\/a>                        <\/div>                    <\/div>                                    <div class=\"file\" style=\"margin : 10px 10px 10px 10px;\"                         data-id=\"12280\"                         data-catid=\"323\">                        <div class=\"filecontent\">                            <div class=\"ext ext-pdf\"><span class=\"txt\">pdf<\/div><h3><label class=\"wpfd_checkbox\"><input class=\"cbox_file_download\" type=\"checkbox\" data-id=\"12280\" \/><span><\/span><\/label><a href=\"https:\/\/www.silvajardim.rj.gov.br\/index.php\/download\/323\/decreto-covid-19\/12280\/decreto-no-2265-medidas-de-prevencao-contra-o-covid-31-de-janeiro-3.pdf\"  class=\"wpfd_downloadlink\" title=\"DECRETO N\u00ba 2265 - Medidas de preven\u00e7\u00e3o contra o COVID - 31 de Janeiro\">DECRETO N\u00ba 2265 - Medidas de preven\u00e7\u00e3o contra o COVID - 31 de Janeiro<\/a><\/h3>                            <div class=\"file-xinfo\">                                <div class=\"file-size\"><span>Tamanho:<\/span> 121.34 KB<\/div><div class=\"file-hits\"><span>Hits:<\/span> 525<\/div><div class=\"file-dated\"><span>Data de adi\u00e7\u00e3o<\/span> 28-01-2022<\/div>                            <\/div>                        <\/div>                        <div class=\"file-right\">                            <a class=\"downloadlink wpfd_downloadlink\"  href=\"https:\/\/www.silvajardim.rj.gov.br\/index.php\/download\/323\/decreto-covid-19\/12280\/decreto-no-2265-medidas-de-prevencao-contra-o-covid-31-de-janeiro-3.pdf\" style=\"background-color:#51d8ed;color:#06090a;\">Baixar<i class=\"zmdi zmdi-cloud-download wpfd-download\"><\/i><\/a><a class=\"openlink wpfdlightbox wpfd_previewlink\" href=\"https:\/\/www.silvajardim.rj.gov.br\/wp-admin\/admin-ajax.php?juwpfisadmin=false&#038;action=wpfd&#038;task=file.download&#038;wpfd_category_id=323&#038;wpfd_file_id=12280&#038;token=&#038;preview=1\" target=\"\">Visualizar                            <i class=\"zmdi zmdi-filter-center-focus wpfd-preview\"><\/i>                        <\/a>                        <\/div>                    <\/div>                                    <div class=\"file\" style=\"margin : 10px 10px 10px 10px;\"                         data-id=\"12319\"                         data-catid=\"323\">                        <div class=\"filecontent\">                            <div class=\"ext ext-pdf\"><span class=\"txt\">pdf<\/div><h3><label class=\"wpfd_checkbox\"><input class=\"cbox_file_download\" type=\"checkbox\" data-id=\"12319\" \/><span><\/span><\/label><a href=\"https:\/\/www.silvajardim.rj.gov.br\/index.php\/download\/323\/decreto-covid-19\/12319\/decreto-no-2259-prorrogacao-de-prazo-do-decreto-2218-covid-4.pdf\"  class=\"wpfd_downloadlink\" title=\"DECRETO N\u00ba 2259 - Prorroga\u00e7\u00e3o de prazo do Decreto 2218 - COVID\">DECRETO N\u00ba 2259 - Prorroga\u00e7\u00e3o de prazo do Decreto 2218 - COVID<\/a><\/h3>                            <div class=\"file-xinfo\">                                <div class=\"file-size\"><span>Tamanho:<\/span> 97.83 KB<\/div><div class=\"file-hits\"><span>Hits:<\/span> 498<\/div><div class=\"file-dated\"><span>Data de adi\u00e7\u00e3o<\/span> 28-01-2022<\/div>                            <\/div>                        <\/div>                        <div class=\"file-right\">                            <a class=\"downloadlink wpfd_downloadlink\"  href=\"https:\/\/www.silvajardim.rj.gov.br\/index.php\/download\/323\/decreto-covid-19\/12319\/decreto-no-2259-prorrogacao-de-prazo-do-decreto-2218-covid-4.pdf\" style=\"background-color:#51d8ed;color:#06090a;\">Baixar<i class=\"zmdi zmdi-cloud-download wpfd-download\"><\/i><\/a><a class=\"openlink wpfdlightbox wpfd_previewlink\" href=\"https:\/\/www.silvajardim.rj.gov.br\/wp-admin\/admin-ajax.php?juwpfisadmin=false&#038;action=wpfd&#038;task=file.download&#038;wpfd_category_id=323&#038;wpfd_file_id=12319&#038;token=&#038;preview=1\" target=\"\">Visualizar                            <i class=\"zmdi zmdi-filter-center-focus wpfd-preview\"><\/i>                        <\/a>                        <\/div>                    <\/div>                                    <div class=\"file\" style=\"margin : 10px 10px 10px 10px;\"                         data-id=\"12277\"                         data-catid=\"323\">                        <div class=\"filecontent\">                            <div class=\"ext ext-pdf\"><span class=\"txt\">pdf<\/div><h3><label class=\"wpfd_checkbox\"><input class=\"cbox_file_download\" type=\"checkbox\" data-id=\"12277\" \/><span><\/span><\/label><a href=\"https:\/\/www.silvajardim.rj.gov.br\/index.php\/download\/323\/decreto-covid-19\/12277\/decreto-no-2259-prorrogacao-de-prazo-do-decreto-2218-covid-3.pdf\"  class=\"wpfd_downloadlink\" title=\"DECRETO N\u00ba 2259 - Prorroga\u00e7\u00e3o de prazo do Decreto 2218 - COVID\">DECRETO N\u00ba 2259 - Prorroga\u00e7\u00e3o de prazo do Decreto 2218 - COVID<\/a><\/h3>                            <div class=\"file-xinfo\">                                <div class=\"file-size\"><span>Tamanho:<\/span> 97.83 KB<\/div><div class=\"file-hits\"><span>Hits:<\/span> 524<\/div><div class=\"file-dated\"><span>Data de adi\u00e7\u00e3o<\/span> 28-01-2022<\/div>                            <\/div>                        <\/div>                        <div class=\"file-right\">                            <a class=\"downloadlink wpfd_downloadlink\"  href=\"https:\/\/www.silvajardim.rj.gov.br\/index.php\/download\/323\/decreto-covid-19\/12277\/decreto-no-2259-prorrogacao-de-prazo-do-decreto-2218-covid-3.pdf\" style=\"background-color:#51d8ed;color:#06090a;\">Baixar<i class=\"zmdi zmdi-cloud-download wpfd-download\"><\/i><\/a><a class=\"openlink wpfdlightbox wpfd_previewlink\" href=\"https:\/\/www.silvajardim.rj.gov.br\/wp-admin\/admin-ajax.php?juwpfisadmin=false&#038;action=wpfd&#038;task=file.download&#038;wpfd_category_id=323&#038;wpfd_file_id=12277&#038;token=&#038;preview=1\" target=\"\">Visualizar                            <i class=\"zmdi zmdi-filter-center-focus wpfd-preview\"><\/i>                        <\/a>                        <\/div>                    <\/div>                                    <div class=\"file\" style=\"margin : 10px 10px 10px 10px;\"                         data-id=\"12276\"                         data-catid=\"323\">                        <div class=\"filecontent\">                            <div class=\"ext ext-pdf\"><span class=\"txt\">pdf<\/div><h3><label class=\"wpfd_checkbox\"><input class=\"cbox_file_download\" type=\"checkbox\" data-id=\"12276\" \/><span><\/span><\/label><a href=\"https:\/\/www.silvajardim.rj.gov.br\/index.php\/download\/323\/decreto-covid-19\/12276\/decreto-no-2240-prorrogacao-de-prazo-do-decreto-2218-covid-3.pdf\"  class=\"wpfd_downloadlink\" title=\"DECRETO N\u00ba 2240 - Prorroga\u00e7\u00e3o de prazo do Decreto 2218 - COVID\">DECRETO N\u00ba 2240 - Prorroga\u00e7\u00e3o de prazo do Decreto 2218 - COVID<\/a><\/h3>                            <div class=\"file-xinfo\">                                <div class=\"file-size\"><span>Tamanho:<\/span> 124.87 KB<\/div><div class=\"file-hits\"><span>Hits:<\/span> 487<\/div><div class=\"file-dated\"><span>Data de adi\u00e7\u00e3o<\/span> 28-01-2022<\/div>                            <\/div>                        <\/div>                        <div class=\"file-right\">                            <a class=\"downloadlink wpfd_downloadlink\"  href=\"https:\/\/www.silvajardim.rj.gov.br\/index.php\/download\/323\/decreto-covid-19\/12276\/decreto-no-2240-prorrogacao-de-prazo-do-decreto-2218-covid-3.pdf\" style=\"background-color:#51d8ed;color:#06090a;\">Baixar<i class=\"zmdi zmdi-cloud-download wpfd-download\"><\/i><\/a><a class=\"openlink wpfdlightbox wpfd_previewlink\" href=\"https:\/\/www.silvajardim.rj.gov.br\/wp-admin\/admin-ajax.php?juwpfisadmin=false&#038;action=wpfd&#038;task=file.download&#038;wpfd_category_id=323&#038;wpfd_file_id=12276&#038;token=&#038;preview=1\" target=\"\">Visualizar                            <i class=\"zmdi zmdi-filter-center-focus wpfd-preview\"><\/i>                        <\/a>                        <\/div>                    <\/div>                                    <div class=\"file\" style=\"margin : 10px 10px 10px 10px;\"                         data-id=\"12316\"                         data-catid=\"323\">                        <div class=\"filecontent\">                            <div class=\"ext ext-pdf\"><span class=\"txt\">pdf<\/div><h3><label class=\"wpfd_checkbox\"><input class=\"cbox_file_download\" type=\"checkbox\" data-id=\"12316\" \/><span><\/span><\/label><a href=\"https:\/\/www.silvajardim.rj.gov.br\/index.php\/download\/323\/decreto-covid-19\/12316\/decreto-no-2240-prorrogacao-de-prazo-do-decreto-2218-covid-4.pdf\"  class=\"wpfd_downloadlink\" title=\"DECRETO N\u00ba 2240 - Prorroga\u00e7\u00e3o de prazo do Decreto 2218 - COVID\">DECRETO N\u00ba 2240 - Prorroga\u00e7\u00e3o de prazo do Decreto 2218 - COVID<\/a><\/h3>                            <div class=\"file-xinfo\">                                <div class=\"file-size\"><span>Tamanho:<\/span> 124.87 KB<\/div><div class=\"file-hits\"><span>Hits:<\/span> 488<\/div><div class=\"file-dated\"><span>Data de adi\u00e7\u00e3o<\/span> 28-01-2022<\/div>                            <\/div>                        <\/div>                        <div class=\"file-right\">                            <a class=\"downloadlink wpfd_downloadlink\"  href=\"https:\/\/www.silvajardim.rj.gov.br\/index.php\/download\/323\/decreto-covid-19\/12316\/decreto-no-2240-prorrogacao-de-prazo-do-decreto-2218-covid-4.pdf\" style=\"background-color:#51d8ed;color:#06090a;\">Baixar<i class=\"zmdi zmdi-cloud-download wpfd-download\"><\/i><\/a><a class=\"openlink wpfdlightbox wpfd_previewlink\" href=\"https:\/\/www.silvajardim.rj.gov.br\/wp-admin\/admin-ajax.php?juwpfisadmin=false&#038;action=wpfd&#038;task=file.download&#038;wpfd_category_id=323&#038;wpfd_file_id=12316&#038;token=&#038;preview=1\" target=\"\">Visualizar                            <i class=\"zmdi zmdi-filter-center-focus wpfd-preview\"><\/i>                        <\/a>                        <\/div>                    <\/div>                                    <div class=\"file\" style=\"margin : 10px 10px 10px 10px;\"                         data-id=\"12321\"                         data-catid=\"323\">                        <div class=\"filecontent\">                            <div class=\"ext ext-pdf\"><span class=\"txt\">pdf<\/div><h3><label class=\"wpfd_checkbox\"><input class=\"cbox_file_download\" type=\"checkbox\" data-id=\"12321\" \/><span><\/span><\/label><a href=\"https:\/\/www.silvajardim.rj.gov.br\/index.php\/download\/323\/decreto-covid-19\/12321\/decreto-no-2231-extraordinario-covid-19-4.pdf\"  class=\"wpfd_downloadlink\" title=\"DECRETO N\u00ba 2231  - EXTRAORDIN\u00c1RIO COVID 19\">DECRETO N\u00ba 2231  - EXTRAORDIN\u00c1RIO COVID 19<\/a><\/h3>                            <div class=\"file-xinfo\">                                <div class=\"file-size\"><span>Tamanho:<\/span> 150.04 KB<\/div><div class=\"file-hits\"><span>Hits:<\/span> 546<\/div><div class=\"file-dated\"><span>Data de adi\u00e7\u00e3o<\/span> 28-01-2022<\/div>                            <\/div>                        <\/div>                        <div class=\"file-right\">                            <a class=\"downloadlink wpfd_downloadlink\"  href=\"https:\/\/www.silvajardim.rj.gov.br\/index.php\/download\/323\/decreto-covid-19\/12321\/decreto-no-2231-extraordinario-covid-19-4.pdf\" style=\"background-color:#51d8ed;color:#06090a;\">Baixar<i class=\"zmdi zmdi-cloud-download wpfd-download\"><\/i><\/a><a class=\"openlink wpfdlightbox wpfd_previewlink\" href=\"https:\/\/www.silvajardim.rj.gov.br\/wp-admin\/admin-ajax.php?juwpfisadmin=false&#038;action=wpfd&#038;task=file.download&#038;wpfd_category_id=323&#038;wpfd_file_id=12321&#038;token=&#038;preview=1\" target=\"\">Visualizar                            <i class=\"zmdi zmdi-filter-center-focus wpfd-preview\"><\/i>                        <\/a>                        <\/div>                    <\/div>                                    <div class=\"file\" style=\"margin : 10px 10px 10px 10px;\"                         data-id=\"12278\"                         data-catid=\"323\">                        <div class=\"filecontent\">                            <div class=\"ext ext-pdf\"><span class=\"txt\">pdf<\/div><h3><label class=\"wpfd_checkbox\"><input class=\"cbox_file_download\" type=\"checkbox\" data-id=\"12278\" \/><span><\/span><\/label><a href=\"https:\/\/www.silvajardim.rj.gov.br\/index.php\/download\/323\/decreto-covid-19\/12278\/decreto-no-2231-extraordinario-covid-19-3.pdf\"  class=\"wpfd_downloadlink\" title=\"DECRETO N\u00ba 2231  - EXTRAORDIN\u00c1RIO COVID 19\">DECRETO N\u00ba 2231  - EXTRAORDIN\u00c1RIO COVID 19<\/a><\/h3>                            <div class=\"file-xinfo\">                                <div class=\"file-size\"><span>Tamanho:<\/span> 150.04 KB<\/div><div class=\"file-hits\"><span>Hits:<\/span> 504<\/div><div class=\"file-dated\"><span>Data de adi\u00e7\u00e3o<\/span> 28-01-2022<\/div>                            <\/div>                        <\/div>                        <div class=\"file-right\">                            <a class=\"downloadlink wpfd_downloadlink\"  href=\"https:\/\/www.silvajardim.rj.gov.br\/index.php\/download\/323\/decreto-covid-19\/12278\/decreto-no-2231-extraordinario-covid-19-3.pdf\" style=\"background-color:#51d8ed;color:#06090a;\">Baixar<i class=\"zmdi zmdi-cloud-download wpfd-download\"><\/i><\/a><a class=\"openlink wpfdlightbox wpfd_previewlink\" href=\"https:\/\/www.silvajardim.rj.gov.br\/wp-admin\/admin-ajax.php?juwpfisadmin=false&#038;action=wpfd&#038;task=file.download&#038;wpfd_category_id=323&#038;wpfd_file_id=12278&#038;token=&#038;preview=1\" target=\"\">Visualizar                            <i class=\"zmdi zmdi-filter-center-focus wpfd-preview\"><\/i>                        <\/a>                        <\/div>                    <\/div>                                    <div class=\"file\" style=\"margin : 10px 10px 10px 10px;\"                         data-id=\"12279\"                         data-catid=\"323\">                        <div class=\"filecontent\">                            <div class=\"ext ext-pdf\"><span class=\"txt\">pdf<\/div><h3><label class=\"wpfd_checkbox\"><input class=\"cbox_file_download\" type=\"checkbox\" data-id=\"12279\" \/><span><\/span><\/label><a href=\"https:\/\/www.silvajardim.rj.gov.br\/index.php\/download\/323\/decreto-covid-19\/12279\/decreto-no-2230-extraordinario-covid-19-sm-3.pdf\"  class=\"wpfd_downloadlink\" title=\"DECRETO N\u00ba 2230 - EXTRAORDIN\u00c1RIO COVID 19 - SM\">DECRETO N\u00ba 2230 - EXTRAORDIN\u00c1RIO COVID 19 - SM<\/a><\/h3>                            <div class=\"file-xinfo\">                                <div class=\"file-size\"><span>Tamanho:<\/span> 185.21 KB<\/div><div class=\"file-hits\"><span>Hits:<\/span> 504<\/div><div class=\"file-dated\"><span>Data de adi\u00e7\u00e3o<\/span> 28-01-2022<\/div>                            <\/div>                        <\/div>                        <div class=\"file-right\">                            <a class=\"downloadlink wpfd_downloadlink\"  href=\"https:\/\/www.silvajardim.rj.gov.br\/index.php\/download\/323\/decreto-covid-19\/12279\/decreto-no-2230-extraordinario-covid-19-sm-3.pdf\" style=\"background-color:#51d8ed;color:#06090a;\">Baixar<i class=\"zmdi zmdi-cloud-download wpfd-download\"><\/i><\/a><a class=\"openlink wpfdlightbox wpfd_previewlink\" href=\"https:\/\/www.silvajardim.rj.gov.br\/wp-admin\/admin-ajax.php?juwpfisadmin=false&#038;action=wpfd&#038;task=file.download&#038;wpfd_category_id=323&#038;wpfd_file_id=12279&#038;token=&#038;preview=1\" target=\"\">Visualizar                            <i class=\"zmdi zmdi-filter-center-focus wpfd-preview\"><\/i>                        <\/a>                        <\/div>                    <\/div>                                    <div class=\"file\" style=\"margin : 10px 10px 10px 10px;\"                         data-id=\"12315\"                         data-catid=\"323\">                        <div class=\"filecontent\">                            <div class=\"ext ext-pdf\"><span class=\"txt\">pdf<\/div><h3><label class=\"wpfd_checkbox\"><input class=\"cbox_file_download\" type=\"checkbox\" data-id=\"12315\" \/><span><\/span><\/label><a href=\"https:\/\/www.silvajardim.rj.gov.br\/index.php\/download\/323\/decreto-covid-19\/12315\/decreto-no-2230-extraordinario-covid-19-sm-4.pdf\"  class=\"wpfd_downloadlink\" title=\"DECRETO N\u00ba 2230 - EXTRAORDIN\u00c1RIO COVID 19 - SM\">DECRETO N\u00ba 2230 - EXTRAORDIN\u00c1RIO COVID 19 - SM<\/a><\/h3>                            <div class=\"file-xinfo\">                                <div class=\"file-size\"><span>Tamanho:<\/span> 185.21 KB<\/div><div class=\"file-hits\"><span>Hits:<\/span> 527<\/div><div class=\"file-dated\"><span>Data de adi\u00e7\u00e3o<\/span> 28-01-2022<\/div>                            <\/div>                        <\/div>                        <div class=\"file-right\">                            <a class=\"downloadlink wpfd_downloadlink\"  href=\"https:\/\/www.silvajardim.rj.gov.br\/index.php\/download\/323\/decreto-covid-19\/12315\/decreto-no-2230-extraordinario-covid-19-sm-4.pdf\" style=\"background-color:#51d8ed;color:#06090a;\">Baixar<i class=\"zmdi zmdi-cloud-download wpfd-download\"><\/i><\/a><a class=\"openlink wpfdlightbox wpfd_previewlink\" href=\"https:\/\/www.silvajardim.rj.gov.br\/wp-admin\/admin-ajax.php?juwpfisadmin=false&#038;action=wpfd&#038;task=file.download&#038;wpfd_category_id=323&#038;wpfd_file_id=12315&#038;token=&#038;preview=1\" target=\"\">Visualizar                            <i class=\"zmdi zmdi-filter-center-focus wpfd-preview\"><\/i>                        <\/a>                        <\/div>                    <\/div>                                    <div class=\"file\" style=\"margin : 10px 10px 10px 10px;\"                         data-id=\"12275\"                         data-catid=\"323\">                        <div class=\"filecontent\">                            <div class=\"ext ext-pdf\"><span class=\"txt\">pdf<\/div><h3><label class=\"wpfd_checkbox\"><input class=\"cbox_file_download\" type=\"checkbox\" data-id=\"12275\" \/><span><\/span><\/label><a href=\"https:\/\/www.silvajardim.rj.gov.br\/index.php\/download\/323\/decreto-covid-19\/12275\/decreto-no-2218-dispoe-sobre-a-alteracao-e-manutencao-das-medidas-temporarias-para-prevencao-ao-novo-coronaviruscovid-19-2.pdf\"  class=\"wpfd_downloadlink\" title=\"DECRETO N\u00ba 2218 - DISP\u00d5E SOBRE A ALTERA\u00c7\u00c3O E MANUTEN\u00c7\u00c3O DAS MEDIDAS TEMPOR\u00c1RIAS PARA PREVEN\u00c7\u00c3O AO NOVO CORONAV\u00cdRUS(COVID-19)\">DECRETO N\u00ba 2218 - DISP\u00d5E SOBRE A ALTERA\u00c7\u00c3O E MANUTEN\u00c7\u00c3O DAS MEDIDAS TEMPOR\u00c1RIAS PARA PREVEN\u00c7\u00c3O AO NOVO CORONAV\u00cdRUS(COVID-19)<\/a><\/h3>                            <div class=\"file-xinfo\">                                <div class=\"file-size\"><span>Tamanho:<\/span> 200.04 KB<\/div><div class=\"file-hits\"><span>Hits:<\/span> 519<\/div><div class=\"file-dated\"><span>Data de adi\u00e7\u00e3o<\/span> 28-01-2022<\/div>                            <\/div>                        <\/div>                        <div class=\"file-right\">                            <a class=\"downloadlink wpfd_downloadlink\"  href=\"https:\/\/www.silvajardim.rj.gov.br\/index.php\/download\/323\/decreto-covid-19\/12275\/decreto-no-2218-dispoe-sobre-a-alteracao-e-manutencao-das-medidas-temporarias-para-prevencao-ao-novo-coronaviruscovid-19-2.pdf\" style=\"background-color:#51d8ed;color:#06090a;\">Baixar<i class=\"zmdi zmdi-cloud-download wpfd-download\"><\/i><\/a><a class=\"openlink wpfdlightbox wpfd_previewlink\" href=\"https:\/\/www.silvajardim.rj.gov.br\/wp-admin\/admin-ajax.php?juwpfisadmin=false&#038;action=wpfd&#038;task=file.download&#038;wpfd_category_id=323&#038;wpfd_file_id=12275&#038;token=&#038;preview=1\" target=\"\">Visualizar                            <i class=\"zmdi zmdi-filter-center-focus wpfd-preview\"><\/i>                        <\/a>                        <\/div>                    <\/div>                                    <div class=\"file\" style=\"margin : 10px 10px 10px 10px;\"                         data-id=\"12314\"                         data-catid=\"323\">                        <div class=\"filecontent\">                            <div class=\"ext ext-pdf\"><span class=\"txt\">pdf<\/div><h3><label class=\"wpfd_checkbox\"><input class=\"cbox_file_download\" type=\"checkbox\" data-id=\"12314\" \/><span><\/span><\/label><a href=\"https:\/\/www.silvajardim.rj.gov.br\/index.php\/download\/323\/decreto-covid-19\/12314\/decreto-no-2218-dispoe-sobre-a-alteracao-e-manutencao-das-medidas-temporarias-para-prevencao-ao-novo-coronaviruscovid-19-3.pdf\"  class=\"wpfd_downloadlink\" title=\"DECRETO N\u00ba 2218 - DISP\u00d5E SOBRE A ALTERA\u00c7\u00c3O E MANUTEN\u00c7\u00c3O DAS MEDIDAS TEMPOR\u00c1RIAS PARA PREVEN\u00c7\u00c3O AO NOVO CORONAV\u00cdRUS(COVID-19)\">DECRETO N\u00ba 2218 - DISP\u00d5E SOBRE A ALTERA\u00c7\u00c3O E MANUTEN\u00c7\u00c3O DAS MEDIDAS TEMPOR\u00c1RIAS PARA PREVEN\u00c7\u00c3O AO NOVO CORONAV\u00cdRUS(COVID-19)<\/a><\/h3>                            <div class=\"file-xinfo\">                                <div class=\"file-size\"><span>Tamanho:<\/span> 200.04 KB<\/div><div class=\"file-hits\"><span>Hits:<\/span> 494<\/div><div class=\"file-dated\"><span>Data de adi\u00e7\u00e3o<\/span> 28-01-2022<\/div>                            <\/div>                        <\/div>                        <div class=\"file-right\">                            <a class=\"downloadlink wpfd_downloadlink\"  href=\"https:\/\/www.silvajardim.rj.gov.br\/index.php\/download\/323\/decreto-covid-19\/12314\/decreto-no-2218-dispoe-sobre-a-alteracao-e-manutencao-das-medidas-temporarias-para-prevencao-ao-novo-coronaviruscovid-19-3.pdf\" style=\"background-color:#51d8ed;color:#06090a;\">Baixar<i class=\"zmdi zmdi-cloud-download wpfd-download\"><\/i><\/a><a class=\"openlink wpfdlightbox wpfd_previewlink\" href=\"https:\/\/www.silvajardim.rj.gov.br\/wp-admin\/admin-ajax.php?juwpfisadmin=false&#038;action=wpfd&#038;task=file.download&#038;wpfd_category_id=323&#038;wpfd_file_id=12314&#038;token=&#038;preview=1\" target=\"\">Visualizar                            <i class=\"zmdi zmdi-filter-center-focus wpfd-preview\"><\/i>                        <\/a>                        <\/div>                    <\/div>                                    <div class=\"file\" style=\"margin : 10px 10px 10px 10px;\"                         data-id=\"12274\"                         data-catid=\"323\">                        <div class=\"filecontent\">                            <div class=\"ext ext-pdf\"><span class=\"txt\">pdf<\/div><h3><label class=\"wpfd_checkbox\"><input class=\"cbox_file_download\" type=\"checkbox\" data-id=\"12274\" \/><span><\/span><\/label><a href=\"https:\/\/www.silvajardim.rj.gov.br\/index.php\/download\/323\/decreto-covid-19\/12274\/decreto-no-2210-alteracao-e-manutencao-das-medidas-temporarias-de-enfrentamento-ao-novo-coronavirus-2.pdf\"  class=\"wpfd_downloadlink\" title=\"DECRETO N\u00ba 2210 - ALTERA\u00c7\u00c3O E MANUTEN\u00c7\u00c3O DAS MEDIDAS TEMPOR\u00c1RIAS DE ENFRENTAMENTO AO NOVO CORONAV\u00cdRUS\">DECRETO N\u00ba 2210 - ALTERA\u00c7\u00c3O E MANUTEN\u00c7\u00c3O DAS MEDIDAS TEMPOR\u00c1RIAS DE ENFRENTAMENTO AO NOVO CORONAV\u00cdRUS<\/a><\/h3>                            <div class=\"file-xinfo\">                                <div class=\"file-size\"><span>Tamanho:<\/span> 412.42 KB<\/div><div class=\"file-hits\"><span>Hits:<\/span> 495<\/div><div class=\"file-dated\"><span>Data de adi\u00e7\u00e3o<\/span> 28-01-2022<\/div>                            <\/div>                        <\/div>                        <div class=\"file-right\">                            <a class=\"downloadlink wpfd_downloadlink\"  href=\"https:\/\/www.silvajardim.rj.gov.br\/index.php\/download\/323\/decreto-covid-19\/12274\/decreto-no-2210-alteracao-e-manutencao-das-medidas-temporarias-de-enfrentamento-ao-novo-coronavirus-2.pdf\" style=\"background-color:#51d8ed;color:#06090a;\">Baixar<i class=\"zmdi zmdi-cloud-download wpfd-download\"><\/i><\/a><a class=\"openlink wpfdlightbox wpfd_previewlink\" href=\"https:\/\/www.silvajardim.rj.gov.br\/wp-admin\/admin-ajax.php?juwpfisadmin=false&#038;action=wpfd&#038;task=file.download&#038;wpfd_category_id=323&#038;wpfd_file_id=12274&#038;token=&#038;preview=1\" target=\"\">Visualizar                            <i class=\"zmdi zmdi-filter-center-focus wpfd-preview\"><\/i>                        <\/a>                        <\/div>                    <\/div>                                    <div class=\"file\" style=\"margin : 10px 10px 10px 10px;\"                         data-id=\"12311\"                         data-catid=\"323\">                        <div class=\"filecontent\">                            <div class=\"ext ext-pdf\"><span class=\"txt\">pdf<\/div><h3><label class=\"wpfd_checkbox\"><input class=\"cbox_file_download\" type=\"checkbox\" data-id=\"12311\" \/><span><\/span><\/label><a href=\"https:\/\/www.silvajardim.rj.gov.br\/index.php\/download\/323\/decreto-covid-19\/12311\/decreto-no-2210-alteracao-e-manutencao-das-medidas-temporarias-de-enfrentamento-ao-novo-coronavirus-3.pdf\"  class=\"wpfd_downloadlink\" title=\"DECRETO N\u00ba 2210 - ALTERA\u00c7\u00c3O E MANUTEN\u00c7\u00c3O DAS MEDIDAS TEMPOR\u00c1RIAS DE ENFRENTAMENTO AO NOVO CORONAV\u00cdRUS\">DECRETO N\u00ba 2210 - ALTERA\u00c7\u00c3O E MANUTEN\u00c7\u00c3O DAS MEDIDAS TEMPOR\u00c1RIAS DE ENFRENTAMENTO AO NOVO CORONAV\u00cdRUS<\/a><\/h3>                            <div class=\"file-xinfo\">                                <div class=\"file-size\"><span>Tamanho:<\/span> 412.42 KB<\/div><div class=\"file-hits\"><span>Hits:<\/span> 480<\/div><div class=\"file-dated\"><span>Data de adi\u00e7\u00e3o<\/span> 28-01-2022<\/div>                            <\/div>                        <\/div>                        <div class=\"file-right\">                            <a class=\"downloadlink wpfd_downloadlink\"  href=\"https:\/\/www.silvajardim.rj.gov.br\/index.php\/download\/323\/decreto-covid-19\/12311\/decreto-no-2210-alteracao-e-manutencao-das-medidas-temporarias-de-enfrentamento-ao-novo-coronavirus-3.pdf\" style=\"background-color:#51d8ed;color:#06090a;\">Baixar<i class=\"zmdi zmdi-cloud-download wpfd-download\"><\/i><\/a><a class=\"openlink wpfdlightbox wpfd_previewlink\" href=\"https:\/\/www.silvajardim.rj.gov.br\/wp-admin\/admin-ajax.php?juwpfisadmin=false&#038;action=wpfd&#038;task=file.download&#038;wpfd_category_id=323&#038;wpfd_file_id=12311&#038;token=&#038;preview=1\" target=\"\">Visualizar                            <i class=\"zmdi zmdi-filter-center-focus wpfd-preview\"><\/i>                        <\/a>                        <\/div>                    <\/div>                                    <div class=\"file\" style=\"margin : 10px 10px 10px 10px;\"                         data-id=\"12271\"                         data-catid=\"323\">                        <div class=\"filecontent\">                            <div class=\"ext ext-pdf\"><span class=\"txt\">pdf<\/div><h3><label class=\"wpfd_checkbox\"><input class=\"cbox_file_download\" type=\"checkbox\" data-id=\"12271\" \/><span><\/span><\/label><a href=\"https:\/\/www.silvajardim.rj.gov.br\/index.php\/download\/323\/decreto-covid-19\/12271\/decreto-no-2204-credito-extraordinario-covid-19-2.pdf\"  class=\"wpfd_downloadlink\" title=\"DECRETO N\u00ba 2204 - CR\u00c9DITO EXTRAORDIN\u00c1RIO COVID 19\">DECRETO N\u00ba 2204 - CR\u00c9DITO EXTRAORDIN\u00c1RIO COVID 19<\/a><\/h3>                            <div class=\"file-xinfo\">                                <div class=\"file-size\"><span>Tamanho:<\/span> 167.27 KB<\/div><div class=\"file-hits\"><span>Hits:<\/span> 497<\/div><div class=\"file-dated\"><span>Data de adi\u00e7\u00e3o<\/span> 28-01-2022<\/div>                            <\/div>                        <\/div>                        <div class=\"file-right\">                            <a class=\"downloadlink wpfd_downloadlink\"  href=\"https:\/\/www.silvajardim.rj.gov.br\/index.php\/download\/323\/decreto-covid-19\/12271\/decreto-no-2204-credito-extraordinario-covid-19-2.pdf\" style=\"background-color:#51d8ed;color:#06090a;\">Baixar<i class=\"zmdi zmdi-cloud-download wpfd-download\"><\/i><\/a><a class=\"openlink wpfdlightbox wpfd_previewlink\" href=\"https:\/\/www.silvajardim.rj.gov.br\/wp-admin\/admin-ajax.php?juwpfisadmin=false&#038;action=wpfd&#038;task=file.download&#038;wpfd_category_id=323&#038;wpfd_file_id=12271&#038;token=&#038;preview=1\" target=\"\">Visualizar                            <i class=\"zmdi zmdi-filter-center-focus wpfd-preview\"><\/i>                        <\/a>                        <\/div>                    <\/div>                                    <div class=\"file\" style=\"margin : 10px 10px 10px 10px;\"                         data-id=\"12313\"                         data-catid=\"323\">                        <div class=\"filecontent\">                            <div class=\"ext ext-pdf\"><span class=\"txt\">pdf<\/div><h3><label class=\"wpfd_checkbox\"><input class=\"cbox_file_download\" type=\"checkbox\" data-id=\"12313\" \/><span><\/span><\/label><a href=\"https:\/\/www.silvajardim.rj.gov.br\/index.php\/download\/323\/decreto-covid-19\/12313\/decreto-no-2204-credito-extraordinario-covid-19-3.pdf\"  class=\"wpfd_downloadlink\" title=\"DECRETO N\u00ba 2204 - CR\u00c9DITO EXTRAORDIN\u00c1RIO COVID 19\">DECRETO N\u00ba 2204 - CR\u00c9DITO EXTRAORDIN\u00c1RIO COVID 19<\/a><\/h3>                            <div class=\"file-xinfo\">                                <div class=\"file-size\"><span>Tamanho:<\/span> 167.27 KB<\/div><div class=\"file-hits\"><span>Hits:<\/span> 515<\/div><div class=\"file-dated\"><span>Data de adi\u00e7\u00e3o<\/span> 28-01-2022<\/div>                            <\/div>                        <\/div>                        <div class=\"file-right\">                            <a class=\"downloadlink wpfd_downloadlink\"  href=\"https:\/\/www.silvajardim.rj.gov.br\/index.php\/download\/323\/decreto-covid-19\/12313\/decreto-no-2204-credito-extraordinario-covid-19-3.pdf\" style=\"background-color:#51d8ed;color:#06090a;\">Baixar<i class=\"zmdi zmdi-cloud-download wpfd-download\"><\/i><\/a><a class=\"openlink wpfdlightbox wpfd_previewlink\" href=\"https:\/\/www.silvajardim.rj.gov.br\/wp-admin\/admin-ajax.php?juwpfisadmin=false&#038;action=wpfd&#038;task=file.download&#038;wpfd_category_id=323&#038;wpfd_file_id=12313&#038;token=&#038;preview=1\" target=\"\">Visualizar                            <i class=\"zmdi zmdi-filter-center-focus wpfd-preview\"><\/i>                        <\/a>                        <\/div>                    <\/div>                                    <div class=\"file\" style=\"margin : 10px 10px 10px 10px;\"                         data-id=\"12312\"                         data-catid=\"323\">                        <div class=\"filecontent\">                            <div class=\"ext ext-pdf\"><span class=\"txt\">pdf<\/div><h3><label class=\"wpfd_checkbox\"><input class=\"cbox_file_download\" type=\"checkbox\" data-id=\"12312\" \/><span><\/span><\/label><a href=\"https:\/\/www.silvajardim.rj.gov.br\/index.php\/download\/323\/decreto-covid-19\/12312\/decreto-no-2201-prorrogacao-das-medidas-temporarias-de-prevencao-ao-contagio-pelo-covid-3.pdf\"  class=\"wpfd_downloadlink\" title=\"DECRETO N\u00ba 2201 - PRORROGA\u00c7\u00c3O DAS MEDIDAS TEMPOR\u00c1RIAS DE PREVEN\u00c7\u00c3O AO CONT\u00c1GIO PELO COVID\">DECRETO N\u00ba 2201 - PRORROGA\u00c7\u00c3O DAS MEDIDAS TEMPOR\u00c1RIAS DE PREVEN\u00c7\u00c3O AO CONT\u00c1GIO PELO COVID<\/a><\/h3>                            <div class=\"file-xinfo\">                                <div class=\"file-size\"><span>Tamanho:<\/span> 87.65 KB<\/div><div class=\"file-hits\"><span>Hits:<\/span> 527<\/div><div class=\"file-dated\"><span>Data de adi\u00e7\u00e3o<\/span> 28-01-2022<\/div>                            <\/div>                        <\/div>                        <div class=\"file-right\">                            <a class=\"downloadlink wpfd_downloadlink\"  href=\"https:\/\/www.silvajardim.rj.gov.br\/index.php\/download\/323\/decreto-covid-19\/12312\/decreto-no-2201-prorrogacao-das-medidas-temporarias-de-prevencao-ao-contagio-pelo-covid-3.pdf\" style=\"background-color:#51d8ed;color:#06090a;\">Baixar<i class=\"zmdi zmdi-cloud-download wpfd-download\"><\/i><\/a><a class=\"openlink wpfdlightbox wpfd_previewlink\" href=\"https:\/\/www.silvajardim.rj.gov.br\/wp-admin\/admin-ajax.php?juwpfisadmin=false&#038;action=wpfd&#038;task=file.download&#038;wpfd_category_id=323&#038;wpfd_file_id=12312&#038;token=&#038;preview=1\" target=\"\">Visualizar                            <i class=\"zmdi zmdi-filter-center-focus wpfd-preview\"><\/i>                        <\/a>                        <\/div>                    <\/div>                                    <div class=\"file\" style=\"margin : 10px 10px 10px 10px;\"                         data-id=\"12272\"                         data-catid=\"323\">                        <div class=\"filecontent\">                            <div class=\"ext ext-pdf\"><span class=\"txt\">pdf<\/div><h3><label class=\"wpfd_checkbox\"><input class=\"cbox_file_download\" type=\"checkbox\" data-id=\"12272\" \/><span><\/span><\/label><a href=\"https:\/\/www.silvajardim.rj.gov.br\/index.php\/download\/323\/decreto-covid-19\/12272\/decreto-no-2201-prorrogacao-das-medidas-temporarias-de-prevencao-ao-contagio-pelo-covid-2.pdf\"  class=\"wpfd_downloadlink\" title=\"DECRETO N\u00ba 2201 - PRORROGA\u00c7\u00c3O DAS MEDIDAS TEMPOR\u00c1RIAS DE PREVEN\u00c7\u00c3O AO CONT\u00c1GIO PELO COVID\">DECRETO N\u00ba 2201 - PRORROGA\u00c7\u00c3O DAS MEDIDAS TEMPOR\u00c1RIAS DE PREVEN\u00c7\u00c3O AO CONT\u00c1GIO PELO COVID<\/a><\/h3>                            <div class=\"file-xinfo\">                                <div class=\"file-size\"><span>Tamanho:<\/span> 87.65 KB<\/div><div class=\"file-hits\"><span>Hits:<\/span> 507<\/div><div class=\"file-dated\"><span>Data de adi\u00e7\u00e3o<\/span> 28-01-2022<\/div>                            <\/div>                        <\/div>                        <div class=\"file-right\">                            <a class=\"downloadlink wpfd_downloadlink\"  href=\"https:\/\/www.silvajardim.rj.gov.br\/index.php\/download\/323\/decreto-covid-19\/12272\/decreto-no-2201-prorrogacao-das-medidas-temporarias-de-prevencao-ao-contagio-pelo-covid-2.pdf\" style=\"background-color:#51d8ed;color:#06090a;\">Baixar<i class=\"zmdi zmdi-cloud-download wpfd-download\"><\/i><\/a><a class=\"openlink wpfdlightbox wpfd_previewlink\" href=\"https:\/\/www.silvajardim.rj.gov.br\/wp-admin\/admin-ajax.php?juwpfisadmin=false&#038;action=wpfd&#038;task=file.download&#038;wpfd_category_id=323&#038;wpfd_file_id=12272&#038;token=&#038;preview=1\" target=\"\">Visualizar                            <i class=\"zmdi zmdi-filter-center-focus wpfd-preview\"><\/i>                        <\/a>                        <\/div>                    <\/div>                                    <div class=\"file\" style=\"margin : 10px 10px 10px 10px;\"                         data-id=\"12268\"                         data-catid=\"323\">                        <div class=\"filecontent\">                            <div class=\"ext ext-pdf\"><span class=\"txt\">pdf<\/div><h3><label class=\"wpfd_checkbox\"><input class=\"cbox_file_download\" type=\"checkbox\" data-id=\"12268\" \/><span><\/span><\/label><a href=\"https:\/\/www.silvajardim.rj.gov.br\/index.php\/download\/323\/decreto-covid-19\/12268\/decreto-no-2193-estende-as-medidas-de-flexibilizacao-decorrente-do-novo-coronavirus-2.pdf\"  class=\"wpfd_downloadlink\" title=\"DECRETO N\u00ba 2193 - ESTENDE AS MEDIDAS DE FLEXIBILIZA\u00c7\u00c3O DECORRENTE DO NOVO CORONAV\u00cdRUS\">DECRETO N\u00ba 2193 - ESTENDE AS MEDIDAS DE FLEXIBILIZA\u00c7\u00c3O DECORRENTE DO NOVO CORONAV\u00cdRUS<\/a><\/h3>                            <div class=\"file-xinfo\">                                <div class=\"file-size\"><span>Tamanho:<\/span> 134.57 KB<\/div><div class=\"file-hits\"><span>Hits:<\/span> 521<\/div><div class=\"file-dated\"><span>Data de adi\u00e7\u00e3o<\/span> 28-01-2022<\/div>                            <\/div>                        <\/div>                        <div class=\"file-right\">                            <a class=\"downloadlink wpfd_downloadlink\"  href=\"https:\/\/www.silvajardim.rj.gov.br\/index.php\/download\/323\/decreto-covid-19\/12268\/decreto-no-2193-estende-as-medidas-de-flexibilizacao-decorrente-do-novo-coronavirus-2.pdf\" style=\"background-color:#51d8ed;color:#06090a;\">Baixar<i class=\"zmdi zmdi-cloud-download wpfd-download\"><\/i><\/a><a class=\"openlink wpfdlightbox wpfd_previewlink\" href=\"https:\/\/www.silvajardim.rj.gov.br\/wp-admin\/admin-ajax.php?juwpfisadmin=false&#038;action=wpfd&#038;task=file.download&#038;wpfd_category_id=323&#038;wpfd_file_id=12268&#038;token=&#038;preview=1\" target=\"\">Visualizar                            <i class=\"zmdi zmdi-filter-center-focus wpfd-preview\"><\/i>                        <\/a>                        <\/div>                    <\/div>                                    <div class=\"file\" style=\"margin : 10px 10px 10px 10px;\"                         data-id=\"12309\"                         data-catid=\"323\">                        <div class=\"filecontent\">                            <div class=\"ext ext-pdf\"><span class=\"txt\">pdf<\/div><h3><label class=\"wpfd_checkbox\"><input class=\"cbox_file_download\" type=\"checkbox\" data-id=\"12309\" \/><span><\/span><\/label><a href=\"https:\/\/www.silvajardim.rj.gov.br\/index.php\/download\/323\/decreto-covid-19\/12309\/decreto-no-2193-estende-as-medidas-de-flexibilizacao-decorrente-do-novo-coronavirus-3.pdf\"  class=\"wpfd_downloadlink\" title=\"DECRETO N\u00ba 2193 - ESTENDE AS MEDIDAS DE FLEXIBILIZA\u00c7\u00c3O DECORRENTE DO NOVO CORONAV\u00cdRUS\">DECRETO N\u00ba 2193 - ESTENDE AS MEDIDAS DE FLEXIBILIZA\u00c7\u00c3O DECORRENTE DO NOVO CORONAV\u00cdRUS<\/a><\/h3>                            <div class=\"file-xinfo\">                                <div class=\"file-size\"><span>Tamanho:<\/span> 134.57 KB<\/div><div class=\"file-hits\"><span>Hits:<\/span> 550<\/div><div class=\"file-dated\"><span>Data de adi\u00e7\u00e3o<\/span> 28-01-2022<\/div>                            <\/div>                        <\/div>                        <div class=\"file-right\">                            <a class=\"downloadlink wpfd_downloadlink\"  href=\"https:\/\/www.silvajardim.rj.gov.br\/index.php\/download\/323\/decreto-covid-19\/12309\/decreto-no-2193-estende-as-medidas-de-flexibilizacao-decorrente-do-novo-coronavirus-3.pdf\" style=\"background-color:#51d8ed;color:#06090a;\">Baixar<i class=\"zmdi zmdi-cloud-download wpfd-download\"><\/i><\/a><a class=\"openlink wpfdlightbox wpfd_previewlink\" href=\"https:\/\/www.silvajardim.rj.gov.br\/wp-admin\/admin-ajax.php?juwpfisadmin=false&#038;action=wpfd&#038;task=file.download&#038;wpfd_category_id=323&#038;wpfd_file_id=12309&#038;token=&#038;preview=1\" target=\"\">Visualizar                            <i class=\"zmdi zmdi-filter-center-focus wpfd-preview\"><\/i>                        <\/a>                        <\/div>                    <\/div>                                    <div class=\"file\" style=\"margin : 10px 10px 10px 10px;\"                         data-id=\"12310\"                         data-catid=\"323\">                        <div class=\"filecontent\">                            <div class=\"ext ext-pdf\"><span class=\"txt\">pdf<\/div><h3><label class=\"wpfd_checkbox\"><input class=\"cbox_file_download\" type=\"checkbox\" data-id=\"12310\" \/><span><\/span><\/label><a href=\"https:\/\/www.silvajardim.rj.gov.br\/index.php\/download\/323\/decreto-covid-19\/12310\/decreto-no-2191-altera-o-art-16o-do-decreto-no-2190-3.pdf\"  class=\"wpfd_downloadlink\" title=\"DECRETO N\u00ba 2191 - ALTERA O ART. 16\u00ba DO DECRETO N\u00ba 2190\">DECRETO N\u00ba 2191 - ALTERA O ART. 16\u00ba DO DECRETO N\u00ba 2190<\/a><\/h3>                            <div class=\"file-xinfo\">                                <div class=\"file-size\"><span>Tamanho:<\/span> 88.10 KB<\/div><div class=\"file-hits\"><span>Hits:<\/span> 502<\/div><div class=\"file-dated\"><span>Data de adi\u00e7\u00e3o<\/span> 28-01-2022<\/div>                            <\/div>                        <\/div>                        <div class=\"file-right\">                            <a class=\"downloadlink wpfd_downloadlink\"  href=\"https:\/\/www.silvajardim.rj.gov.br\/index.php\/download\/323\/decreto-covid-19\/12310\/decreto-no-2191-altera-o-art-16o-do-decreto-no-2190-3.pdf\" style=\"background-color:#51d8ed;color:#06090a;\">Baixar<i class=\"zmdi zmdi-cloud-download wpfd-download\"><\/i><\/a><a class=\"openlink wpfdlightbox wpfd_previewlink\" href=\"https:\/\/www.silvajardim.rj.gov.br\/wp-admin\/admin-ajax.php?juwpfisadmin=false&#038;action=wpfd&#038;task=file.download&#038;wpfd_category_id=323&#038;wpfd_file_id=12310&#038;token=&#038;preview=1\" target=\"\">Visualizar                            <i class=\"zmdi zmdi-filter-center-focus wpfd-preview\"><\/i>                        <\/a>                        <\/div>                    <\/div>                                    <div class=\"file\" style=\"margin : 10px 10px 10px 10px;\"                         data-id=\"12269\"                         data-catid=\"323\">                        <div class=\"filecontent\">                            <div class=\"ext ext-pdf\"><span class=\"txt\">pdf<\/div><h3><label class=\"wpfd_checkbox\"><input class=\"cbox_file_download\" type=\"checkbox\" data-id=\"12269\" \/><span><\/span><\/label><a href=\"https:\/\/www.silvajardim.rj.gov.br\/index.php\/download\/323\/decreto-covid-19\/12269\/decreto-no-2191-altera-o-art-16o-do-decreto-no-2190-2.pdf\"  class=\"wpfd_downloadlink\" title=\"DECRETO N\u00ba 2191 - ALTERA O ART. 16\u00ba DO DECRETO N\u00ba 2190\">DECRETO N\u00ba 2191 - ALTERA O ART. 16\u00ba DO DECRETO N\u00ba 2190<\/a><\/h3>                            <div class=\"file-xinfo\">                                <div class=\"file-size\"><span>Tamanho:<\/span> 88.10 KB<\/div><div class=\"file-hits\"><span>Hits:<\/span> 517<\/div><div class=\"file-dated\"><span>Data de adi\u00e7\u00e3o<\/span> 28-01-2022<\/div>                            <\/div>                        <\/div>                        <div class=\"file-right\">                            <a class=\"downloadlink wpfd_downloadlink\"  href=\"https:\/\/www.silvajardim.rj.gov.br\/index.php\/download\/323\/decreto-covid-19\/12269\/decreto-no-2191-altera-o-art-16o-do-decreto-no-2190-2.pdf\" style=\"background-color:#51d8ed;color:#06090a;\">Baixar<i class=\"zmdi zmdi-cloud-download wpfd-download\"><\/i><\/a><a class=\"openlink wpfdlightbox wpfd_previewlink\" href=\"https:\/\/www.silvajardim.rj.gov.br\/wp-admin\/admin-ajax.php?juwpfisadmin=false&#038;action=wpfd&#038;task=file.download&#038;wpfd_category_id=323&#038;wpfd_file_id=12269&#038;token=&#038;preview=1\" target=\"\">Visualizar                            <i class=\"zmdi zmdi-filter-center-focus wpfd-preview\"><\/i>                        <\/a>                        <\/div>                    <\/div>                                    <div class=\"file\" style=\"margin : 10px 10px 10px 10px;\"                         data-id=\"12270\"                         data-catid=\"323\">                        <div class=\"filecontent\">                            <div class=\"ext ext-pdf\"><span class=\"txt\">pdf<\/div><h3><label class=\"wpfd_checkbox\"><input class=\"cbox_file_download\" type=\"checkbox\" data-id=\"12270\" \/><span><\/span><\/label><a href=\"https:\/\/www.silvajardim.rj.gov.br\/index.php\/download\/323\/decreto-covid-19\/12270\/decreto-no-2190-dispo%cc%83e-sobre-a-alterac%cc%a7a%cc%83o-e-manutenc%cc%a7a%cc%83o-das-atividades-comerciais-em-func%cc%a7a%cc%83o-do-novo-covid-19-2.pdf\"  class=\"wpfd_downloadlink\" title=\"DECRETO N\u00ba 2190 - DISPO\u0303E SOBRE A ALTERAC\u0327A\u0303O E MANUTENC\u0327A\u0303O DAS ATIVIDADES COMERCIAIS EM FUNC\u0327A\u0303O DO NOVO COVID-19\">DECRETO N\u00ba 2190 - DISPO\u0303E SOBRE A ALTERAC\u0327A\u0303O E MANUTENC\u0327A\u0303O DAS ATIVIDADES COMERCIAIS EM FUNC\u0327A\u0303O DO NOVO COVID-19<\/a><\/h3>                            <div class=\"file-xinfo\">                                <div class=\"file-size\"><span>Tamanho:<\/span> 158.53 KB<\/div><div class=\"file-hits\"><span>Hits:<\/span> 461<\/div><div class=\"file-dated\"><span>Data de adi\u00e7\u00e3o<\/span> 28-01-2022<\/div>                            <\/div>                        <\/div>                        <div class=\"file-right\">                            <a class=\"downloadlink wpfd_downloadlink\"  href=\"https:\/\/www.silvajardim.rj.gov.br\/index.php\/download\/323\/decreto-covid-19\/12270\/decreto-no-2190-dispo%cc%83e-sobre-a-alterac%cc%a7a%cc%83o-e-manutenc%cc%a7a%cc%83o-das-atividades-comerciais-em-func%cc%a7a%cc%83o-do-novo-covid-19-2.pdf\" style=\"background-color:#51d8ed;color:#06090a;\">Baixar<i class=\"zmdi zmdi-cloud-download wpfd-download\"><\/i><\/a><a class=\"openlink wpfdlightbox wpfd_previewlink\" href=\"https:\/\/www.silvajardim.rj.gov.br\/wp-admin\/admin-ajax.php?juwpfisadmin=false&#038;action=wpfd&#038;task=file.download&#038;wpfd_category_id=323&#038;wpfd_file_id=12270&#038;token=&#038;preview=1\" target=\"\">Visualizar                            <i class=\"zmdi zmdi-filter-center-focus wpfd-preview\"><\/i>                        <\/a>                        <\/div>                    <\/div>                                    <div class=\"file\" style=\"margin : 10px 10px 10px 10px;\"                         data-id=\"12308\"                         data-catid=\"323\">                        <div class=\"filecontent\">                            <div class=\"ext ext-pdf\"><span class=\"txt\">pdf<\/div><h3><label class=\"wpfd_checkbox\"><input class=\"cbox_file_download\" type=\"checkbox\" data-id=\"12308\" \/><span><\/span><\/label><a href=\"https:\/\/www.silvajardim.rj.gov.br\/index.php\/download\/323\/decreto-covid-19\/12308\/decreto-no-2190-dispo%cc%83e-sobre-a-alterac%cc%a7a%cc%83o-e-manutenc%cc%a7a%cc%83o-das-atividades-comerciais-em-func%cc%a7a%cc%83o-do-novo-covid-19-3.pdf\"  class=\"wpfd_downloadlink\" title=\"DECRETO N\u00ba 2190 - DISPO\u0303E SOBRE A ALTERAC\u0327A\u0303O E MANUTENC\u0327A\u0303O DAS ATIVIDADES COMERCIAIS EM FUNC\u0327A\u0303O DO NOVO COVID-19\">DECRETO N\u00ba 2190 - DISPO\u0303E SOBRE A ALTERAC\u0327A\u0303O E MANUTENC\u0327A\u0303O DAS ATIVIDADES COMERCIAIS EM FUNC\u0327A\u0303O DO NOVO COVID-19<\/a><\/h3>                            <div class=\"file-xinfo\">                                <div class=\"file-size\"><span>Tamanho:<\/span> 158.53 KB<\/div><div class=\"file-hits\"><span>Hits:<\/span> 465<\/div><div class=\"file-dated\"><span>Data de adi\u00e7\u00e3o<\/span> 28-01-2022<\/div>                            <\/div>                        <\/div>                        <div class=\"file-right\">                            <a class=\"downloadlink wpfd_downloadlink\"  href=\"https:\/\/www.silvajardim.rj.gov.br\/index.php\/download\/323\/decreto-covid-19\/12308\/decreto-no-2190-dispo%cc%83e-sobre-a-alterac%cc%a7a%cc%83o-e-manutenc%cc%a7a%cc%83o-das-atividades-comerciais-em-func%cc%a7a%cc%83o-do-novo-covid-19-3.pdf\" style=\"background-color:#51d8ed;color:#06090a;\">Baixar<i class=\"zmdi zmdi-cloud-download wpfd-download\"><\/i><\/a><a class=\"openlink wpfdlightbox wpfd_previewlink\" href=\"https:\/\/www.silvajardim.rj.gov.br\/wp-admin\/admin-ajax.php?juwpfisadmin=false&#038;action=wpfd&#038;task=file.download&#038;wpfd_category_id=323&#038;wpfd_file_id=12308&#038;token=&#038;preview=1\" target=\"\">Visualizar                            <i class=\"zmdi zmdi-filter-center-focus wpfd-preview\"><\/i>                        <\/a>                        <\/div>                    <\/div>                                    <div class=\"file\" style=\"margin : 10px 10px 10px 10px;\"                         data-id=\"12273\"                         data-catid=\"323\">                        <div class=\"filecontent\">                            <div class=\"ext ext-pdf\"><span class=\"txt\">pdf<\/div><h3><label class=\"wpfd_checkbox\"><input class=\"cbox_file_download\" type=\"checkbox\" data-id=\"12273\" \/><span><\/span><\/label><a href=\"https:\/\/www.silvajardim.rj.gov.br\/index.php\/download\/323\/decreto-covid-19\/12273\/decreto-no-2180-alteracao-e-manutencao-das-medidas-temporarias-de-enfrentamento-ao-covid-2.pdf\"  class=\"wpfd_downloadlink\" title=\"DECRETO N\u00ba 2180 - ALTERA\u00c7\u00c3O E MANUTEN\u00c7\u00c3O DAS MEDIDAS TEMPOR\u00c1RIAS DE ENFRENTAMENTO AO COVID\">DECRETO N\u00ba 2180 - ALTERA\u00c7\u00c3O E MANUTEN\u00c7\u00c3O DAS MEDIDAS TEMPOR\u00c1RIAS DE ENFRENTAMENTO AO COVID<\/a><\/h3>                            <div class=\"file-xinfo\">                                <div class=\"file-size\"><span>Tamanho:<\/span> 350.98 KB<\/div><div class=\"file-hits\"><span>Hits:<\/span> 477<\/div><div class=\"file-dated\"><span>Data de adi\u00e7\u00e3o<\/span> 28-01-2022<\/div>                            <\/div>                        <\/div>                        <div class=\"file-right\">                            <a class=\"downloadlink wpfd_downloadlink\"  href=\"https:\/\/www.silvajardim.rj.gov.br\/index.php\/download\/323\/decreto-covid-19\/12273\/decreto-no-2180-alteracao-e-manutencao-das-medidas-temporarias-de-enfrentamento-ao-covid-2.pdf\" style=\"background-color:#51d8ed;color:#06090a;\">Baixar<i class=\"zmdi zmdi-cloud-download wpfd-download\"><\/i><\/a><a class=\"openlink wpfdlightbox wpfd_previewlink\" href=\"https:\/\/www.silvajardim.rj.gov.br\/wp-admin\/admin-ajax.php?juwpfisadmin=false&#038;action=wpfd&#038;task=file.download&#038;wpfd_category_id=323&#038;wpfd_file_id=12273&#038;token=&#038;preview=1\" target=\"\">Visualizar                            <i class=\"zmdi zmdi-filter-center-focus wpfd-preview\"><\/i>                        <\/a>                        <\/div>                    <\/div>                                    <div class=\"file\" style=\"margin : 10px 10px 10px 10px;\"                         data-id=\"12306\"                         data-catid=\"323\">                        <div class=\"filecontent\">                            <div class=\"ext ext-pdf\"><span class=\"txt\">pdf<\/div><h3><label class=\"wpfd_checkbox\"><input class=\"cbox_file_download\" type=\"checkbox\" data-id=\"12306\" \/><span><\/span><\/label><a href=\"https:\/\/www.silvajardim.rj.gov.br\/index.php\/download\/323\/decreto-covid-19\/12306\/decreto-no-2180-alteracao-e-manutencao-das-medidas-temporarias-de-enfrentamento-ao-covid-3.pdf\"  class=\"wpfd_downloadlink\" title=\"DECRETO N\u00ba 2180 - ALTERA\u00c7\u00c3O E MANUTEN\u00c7\u00c3O DAS MEDIDAS TEMPOR\u00c1RIAS DE ENFRENTAMENTO AO COVID\">DECRETO N\u00ba 2180 - ALTERA\u00c7\u00c3O E MANUTEN\u00c7\u00c3O DAS MEDIDAS TEMPOR\u00c1RIAS DE ENFRENTAMENTO AO COVID<\/a><\/h3>                            <div class=\"file-xinfo\">                                <div class=\"file-size\"><span>Tamanho:<\/span> 350.98 KB<\/div><div class=\"file-hits\"><span>Hits:<\/span> 516<\/div><div class=\"file-dated\"><span>Data de adi\u00e7\u00e3o<\/span> 28-01-2022<\/div>                            <\/div>                        <\/div>                        <div class=\"file-right\">                            <a class=\"downloadlink wpfd_downloadlink\"  href=\"https:\/\/www.silvajardim.rj.gov.br\/index.php\/download\/323\/decreto-covid-19\/12306\/decreto-no-2180-alteracao-e-manutencao-das-medidas-temporarias-de-enfrentamento-ao-covid-3.pdf\" style=\"background-color:#51d8ed;color:#06090a;\">Baixar<i class=\"zmdi zmdi-cloud-download wpfd-download\"><\/i><\/a><a class=\"openlink wpfdlightbox wpfd_previewlink\" href=\"https:\/\/www.silvajardim.rj.gov.br\/wp-admin\/admin-ajax.php?juwpfisadmin=false&#038;action=wpfd&#038;task=file.download&#038;wpfd_category_id=323&#038;wpfd_file_id=12306&#038;token=&#038;preview=1\" target=\"\">Visualizar                            <i class=\"zmdi zmdi-filter-center-focus wpfd-preview\"><\/i>                        <\/a>                        <\/div>                    <\/div>                                    <div class=\"file\" style=\"margin : 10px 10px 10px 10px;\"                         data-id=\"12300\"                         data-catid=\"323\">                        <div class=\"filecontent\">                            <div class=\"ext ext-pdf\"><span class=\"txt\">pdf<\/div><h3><label class=\"wpfd_checkbox\"><input class=\"cbox_file_download\" type=\"checkbox\" data-id=\"12300\" \/><span><\/span><\/label><a href=\"https:\/\/www.silvajardim.rj.gov.br\/index.php\/download\/323\/decreto-covid-19\/12300\/decreto-no-2170-consolidado-alteracao-revogacao-e-criacao-de-decretos-sobre-adocao-de-medidas-temporarias-de-enfrentamento-ao-covid1-2.pdf\"  class=\"wpfd_downloadlink\" title=\"DECRETO N\u00ba 2170 - Consolidado, altera\u00e7\u00e3o, revoga\u00e7\u00e3o e cria\u00e7\u00e3o de Decretos sobre ado\u00e7\u00e3o de medidas tempor\u00e1rias de enfrentamento ao COVID(1)\">DECRETO N\u00ba 2170 - Consolidado, altera\u00e7\u00e3o, revoga\u00e7\u00e3o e cria\u00e7\u00e3o de Decretos sobre ado\u00e7\u00e3o de medidas tempor\u00e1rias de enfrentamento ao COVID(1)<\/a><\/h3>                            <div class=\"file-xinfo\">                                <div class=\"file-size\"><span>Tamanho:<\/span> 161.41 KB<\/div><div class=\"file-hits\"><span>Hits:<\/span> 516<\/div><div class=\"file-dated\"><span>Data de adi\u00e7\u00e3o<\/span> 28-01-2022<\/div>                            <\/div>                        <\/div>                        <div class=\"file-right\">                            <a class=\"downloadlink wpfd_downloadlink\"  href=\"https:\/\/www.silvajardim.rj.gov.br\/index.php\/download\/323\/decreto-covid-19\/12300\/decreto-no-2170-consolidado-alteracao-revogacao-e-criacao-de-decretos-sobre-adocao-de-medidas-temporarias-de-enfrentamento-ao-covid1-2.pdf\" style=\"background-color:#51d8ed;color:#06090a;\">Baixar<i class=\"zmdi zmdi-cloud-download wpfd-download\"><\/i><\/a><a class=\"openlink wpfdlightbox wpfd_previewlink\" href=\"https:\/\/www.silvajardim.rj.gov.br\/wp-admin\/admin-ajax.php?juwpfisadmin=false&#038;action=wpfd&#038;task=file.download&#038;wpfd_category_id=323&#038;wpfd_file_id=12300&#038;token=&#038;preview=1\" target=\"\">Visualizar                            <i class=\"zmdi zmdi-filter-center-focus wpfd-preview\"><\/i>                        <\/a>                        <\/div>                    <\/div>                                    <div class=\"file\" style=\"margin : 10px 10px 10px 10px;\"                         data-id=\"12305\"                         data-catid=\"323\">                        <div class=\"filecontent\">                            <div class=\"ext ext-pdf\"><span class=\"txt\">pdf<\/div><h3><label class=\"wpfd_checkbox\"><input class=\"cbox_file_download\" type=\"checkbox\" data-id=\"12305\" \/><span><\/span><\/label><a href=\"https:\/\/www.silvajardim.rj.gov.br\/index.php\/download\/323\/decreto-covid-19\/12305\/decreto-no-2170-consolidado-alteracao-revogacao-e-criacao-de-decretos-sobre-adocao-de-medidas-temporarias-de-enfrentamento-ao-covid1-3.pdf\"  class=\"wpfd_downloadlink\" title=\"DECRETO N\u00ba 2170 - Consolidado, altera\u00e7\u00e3o, revoga\u00e7\u00e3o e cria\u00e7\u00e3o de Decretos sobre ado\u00e7\u00e3o de medidas tempor\u00e1rias de enfrentamento ao COVID(1)\">DECRETO N\u00ba 2170 - Consolidado, altera\u00e7\u00e3o, revoga\u00e7\u00e3o e cria\u00e7\u00e3o de Decretos sobre ado\u00e7\u00e3o de medidas tempor\u00e1rias de enfrentamento ao COVID(1)<\/a><\/h3>                            <div class=\"file-xinfo\">                                <div class=\"file-size\"><span>Tamanho:<\/span> 161.41 KB<\/div><div class=\"file-hits\"><span>Hits:<\/span> 518<\/div><div class=\"file-dated\"><span>Data de adi\u00e7\u00e3o<\/span> 28-01-2022<\/div>                            <\/div>                        <\/div>                        <div class=\"file-right\">                            <a class=\"downloadlink wpfd_downloadlink\"  href=\"https:\/\/www.silvajardim.rj.gov.br\/index.php\/download\/323\/decreto-covid-19\/12305\/decreto-no-2170-consolidado-alteracao-revogacao-e-criacao-de-decretos-sobre-adocao-de-medidas-temporarias-de-enfrentamento-ao-covid1-3.pdf\" style=\"background-color:#51d8ed;color:#06090a;\">Baixar<i class=\"zmdi zmdi-cloud-download wpfd-download\"><\/i><\/a><a class=\"openlink wpfdlightbox wpfd_previewlink\" href=\"https:\/\/www.silvajardim.rj.gov.br\/wp-admin\/admin-ajax.php?juwpfisadmin=false&#038;action=wpfd&#038;task=file.download&#038;wpfd_category_id=323&#038;wpfd_file_id=12305&#038;token=&#038;preview=1\" target=\"\">Visualizar                            <i class=\"zmdi zmdi-filter-center-focus wpfd-preview\"><\/i>                        <\/a>                        <\/div>                    <\/div>                                <div class=\"file flex_span\" style=\"margin : 10px 10px 10px 10px;\"><\/div>            <\/div>                    <\/div><\/div><\/div><div class='wpfd-pagination'>\n\t<span class='page-numbers current'>1<\/span>\n<a class='page-numbers' data-page='2' data-sourcecat='323'>2<\/a>\n<a class='next page-numbers' data-page='2' data-sourcecat='323'>Pr\u00f3ximo &raquo;<\/a>\n<\/div>\n<\/div>\t\t<\/div>\n\t\t\t\t<\/div>\n\t\t\t\t\t<\/div>\n\t\t<\/div>\n\t\t\t\t\t\t\t<\/div>\n\t\t<\/section>\n\t\t\t\t<section data-particle_enable=\"false\" data-particle-mobile-disabled=\"false\" class=\"elementor-section elementor-top-section elementor-element elementor-element-2f824878 elementor-hidden-tablet elementor-hidden-mobile elementor-section-boxed elementor-section-height-default elementor-section-height-default\" data-id=\"2f824878\" data-element_type=\"section\" id=\"xs_footer_8\" data-settings=\"{&quot;background_background&quot;:&quot;classic&quot;}\">\n\t\t\t\t\t\t<div class=\"elementor-container elementor-column-gap-default\">\n\t\t\t\t\t<div class=\"elementor-column elementor-col-25 elementor-top-column elementor-element elementor-element-f507580\" data-id=\"f507580\" data-element_type=\"column\">\n\t\t\t<div class=\"elementor-widget-wrap elementor-element-populated\">\n\t\t\t\t\t\t\t\t\t<\/div>\n\t\t<\/div>\n\t\t\t\t<div class=\"elementor-column elementor-col-25 elementor-top-column elementor-element elementor-element-2cf8ea9c\" data-id=\"2cf8ea9c\" data-element_type=\"column\">\n\t\t\t<div class=\"elementor-widget-wrap elementor-element-populated\">\n\t\t\t\t\t\t\t\t\t<\/div>\n\t\t<\/div>\n\t\t\t\t<div class=\"elementor-column elementor-col-25 elementor-top-column elementor-element elementor-element-11585ffb\" data-id=\"11585ffb\" data-element_type=\"column\">\n\t\t\t<div class=\"elementor-widget-wrap elementor-element-populated\">\n\t\t\t\t\t\t\t\t\t<\/div>\n\t\t<\/div>\n\t\t\t\t<div class=\"elementor-column elementor-col-25 elementor-top-column elementor-element elementor-element-75a37820\" data-id=\"75a37820\" data-element_type=\"column\">\n\t\t\t<div class=\"elementor-widget-wrap elementor-element-populated\">\n\t\t\t\t\t\t\t\t<div class=\"elementor-element elementor-element-3f3dd120 elementor-widget elementor-widget-heading\" data-id=\"3f3dd120\" data-element_type=\"widget\" data-widget_type=\"heading.default\">\n\t\t\t\t<div class=\"elementor-widget-container\">\n\t\t\t<h2 class=\"elementor-heading-title elementor-size-default\">Nossas redes sociais<\/h2>\t\t<\/div>\n\t\t\t\t<\/div>\n\t\t\t\t<div class=\"elementor-element elementor-element-127fc0d2 elementor-widget elementor-widget-elementskit-social-media\" data-id=\"127fc0d2\" data-element_type=\"widget\" data-widget_type=\"elementskit-social-media.default\">\n\t\t\t\t<div class=\"elementor-widget-container\">\n\t\t\t<div class=\"ekit-wid-con\" >\t\t\t <ul class=\"ekit_social_media\">\n\t\t\t\t\t\t\t\t\t\t\t\t\t\t<li class=\"elementor-repeater-item-8f591b9\">\n\t\t\t\t\t    <a\n\t\t\t\t\t\thref=\"https:\/\/www.facebook.com\/prefeiturasilvajardim\" class=\"2\" >\n\t\t\t\t\t\t\t\t\t\t\t\t\t\t\n\t\t\t\t\t\t\t<i aria-hidden=\"true\" class=\"icon icon-facebook-2\"><\/i>\t\t\t\t\t\t\t\t\t\n                                                                                                            <\/a>\n                    <\/li>\n                    \t\t\t\t\t\t\t\t\t\t\t\t\t\t<li class=\"elementor-repeater-item-a9743cf\">\n\t\t\t\t\t    <a\n\t\t\t\t\t\thref=\"https:\/\/www.instagram.com\/silvajardimoficial\/\" class=\"instagram\" >\n\t\t\t\t\t\t\t\t\t\t\t\t\t\t\n\t\t\t\t\t\t\t<i aria-hidden=\"true\" class=\"fab fa-instagram\"><\/i>\t\t\t\t\t\t\t\t\t\n                                                                                                            <\/a>\n                    <\/li>\n                    \t\t\t\t\t\t\t<\/ul>\n\t\t<\/div>\t\t<\/div>\n\t\t\t\t<\/div>\n\t\t\t\t<div class=\"elementor-element elementor-element-383d6f29 elementor-widget elementor-widget-heading\" data-id=\"383d6f29\" data-element_type=\"widget\" data-widget_type=\"heading.default\">\n\t\t\t\t<div class=\"elementor-widget-container\">\n\t\t\t<h2 class=\"elementor-heading-title elementor-size-default\">Assessoria de Imprensa<\/h2>\t\t<\/div>\n\t\t\t\t<\/div>\n\t\t\t\t<div class=\"elementor-element elementor-element-5e2e6055 elementor-widget elementor-widget-heading\" data-id=\"5e2e6055\" data-element_type=\"widget\" data-widget_type=\"heading.default\">\n\t\t\t\t<div class=\"elementor-widget-container\">\n\t\t\t<h2 class=\"elementor-heading-title elementor-size-default\">(22) 99728-2498<\/h2>\t\t<\/div>\n\t\t\t\t<\/div>\n\t\t\t\t\t<\/div>\n\t\t<\/div>\n\t\t\t\t\t\t\t<\/div>\n\t\t<\/section>\n\t\t\t\t<section data-particle_enable=\"false\" data-particle-mobile-disabled=\"false\" class=\"elementor-section elementor-top-section elementor-element elementor-element-7a02ea4f elementor-section-stretched elementor-hidden-desktop elementor-section-boxed elementor-section-height-default elementor-section-height-default\" data-id=\"7a02ea4f\" data-element_type=\"section\" data-settings=\"{&quot;stretch_section&quot;:&quot;section-stretched&quot;}\">\n\t\t\t\t\t\t<div class=\"elementor-container elementor-column-gap-default\">\n\t\t\t\t\t<div class=\"elementor-column elementor-col-100 elementor-top-column elementor-element elementor-element-73a29903\" data-id=\"73a29903\" data-element_type=\"column\">\n\t\t\t<div class=\"elementor-widget-wrap elementor-element-populated\">\n\t\t\t\t\t\t\t\t<div class=\"elementor-element elementor-element-7d594da6 elementor-widget elementor-widget-image\" data-id=\"7d594da6\" data-element_type=\"widget\" data-widget_type=\"image.default\">\n\t\t\t\t<div class=\"elementor-widget-container\">\n\t\t\t\t\t\t\t\t\t\t\t\t\t\t\t<img loading=\"lazy\" decoding=\"async\" width=\"742\" height=\"1024\" src=\"https:\/\/www.silvajardim.rj.gov.br\/wp-content\/uploads\/2023\/03\/RODAPE-742x1024.png\" class=\"attachment-large size-large\" alt=\"\" srcset=\"https:\/\/www.silvajardim.rj.gov.br\/wp-content\/uploads\/2023\/03\/RODAPE-742x1024.png 742w, https:\/\/www.silvajardim.rj.gov.br\/wp-content\/uploads\/2023\/03\/RODAPE-217x300.png 217w, https:\/\/www.silvajardim.rj.gov.br\/wp-content\/uploads\/2023\/03\/RODAPE-768x1060.png 768w, https:\/\/www.silvajardim.rj.gov.br\/wp-content\/uploads\/2023\/03\/RODAPE.png 1080w\" sizes=\"auto, (max-width: 742px) 100vw, 742px\" \/>\t\t\t\t\t\t\t\t\t\t\t\t\t\t\t<\/div>\n\t\t\t\t<\/div>\n\t\t\t\t\t<\/div>\n\t\t<\/div>\n\t\t\t\t\t\t\t<\/div>\n\t\t<\/section>\n\t\t\t\t<section data-particle_enable=\"false\" data-particle-mobile-disabled=\"false\" class=\"elementor-section elementor-top-section elementor-element elementor-element-7f4ef460 elementor-section-boxed elementor-section-height-default elementor-section-height-default\" data-id=\"7f4ef460\" data-element_type=\"section\" data-settings=\"{&quot;background_background&quot;:&quot;classic&quot;}\">\n\t\t\t\t\t\t<div class=\"elementor-container elementor-column-gap-default\">\n\t\t\t\t\t<div class=\"elementor-column elementor-col-100 elementor-top-column elementor-element elementor-element-3a696a90\" data-id=\"3a696a90\" data-element_type=\"column\">\n\t\t\t<div class=\"elementor-widget-wrap elementor-element-populated\">\n\t\t\t\t\t\t\t\t<div class=\"elementor-element elementor-element-477820f8 elementor-widget elementor-widget-elementskit-heading\" data-id=\"477820f8\" data-element_type=\"widget\" data-widget_type=\"elementskit-heading.default\">\n\t\t\t\t<div class=\"elementor-widget-container\">\n\t\t\t<div class=\"ekit-wid-con\" ><div class=\"ekit-heading elementskit-section-title-wraper text_center   ekit_heading_tablet-   ekit_heading_mobile-text_center\"><p class=\"ekit-heading--title elementskit-section-title \">\n\t\t\t\t\tPrefeitura Municipal de Silva Jardim - CNPJ: 28.741.098\/0001-57 - Rua Luiz Gomes, 46, Centro - Silva Jardim\/RJ - CEP: 28820-000\n\t\t\t\t<\/p><\/div><\/div>\t\t<\/div>\n\t\t\t\t<\/div>\n\t\t\t\t\t<\/div>\n\t\t<\/div>\n\t\t\t\t\t\t\t<\/div>\n\t\t<\/section>\n\t\t\t\t\t\t<\/div>\n\t\t\t\t\t<\/div>\n\t\t","protected":false},"excerpt":{"rendered":"<p>Baixar todos Decreto Covid-19 Decreto Covid-19 pdf DECRETO n\u00ba 2178 &#8211; PRORROGA PARCELAMENTO &#8211; COVID-19 &#8211; JUNHO Tamanho: 256.95 KBHits:<\/p>\n","protected":false},"author":1,"featured_media":0,"parent":0,"menu_order":0,"comment_status":"closed","ping_status":"closed","template":"","meta":{"_mi_skip_tracking":false,"footnotes":""},"class_list":["post-12266","page","type-page","status-publish","hentry"],"_links":{"self":[{"href":"https:\/\/www.silvajardim.rj.gov.br\/index.php\/wp-json\/wp\/v2\/pages\/12266","targetHints":{"allow":["GET"]}}],"collection":[{"href":"https:\/\/www.silvajardim.rj.gov.br\/index.php\/wp-json\/wp\/v2\/pages"}],"about":[{"href":"https:\/\/www.silvajardim.rj.gov.br\/index.php\/wp-json\/wp\/v2\/types\/page"}],"author":[{"embeddable":true,"href":"https:\/\/www.silvajardim.rj.gov.br\/index.php\/wp-json\/wp\/v2\/users\/1"}],"replies":[{"embeddable":true,"href":"https:\/\/www.silvajardim.rj.gov.br\/index.php\/wp-json\/wp\/v2\/comments?post=12266"}],"version-history":[{"count":16,"href":"https:\/\/www.silvajardim.rj.gov.br\/index.php\/wp-json\/wp\/v2\/pages\/12266\/revisions"}],"predecessor-version":[{"id":18177,"href":"https:\/\/www.silvajardim.rj.gov.br\/index.php\/wp-json\/wp\/v2\/pages\/12266\/revisions\/18177"}],"wp:attachment":[{"href":"https:\/\/www.silvajardim.rj.gov.br\/index.php\/wp-json\/wp\/v2\/media?parent=12266"}],"curies":[{"name":"wp","href":"https:\/\/api.w.org\/{rel}","templated":true}]}}