{"id":13557,"date":"2022-04-18T16:34:47","date_gmt":"2022-04-18T19:34:47","guid":{"rendered":"https:\/\/www.silvajardim.rj.gov.br\/?page_id=13557"},"modified":"2024-01-04T12:43:06","modified_gmt":"2024-01-04T15:43:06","slug":"outras-secretarias","status":"publish","type":"page","link":"https:\/\/www.silvajardim.rj.gov.br\/index.php\/outras-secretarias\/","title":{"rendered":"Fornecimento &#8211; Outras Secretarias"},"content":{"rendered":"\t\t<div data-elementor-type=\"wp-page\" data-elementor-id=\"13557\" class=\"elementor elementor-13557\" data-elementor-settings=\"[]\">\n\t\t\t\t\t\t\t<div class=\"elementor-section-wrap\">\n\t\t\t\t\t\t\t<section data-particle_enable=\"false\" data-particle-mobile-disabled=\"false\" class=\"elementor-section elementor-top-section elementor-element elementor-element-f15b7df elementor-section-boxed elementor-section-height-default elementor-section-height-default\" data-id=\"f15b7df\" data-element_type=\"section\">\n\t\t\t\t\t\t<div class=\"elementor-container elementor-column-gap-default\">\n\t\t\t\t\t<div class=\"elementor-column elementor-col-100 elementor-top-column elementor-element elementor-element-8b8a1f8\" data-id=\"8b8a1f8\" data-element_type=\"column\">\n\t\t\t<div class=\"elementor-widget-wrap elementor-element-populated\">\n\t\t\t\t\t\t\t\t<div class=\"elementor-element elementor-element-8e8ed7a elementor-widget elementor-widget-wpfd_choose_category\" data-id=\"8e8ed7a\" data-element_type=\"widget\" data-widget_type=\"wpfd_choose_category.default\">\n\t\t\t\t<div class=\"elementor-widget-container\">\n\t\t\t<div id=\"wpfd-elementor-category\" class=\"wpfd-elementor-category\"><div class=\"wpfd-content wpfd-content-default wpfd-content-multi\" data-category=\"659\"><input type=\"hidden\" id=\"current_category_659\" value=\"659\" \/>                    <input type=\"hidden\" id=\"current_category_slug_659\" value=\"entrega-outras-secretarias\" \/>                    <input type=\"hidden\" id=\"current_ordering_659\" value=\"title\" \/>                    <input type=\"hidden\" id=\"current_ordering_direction_659\" value=\"desc\" \/><a data-catid=\"\" class=\"default-download-category display-download-category\" href=\"https:\/\/www.silvajardim.rj.gov.br\/index.php\/download\/wpfdcat\/659\/entrega-outras-secretarias\">Baixar todos                                <i class=\"zmdi zmdi-check-all wpfd-download-category\"><\/i>                            <\/a><ul class=\"breadcrumbs wpfd-breadcrumbs-default head-category-default\">                            <li class=\"active\">Entrega - Outras secretarias<\/li>                        <\/ul>    <script type=\"text\/x-handlebars-template\" class=\"wpfd-template-categories\">        <div class=\"wpfd-categories\">{{#if category}}{{#with category}}<h2>{{name}}<\/h2>{{#if parent}}<a class=\"catlink backcategory\" href=\"#\" data-idcat=\"{{parent}}\">                        <i class=\"zmdi zmdi-chevron-left\"><\/i><span>Voltar<\/span><\/a>{{\/if}}{{\/with}}{{\/if}}{{#if categories}}{{#each categories}}<a class=\"wpfdcategory catlink\" style=\"margin : 10px 10px 10px 10px;\" href=\"#\" data-idcat=\"{{term_id}}\" title=\"{{name}}\">                                <span>{{name}}<\/span><i class=\"zmdi zmdi-folder wpfd-folder\"><\/i>                            <\/a>{{\/each}}{{\/if}}<div class=\"wpfdcategory_placeholder\" style=\"margin : 0 10px 0 10px;\"><\/div><div class=\"wpfdcategory_placeholder\" style=\"margin : 0 10px 0 10px;\"><\/div><div class=\"wpfdcategory_placeholder\" style=\"margin : 0 10px 0 10px;\"><\/div><\/div>    <\/script>    <script type=\"text\/x-handlebars-template\" class=\"wpfd-template-files\">        {{#if files }}        <div class=\"wpfd_list\">            {{#each files}}            <div class=\"file\" style=\"margin : 10px 10px 10px 10px;\" data-id=\"{{ID}}\" data-catid=\"{{catid}}\">                <div class=\"filecontent\">                    {{#if file_custom_icon}}                    <div class=\"icon-custom\"><img decoding=\"async\" src=\"{{file_custom_icon}}\"><\/div>                    {{else}}                    <div class=\"ext ext-{{ext}}\"><span class=\"txt\">{{ext}}<\/span><\/div>                    {{\/if}}<h3><label class=\"wpfd_checkbox\"><input class=\"cbox_file_download\" type=\"checkbox\" data-id=\"{{ID}}\" \/><span><\/span><\/label><a href=\"{{linkdownload}}\"  class=\"wpfd_downloadlink\" title=\"{{post_title}}\">{{{crop_title}}}<\/a><\/h3>                    <div class=\"file-xinfo\">                        {{#if description}}<div class=\"file-desc\">{{{description}}}<\/div>{{\/if}}{{#if versionNumber}}<div class=\"file-version\"><span>Vers\u00e3o:<\/span> {{versionNumber}}<\/div>{{\/if}}<div class=\"file-size\"><span>Tamanho:<\/span> {{bytesToSize size}}<\/div><div class=\"file-hits\"><span>Hits:<\/span> {{hits}}<\/div>                    <\/div>                <\/div>                <span class=\"file-right\">                    <a class=\"downloadlink wpfd_downloadlink\"  href=\"{{linkdownload}}\" style=\"background-color:#51d8ed;color:#06090a;\">Baixar<i class=\"zmdi zmdi-cloud-download wpfd-download\"><\/i><\/a>{{#if openpdflink}}<a class=\"openlink wpfdlightbox wpfd_previewlink\" href=\"{{openpdflink}}\" target=\"\">Visualizar                            <i class=\"zmdi zmdi-filter-center-focus wpfd-preview\"><\/i>                        <\/a>{{else}}{{#if viewerlink}}<a                            href=\"{{viewerlink}}\"                            class=\"openlink wpfdlightbox wpfd_previewlink\"                            target=\"\"                            data-id=\"{{ID}}\"                            data-catid=\"{{catid}}\"                            data-file-type=\"{{ext}}\">Visualizar<i class=\"zmdi zmdi-filter-center-focus wpfd-preview\"><\/i>                        <\/a>{{\/if}}{{\/if}}                <\/span>            <\/div>            {{\/each}}            <div class=\"file flex_span\" style=\"margin : 10px 10px 10px 10px;\"><\/div>        <\/div>        {{\/if}}    <\/script><div class=\"wpfd-container\">    <div class=\"wpfd-foldertree wpfd-foldertree-default foldertree-hide\"><\/div>    <div class=\"wpfd-open-tree\"><\/div>    <div class=\"wpfd-container-default  with_foldertree\">        <div class=\"wpfd-categories\"><h2>Entrega - Outras secretarias<\/h2><a class=\"wpfdcategory catlink\" style=\"margin : 10px 10px 10px 10px;\" href=\"#\"                                   data-idcat=\"1304\"                                   title=\"2026\">                                    <span>2026<\/span>                                    <i class=\"zmdi zmdi-folder wpfd-folder\"><\/i>                                <\/a><a class=\"wpfdcategory catlink\" style=\"margin : 10px 10px 10px 10px;\" href=\"#\"                                   data-idcat=\"983\"                                   title=\"2025\">                                    <span>2025<\/span>                                    <i class=\"zmdi zmdi-folder wpfd-folder\"><\/i>                                <\/a><a class=\"wpfdcategory catlink\" style=\"margin : 10px 10px 10px 10px;\" href=\"#\"                                   data-idcat=\"793\"                                   title=\"2024\">                                    <span>2024<\/span>                                    <i class=\"zmdi zmdi-folder wpfd-folder\"><\/i>                                <\/a><a class=\"wpfdcategory catlink\" style=\"margin : 10px 10px 10px 10px;\" href=\"#\"                                   data-idcat=\"745\"                                   title=\"Novembro\">                                    <span>Novembro<\/span>                                    <i class=\"zmdi zmdi-folder wpfd-folder\"><\/i>                                <\/a><a class=\"wpfdcategory catlink\" style=\"margin : 10px 10px 10px 10px;\" href=\"#\"                                   data-idcat=\"738\"                                   title=\"Outubro\">                                    <span>Outubro<\/span>                                    <i class=\"zmdi zmdi-folder wpfd-folder\"><\/i>                                <\/a><a class=\"wpfdcategory catlink\" style=\"margin : 10px 10px 10px 10px;\" href=\"#\"                                   data-idcat=\"721\"                                   title=\"Setembro\">                                    <span>Setembro<\/span>                                    <i class=\"zmdi zmdi-folder wpfd-folder\"><\/i>                                <\/a><a class=\"wpfdcategory catlink\" style=\"margin : 10px 10px 10px 10px;\" href=\"#\"                                   data-idcat=\"712\"                                   title=\"Agosto\">                                    <span>Agosto<\/span>                                    <i class=\"zmdi zmdi-folder wpfd-folder\"><\/i>                                <\/a><a class=\"wpfdcategory catlink\" style=\"margin : 10px 10px 10px 10px;\" href=\"#\"                                   data-idcat=\"661\"                                   title=\"Junho\">                                    <span>Junho<\/span>                                    <i class=\"zmdi zmdi-folder wpfd-folder\"><\/i>                                <\/a><a class=\"wpfdcategory catlink\" style=\"margin : 10px 10px 10px 10px;\" href=\"#\"                                   data-idcat=\"696\"                                   title=\"Julho\">                                    <span>Julho<\/span>                                    <i class=\"zmdi zmdi-folder wpfd-folder\"><\/i>                                <\/a><div class=\"wpfdcategory_placeholder\" style=\"margin : 0 10px 0 10px;\"><\/div><div class=\"wpfdcategory_placeholder\" style=\"margin : 0 10px 0 10px;\"><\/div><div class=\"wpfdcategory_placeholder\" style=\"margin : 0 10px 0 10px;\"><\/div><\/div>                    <\/div><\/div><\/div><\/div>\t\t<\/div>\n\t\t\t\t<\/div>\n\t\t\t\t\t<\/div>\n\t\t<\/div>\n\t\t\t\t\t\t\t<\/div>\n\t\t<\/section>\n\t\t\t\t<section data-particle_enable=\"false\" data-particle-mobile-disabled=\"false\" class=\"elementor-section elementor-top-section elementor-element elementor-element-5466c644 elementor-section-boxed elementor-section-height-default elementor-section-height-default\" data-id=\"5466c644\" data-element_type=\"section\">\n\t\t\t\t\t\t<div class=\"elementor-container elementor-column-gap-default\">\n\t\t\t\t\t<div class=\"elementor-column elementor-col-100 elementor-top-column elementor-element elementor-element-52040a33\" data-id=\"52040a33\" data-element_type=\"column\">\n\t\t\t<div class=\"elementor-widget-wrap elementor-element-populated\">\n\t\t\t\t\t\t\t\t<div class=\"elementor-element elementor-element-4c1be160 elementor-widget elementor-widget-text-editor\" data-id=\"4c1be160\" data-element_type=\"widget\" data-widget_type=\"text-editor.default\">\n\t\t\t\t<div class=\"elementor-widget-container\">\n\t\t\t\t\t\t\t<!-- wp:separator -->\n<hr class=\"wp-block-separator\"\/>\n<!-- \/wp:separator -->\n\n<!-- wp:file {\"id\":19378,\"href\":\"https:\/\/www.silvajardim.rj.gov.br\/wp-content\/uploads\/2023\/05\/13-ENTREGAS-DE-CESTAS-BASICAS.pdf\",\"displayPreview\":true} -->\n<div class=\"wp-block-file\"><object class=\"wp-block-file__embed\" data=\"https:\/\/www.silvajardim.rj.gov.br\/wp-content\/uploads\/2023\/05\/13-ENTREGAS-DE-CESTAS-BASICAS.pdf\" type=\"application\/pdf\" style=\"width:100%;height:600px\" aria-label=\"Incorporado de 13-ENTREGAS-DE-CESTAS-BASICAS.\"><\/object><a id=\"wp-block-file--media-72185d7a-2de5-4d79-aae8-0fe1a978ddfd\" href=\"https:\/\/www.silvajardim.rj.gov.br\/wp-content\/uploads\/2023\/05\/13-ENTREGAS-DE-CESTAS-BASICAS.pdf\">13-ENTREGAS-DE-CESTAS-BASICAS<\/a><a href=\"https:\/\/www.silvajardim.rj.gov.br\/wp-content\/uploads\/2023\/05\/13-ENTREGAS-DE-CESTAS-BASICAS.pdf\" class=\"wp-block-file__button\" download aria-describedby=\"wp-block-file--media-72185d7a-2de5-4d79-aae8-0fe1a978ddfd\">Baixar<\/a><\/div>\n<!-- \/wp:file -->\n\n<!-- wp:file {\"id\":19257,\"href\":\"https:\/\/www.silvajardim.rj.gov.br\/wp-content\/uploads\/2023\/05\/ENTREGAS-DE-CESTAS-BASICAS-Entrega-para-17-05-23-1.pdf\",\"displayPreview\":true} -->\n<div class=\"wp-block-file\"><object class=\"wp-block-file__embed\" data=\"https:\/\/www.silvajardim.rj.gov.br\/wp-content\/uploads\/2023\/05\/ENTREGAS-DE-CESTAS-BASICAS-Entrega-para-17-05-23-1.pdf\" type=\"application\/pdf\" style=\"width:100%;height:600px\" aria-label=\"Incorporado de ENTREGAS-DE-CESTAS-BASICAS-Entrega-para-17-05-23-1.\"><\/object><a id=\"wp-block-file--media-c0315308-31fb-4acc-b909-8f77f0fd1011\" href=\"https:\/\/www.silvajardim.rj.gov.br\/wp-content\/uploads\/2023\/05\/ENTREGAS-DE-CESTAS-BASICAS-Entrega-para-17-05-23-1.pdf\">ENTREGAS-DE-CESTAS-BASICAS-Entrega-para-17-05-23-1<\/a><a href=\"https:\/\/www.silvajardim.rj.gov.br\/wp-content\/uploads\/2023\/05\/ENTREGAS-DE-CESTAS-BASICAS-Entrega-para-17-05-23-1.pdf\" class=\"wp-block-file__button\" download aria-describedby=\"wp-block-file--media-c0315308-31fb-4acc-b909-8f77f0fd1011\">Baixar<\/a><\/div>\n<!-- \/wp:file -->\n\n<!-- wp:file {\"id\":18727,\"href\":\"https:\/\/www.silvajardim.rj.gov.br\/wp-content\/uploads\/2023\/04\/12-ENTREGAS-DE-CESTAS-BASICAS.pdf\",\"displayPreview\":true} -->\n<div class=\"wp-block-file\"><object class=\"wp-block-file__embed\" data=\"https:\/\/www.silvajardim.rj.gov.br\/wp-content\/uploads\/2023\/04\/12-ENTREGAS-DE-CESTAS-BASICAS.pdf\" type=\"application\/pdf\" style=\"width:100%;height:600px\" aria-label=\"Incorporado de 12-ENTREGAS-DE-CESTAS-BASICAS.\"><\/object><a id=\"wp-block-file--media-a350fa2e-6646-431a-912c-df930222e654\" href=\"https:\/\/www.silvajardim.rj.gov.br\/wp-content\/uploads\/2023\/04\/12-ENTREGAS-DE-CESTAS-BASICAS.pdf\">12-ENTREGAS-DE-CESTAS-BASICAS<\/a><a href=\"https:\/\/www.silvajardim.rj.gov.br\/wp-content\/uploads\/2023\/04\/12-ENTREGAS-DE-CESTAS-BASICAS.pdf\" class=\"wp-block-file__button\" download aria-describedby=\"wp-block-file--media-a350fa2e-6646-431a-912c-df930222e654\">Baixar<\/a><\/div>\n<!-- \/wp:file -->\n\n<!-- wp:file {\"id\":18059,\"href\":\"https:\/\/www.silvajardim.rj.gov.br\/wp-content\/uploads\/2023\/03\/11-ENTREGAS-DE-CESTAS-BASICAS.pdf\",\"displayPreview\":true} -->\n<div class=\"wp-block-file\"><object class=\"wp-block-file__embed\" data=\"https:\/\/www.silvajardim.rj.gov.br\/wp-content\/uploads\/2023\/03\/11-ENTREGAS-DE-CESTAS-BASICAS.pdf\" type=\"application\/pdf\" style=\"width:100%;height:600px\" aria-label=\"Incorporado de 11-ENTREGAS-DE-CESTAS-BASICAS.\"><\/object><a id=\"wp-block-file--media-2bcc459d-34b4-48d1-8b66-03038bb0aa85\" href=\"https:\/\/www.silvajardim.rj.gov.br\/wp-content\/uploads\/2023\/03\/11-ENTREGAS-DE-CESTAS-BASICAS.pdf\">11-ENTREGAS-DE-CESTAS-BASICAS<\/a><a href=\"https:\/\/www.silvajardim.rj.gov.br\/wp-content\/uploads\/2023\/03\/11-ENTREGAS-DE-CESTAS-BASICAS.pdf\" class=\"wp-block-file__button\" download aria-describedby=\"wp-block-file--media-2bcc459d-34b4-48d1-8b66-03038bb0aa85\">Baixar<\/a><\/div>\n<!-- \/wp:file -->\n\n<!-- wp:file {\"id\":17873,\"href\":\"https:\/\/www.silvajardim.rj.gov.br\/wp-content\/uploads\/2023\/03\/10-ENTREGAS-DE-CESTAS-BASICAS-1.pdf\",\"displayPreview\":true} -->\n<div class=\"wp-block-file\"><object class=\"wp-block-file__embed\" data=\"https:\/\/www.silvajardim.rj.gov.br\/wp-content\/uploads\/2023\/03\/10-ENTREGAS-DE-CESTAS-BASICAS-1.pdf\" type=\"application\/pdf\" style=\"width:100%;height:600px\" aria-label=\"Incorporado de 10-ENTREGAS-DE-CESTAS-BASICAS-1.\"><\/object><a id=\"wp-block-file--media-eec10f8d-99b0-46a7-b371-5e3c60f62126\" href=\"https:\/\/www.silvajardim.rj.gov.br\/wp-content\/uploads\/2023\/03\/10-ENTREGAS-DE-CESTAS-BASICAS-1.pdf\">10-ENTREGAS-DE-CESTAS-BASICAS-1<\/a><a href=\"https:\/\/www.silvajardim.rj.gov.br\/wp-content\/uploads\/2023\/03\/10-ENTREGAS-DE-CESTAS-BASICAS-1.pdf\" class=\"wp-block-file__button\" download aria-describedby=\"wp-block-file--media-eec10f8d-99b0-46a7-b371-5e3c60f62126\">Baixar<\/a><\/div>\n<!-- \/wp:file -->\n\n<!-- wp:file {\"id\":17855,\"href\":\"https:\/\/www.silvajardim.rj.gov.br\/wp-content\/uploads\/2023\/02\/9-ENTREGAS-DE-CESTAS-BASICAS-1.pdf\",\"displayPreview\":true} -->\n<div class=\"wp-block-file\"><object class=\"wp-block-file__embed\" data=\"https:\/\/www.silvajardim.rj.gov.br\/wp-content\/uploads\/2023\/02\/9-ENTREGAS-DE-CESTAS-BASICAS-1.pdf\" type=\"application\/pdf\" style=\"width:100%;height:600px\" aria-label=\"Incorporado de 9-ENTREGAS-DE-CESTAS-BASICAS-1.\"><\/object><a id=\"wp-block-file--media-4485bd80-99a8-4ef5-a0dd-085be51b167c\" href=\"https:\/\/www.silvajardim.rj.gov.br\/wp-content\/uploads\/2023\/02\/9-ENTREGAS-DE-CESTAS-BASICAS-1.pdf\">9-ENTREGAS-DE-CESTAS-BASICAS-1<\/a><a href=\"https:\/\/www.silvajardim.rj.gov.br\/wp-content\/uploads\/2023\/02\/9-ENTREGAS-DE-CESTAS-BASICAS-1.pdf\" class=\"wp-block-file__button\" download aria-describedby=\"wp-block-file--media-4485bd80-99a8-4ef5-a0dd-085be51b167c\">Baixar<\/a><\/div>\n<!-- \/wp:file -->\n\n<!-- wp:file {\"id\":17687,\"href\":\"https:\/\/www.silvajardim.rj.gov.br\/wp-content\/uploads\/2023\/01\/8-ENTREGAS-DE-CESTAS-BASICAS.pdf\",\"displayPreview\":true} -->\n<div class=\"wp-block-file\"><object class=\"wp-block-file__embed\" data=\"https:\/\/www.silvajardim.rj.gov.br\/wp-content\/uploads\/2023\/01\/8-ENTREGAS-DE-CESTAS-BASICAS.pdf\" type=\"application\/pdf\" style=\"width:100%;height:600px\" aria-label=\"Incorporado de 8-ENTREGAS-DE-CESTAS-BASICAS.\"><\/object><a id=\"wp-block-file--media-ab6e730b-a8f6-4fe5-9f9d-582526b2998d\" href=\"https:\/\/www.silvajardim.rj.gov.br\/wp-content\/uploads\/2023\/01\/8-ENTREGAS-DE-CESTAS-BASICAS.pdf\">8-ENTREGAS-DE-CESTAS-BASICAS<\/a><a href=\"https:\/\/www.silvajardim.rj.gov.br\/wp-content\/uploads\/2023\/01\/8-ENTREGAS-DE-CESTAS-BASICAS.pdf\" class=\"wp-block-file__button\" download aria-describedby=\"wp-block-file--media-ab6e730b-a8f6-4fe5-9f9d-582526b2998d\">Baixar<\/a><\/div>\n<!-- \/wp:file -->\n\n<!-- wp:cover {\"url\":\"https:\/\/www.silvajardim.rj.gov.br\/wp-content\/uploads\/2023\/01\/PROMOCAO-SOCIAL-1-1024x451.png\",\"id\":17617,\"dimRatio\":50,\"isDark\":false,\"style\":{\"color\":{}}} -->\n<div class=\"wp-block-cover is-light\"><span aria-hidden=\"true\" class=\"wp-block-cover__gradient-background has-background-dim\"><\/span><img loading=\"lazy\" decoding=\"async\" width=\"1024\" height=\"451\" class=\"wp-block-cover__image-background wp-image-17617\" alt=\"\" src=\"https:\/\/www.silvajardim.rj.gov.br\/wp-content\/uploads\/2023\/01\/PROMOCAO-SOCIAL-1-1024x451.png\" data-object-fit=\"cover\" srcset=\"https:\/\/www.silvajardim.rj.gov.br\/wp-content\/uploads\/2023\/01\/PROMOCAO-SOCIAL-1-1024x451.png 1024w, https:\/\/www.silvajardim.rj.gov.br\/wp-content\/uploads\/2023\/01\/PROMOCAO-SOCIAL-1-300x132.png 300w, https:\/\/www.silvajardim.rj.gov.br\/wp-content\/uploads\/2023\/01\/PROMOCAO-SOCIAL-1-768x338.png 768w, https:\/\/www.silvajardim.rj.gov.br\/wp-content\/uploads\/2023\/01\/PROMOCAO-SOCIAL-1.png 1308w\" sizes=\"auto, (max-width: 1024px) 100vw, 1024px\" \/><div class=\"wp-block-cover__inner-container\"><!-- wp:paragraph {\"fontSize\":\"large\"} -->\n<p class=\"has-large-font-size\"><\/p>\n<!-- \/wp:paragraph --><\/div><\/div>\n<!-- \/wp:cover -->\n\n<!-- wp:separator -->\n<hr class=\"wp-block-separator\"\/>\n<!-- \/wp:separator -->\n\n<!-- wp:file {\"id\":17436,\"href\":\"https:\/\/www.silvajardim.rj.gov.br\/wp-content\/uploads\/2022\/12\/5-ENTREGAS-DE-CESTAS-BASICAS-1.pdf\",\"displayPreview\":true} -->\n<div class=\"wp-block-file\"><object class=\"wp-block-file__embed\" data=\"https:\/\/www.silvajardim.rj.gov.br\/wp-content\/uploads\/2022\/12\/5-ENTREGAS-DE-CESTAS-BASICAS-1.pdf\" type=\"application\/pdf\" style=\"width:100%;height:600px\" aria-label=\"Incorporado de 5-ENTREGAS-DE-CESTAS-BASICAS-1.\"><\/object><a id=\"wp-block-file--media-baa8a6da-4481-4daa-bb3f-9b660d9cb92c\" href=\"https:\/\/www.silvajardim.rj.gov.br\/wp-content\/uploads\/2022\/12\/5-ENTREGAS-DE-CESTAS-BASICAS-1.pdf\">5-ENTREGAS-DE-CESTAS-BASICAS-1<\/a><a href=\"https:\/\/www.silvajardim.rj.gov.br\/wp-content\/uploads\/2022\/12\/5-ENTREGAS-DE-CESTAS-BASICAS-1.pdf\" class=\"wp-block-file__button\" download aria-describedby=\"wp-block-file--media-baa8a6da-4481-4daa-bb3f-9b660d9cb92c\">Baixar<\/a><\/div>\n<!-- \/wp:file -->\n\n<!-- wp:file {\"id\":16991,\"href\":\"https:\/\/www.silvajardim.rj.gov.br\/wp-content\/uploads\/2022\/11\/4-ENTREGAS-DE-CESTAS-BASICAS.pdf\",\"displayPreview\":true} -->\n<div class=\"wp-block-file\"><object class=\"wp-block-file__embed\" data=\"https:\/\/www.silvajardim.rj.gov.br\/wp-content\/uploads\/2022\/11\/4-ENTREGAS-DE-CESTAS-BASICAS.pdf\" type=\"application\/pdf\" style=\"width:100%;height:600px\" aria-label=\"Incorporado de 4-ENTREGAS-DE-CESTAS-BASICAS.\"><\/object><a id=\"wp-block-file--media-c81a199e-24c8-48e9-b99e-8170d5a22640\" href=\"https:\/\/www.silvajardim.rj.gov.br\/wp-content\/uploads\/2022\/11\/4-ENTREGAS-DE-CESTAS-BASICAS.pdf\">4-ENTREGAS-DE-CESTAS-BASICAS<\/a><a href=\"https:\/\/www.silvajardim.rj.gov.br\/wp-content\/uploads\/2022\/11\/4-ENTREGAS-DE-CESTAS-BASICAS.pdf\" class=\"wp-block-file__button\" download aria-describedby=\"wp-block-file--media-c81a199e-24c8-48e9-b99e-8170d5a22640\">Baixar<\/a><\/div>\n<!-- \/wp:file -->\n\n<!-- wp:file {\"id\":16986,\"href\":\"https:\/\/www.silvajardim.rj.gov.br\/wp-content\/uploads\/2022\/11\/ENTREGAS-DEColchoes-e-Mantas-para-o-dia.pdf\",\"displayPreview\":true} -->\n<div class=\"wp-block-file\"><object class=\"wp-block-file__embed\" data=\"https:\/\/www.silvajardim.rj.gov.br\/wp-content\/uploads\/2022\/11\/ENTREGAS-DEColchoes-e-Mantas-para-o-dia.pdf\" type=\"application\/pdf\" style=\"width:100%;height:600px\" aria-label=\"Incorporado de ENTREGAS-DEColchoes-e-Mantas-para-o-dia.\"><\/object><a id=\"wp-block-file--media-8d2b7d9b-ba87-4836-bc66-057a3886d8c8\" href=\"https:\/\/www.silvajardim.rj.gov.br\/wp-content\/uploads\/2022\/11\/ENTREGAS-DEColchoes-e-Mantas-para-o-dia.pdf\">ENTREGAS-DEColchoes-e-Mantas-para-o-dia<\/a><a href=\"https:\/\/www.silvajardim.rj.gov.br\/wp-content\/uploads\/2022\/11\/ENTREGAS-DEColchoes-e-Mantas-para-o-dia.pdf\" class=\"wp-block-file__button\" download aria-describedby=\"wp-block-file--media-8d2b7d9b-ba87-4836-bc66-057a3886d8c8\">Baixar<\/a><\/div>\n<!-- \/wp:file -->\n\n<!-- wp:gallery {\"linkTo\":\"none\"} -->\n<figure class=\"wp-block-gallery has-nested-images columns-default is-cropped\"><!-- wp:image {\"id\":16888,\"sizeSlug\":\"large\",\"linkDestination\":\"none\"} -->\n<figure class=\"wp-block-image size-large\"><img loading=\"lazy\" decoding=\"async\" width=\"1024\" height=\"498\" src=\"https:\/\/www.silvajardim.rj.gov.br\/wp-content\/uploads\/2022\/11\/Sexta-Basica-1-1024x498.png\" alt=\"\" class=\"wp-image-16888\" srcset=\"https:\/\/www.silvajardim.rj.gov.br\/wp-content\/uploads\/2022\/11\/Sexta-Basica-1-1024x498.png 1024w, https:\/\/www.silvajardim.rj.gov.br\/wp-content\/uploads\/2022\/11\/Sexta-Basica-1-300x146.png 300w, https:\/\/www.silvajardim.rj.gov.br\/wp-content\/uploads\/2022\/11\/Sexta-Basica-1-768x374.png 768w, https:\/\/www.silvajardim.rj.gov.br\/wp-content\/uploads\/2022\/11\/Sexta-Basica-1.png 1340w\" sizes=\"auto, (max-width: 1024px) 100vw, 1024px\" \/><\/figure>\n<!-- \/wp:image --><\/figure>\n<!-- \/wp:gallery -->\n\n<!-- wp:file {\"id\":16759,\"href\":\"https:\/\/www.silvajardim.rj.gov.br\/wp-content\/uploads\/2022\/10\/aviso-de-entrega-de-material-TV-SMART.pdf\",\"displayPreview\":true} -->\n<div class=\"wp-block-file\"><object class=\"wp-block-file__embed\" data=\"https:\/\/www.silvajardim.rj.gov.br\/wp-content\/uploads\/2022\/10\/aviso-de-entrega-de-material-TV-SMART.pdf\" type=\"application\/pdf\" style=\"width:100%;height:600px\" aria-label=\"Incorporado de aviso-de-entrega-de-material-TV-SMART.\"><\/object><a id=\"wp-block-file--media-ea3232e3-dab5-4c83-8bc7-ea06f14a75ad\" href=\"https:\/\/www.silvajardim.rj.gov.br\/wp-content\/uploads\/2022\/10\/aviso-de-entrega-de-material-TV-SMART.pdf\">aviso-de-entrega-de-material-TV-SMART<\/a><a href=\"https:\/\/www.silvajardim.rj.gov.br\/wp-content\/uploads\/2022\/10\/aviso-de-entrega-de-material-TV-SMART.pdf\" class=\"wp-block-file__button\" download aria-describedby=\"wp-block-file--media-ea3232e3-dab5-4c83-8bc7-ea06f14a75ad\">Baixar<\/a><\/div>\n<!-- \/wp:file -->\n\n<!-- wp:file {\"id\":16746,\"href\":\"https:\/\/www.silvajardim.rj.gov.br\/wp-content\/uploads\/2022\/10\/2-ENTREGAS-DE-CESTAS-BASICAS.pdf\",\"displayPreview\":true} -->\n<div class=\"wp-block-file\"><object class=\"wp-block-file__embed\" data=\"https:\/\/www.silvajardim.rj.gov.br\/wp-content\/uploads\/2022\/10\/2-ENTREGAS-DE-CESTAS-BASICAS.pdf\" type=\"application\/pdf\" style=\"width:100%;height:600px\" aria-label=\"Incorporado de 2-ENTREGAS-DE-CESTAS-BASICAS.\"><\/object><a id=\"wp-block-file--media-d2cb4cca-b7f2-4089-a1e7-57cfc3f16f52\" href=\"https:\/\/www.silvajardim.rj.gov.br\/wp-content\/uploads\/2022\/10\/2-ENTREGAS-DE-CESTAS-BASICAS.pdf\">2-ENTREGAS-DE-CESTAS-BASICAS<\/a><a href=\"https:\/\/www.silvajardim.rj.gov.br\/wp-content\/uploads\/2022\/10\/2-ENTREGAS-DE-CESTAS-BASICAS.pdf\" class=\"wp-block-file__button\" download aria-describedby=\"wp-block-file--media-d2cb4cca-b7f2-4089-a1e7-57cfc3f16f52\">Baixar<\/a><\/div>\n<!-- \/wp:file -->\n\n<!-- wp:paragraph -->\n<p><\/p>\n<!-- \/wp:paragraph -->\n\n<!-- wp:file {\"id\":16686,\"href\":\"https:\/\/www.silvajardim.rj.gov.br\/wp-content\/uploads\/2022\/09\/ENTREGAS-DE-CESTAS-BASICAS.pdf\",\"displayPreview\":true} -->\n<div class=\"wp-block-file\"><object class=\"wp-block-file__embed\" data=\"https:\/\/www.silvajardim.rj.gov.br\/wp-content\/uploads\/2022\/09\/ENTREGAS-DE-CESTAS-BASICAS.pdf\" type=\"application\/pdf\" style=\"width:100%;height:600px\" aria-label=\"Incorporado de ENTREGAS-DE-CESTAS-BASICAS.\"><\/object><a id=\"wp-block-file--media-df5d3118-219c-494f-b42d-e6ebf1c30b6e\" href=\"https:\/\/www.silvajardim.rj.gov.br\/wp-content\/uploads\/2022\/09\/ENTREGAS-DE-CESTAS-BASICAS.pdf\">ENTREGAS-DE-CESTAS-BASICAS<\/a><a href=\"https:\/\/www.silvajardim.rj.gov.br\/wp-content\/uploads\/2022\/09\/ENTREGAS-DE-CESTAS-BASICAS.pdf\" class=\"wp-block-file__button\" download aria-describedby=\"wp-block-file--media-df5d3118-219c-494f-b42d-e6ebf1c30b6e\">Baixar<\/a><\/div>\n<!-- \/wp:file -->\n\n<!-- wp:file {\"id\":16553,\"href\":\"https:\/\/www.silvajardim.rj.gov.br\/wp-content\/uploads\/2022\/09\/AVISO-DE-ENTREGA-DE-acem-bovina-13.09.2022.pdf\",\"displayPreview\":true} -->\n<div class=\"wp-block-file\"><object class=\"wp-block-file__embed\" data=\"https:\/\/www.silvajardim.rj.gov.br\/wp-content\/uploads\/2022\/09\/AVISO-DE-ENTREGA-DE-acem-bovina-13.09.2022.pdf\" type=\"application\/pdf\" style=\"width:100%;height:600px\" aria-label=\"Incorporado de AVISO-DE-ENTREGA-DE-acem-bovina-13.09.2022.\"><\/object><a id=\"wp-block-file--media-cb01a344-84e6-49d5-bc36-46ac82caae69\" href=\"https:\/\/www.silvajardim.rj.gov.br\/wp-content\/uploads\/2022\/09\/AVISO-DE-ENTREGA-DE-acem-bovina-13.09.2022.pdf\">AVISO-DE-ENTREGA-DE-acem-bovina-13.09.2022<\/a><a href=\"https:\/\/www.silvajardim.rj.gov.br\/wp-content\/uploads\/2022\/09\/AVISO-DE-ENTREGA-DE-acem-bovina-13.09.2022.pdf\" class=\"wp-block-file__button\" download aria-describedby=\"wp-block-file--media-cb01a344-84e6-49d5-bc36-46ac82caae69\">Baixar<\/a><\/div>\n<!-- \/wp:file -->\n\n<!-- wp:file {\"id\":16550,\"href\":\"https:\/\/www.silvajardim.rj.gov.br\/wp-content\/uploads\/2022\/09\/AVISO-DE-ENTREGA-DE-peixe-13.09.2022.pdf\",\"displayPreview\":true} -->\n<div class=\"wp-block-file\"><object class=\"wp-block-file__embed\" data=\"https:\/\/www.silvajardim.rj.gov.br\/wp-content\/uploads\/2022\/09\/AVISO-DE-ENTREGA-DE-peixe-13.09.2022.pdf\" type=\"application\/pdf\" style=\"width:100%;height:600px\" aria-label=\"Incorporado de AVISO-DE-ENTREGA-DE-peixe-13.09.2022.\"><\/object><a id=\"wp-block-file--media-cc481351-3223-4194-8c4f-c07f8c08df42\" href=\"https:\/\/www.silvajardim.rj.gov.br\/wp-content\/uploads\/2022\/09\/AVISO-DE-ENTREGA-DE-peixe-13.09.2022.pdf\">AVISO-DE-ENTREGA-DE-peixe-13.09.2022<\/a><a href=\"https:\/\/www.silvajardim.rj.gov.br\/wp-content\/uploads\/2022\/09\/AVISO-DE-ENTREGA-DE-peixe-13.09.2022.pdf\" class=\"wp-block-file__button\" download aria-describedby=\"wp-block-file--media-cc481351-3223-4194-8c4f-c07f8c08df42\">Baixar<\/a><\/div>\n<!-- \/wp:file -->\n\n<!-- wp:file {\"id\":16341,\"href\":\"https:\/\/www.silvajardim.rj.gov.br\/wp-content\/uploads\/2022\/08\/AVISO-DE-ENTREGA-DE-PEITO-DE-FRANGO-25.2022.pdf\",\"displayPreview\":true} -->\n<div class=\"wp-block-file\"><object class=\"wp-block-file__embed\" data=\"https:\/\/www.silvajardim.rj.gov.br\/wp-content\/uploads\/2022\/08\/AVISO-DE-ENTREGA-DE-PEITO-DE-FRANGO-25.2022.pdf\" type=\"application\/pdf\" style=\"width:100%;height:600px\" aria-label=\"Incorporado de AVISO-DE-ENTREGA-DE-PEITO-DE-FRANGO-25.2022.\"><\/object><a id=\"wp-block-file--media-ad7c9e03-dca3-4dec-ba00-35397ce18db0\" href=\"https:\/\/www.silvajardim.rj.gov.br\/wp-content\/uploads\/2022\/08\/AVISO-DE-ENTREGA-DE-PEITO-DE-FRANGO-25.2022.pdf\">AVISO-DE-ENTREGA-DE-PEITO-DE-FRANGO-25.2022<\/a><a href=\"https:\/\/www.silvajardim.rj.gov.br\/wp-content\/uploads\/2022\/08\/AVISO-DE-ENTREGA-DE-PEITO-DE-FRANGO-25.2022.pdf\" class=\"wp-block-file__button\" download aria-describedby=\"wp-block-file--media-ad7c9e03-dca3-4dec-ba00-35397ce18db0\">Baixar<\/a><\/div>\n<!-- \/wp:file -->\n\n<!-- wp:file {\"id\":16340,\"href\":\"https:\/\/www.silvajardim.rj.gov.br\/wp-content\/uploads\/2022\/08\/AVISO-DE-ENTREGA-DE-CARNE-BOVINA-ACEM-25.2022.pdf\",\"displayPreview\":true} -->\n<div class=\"wp-block-file\"><object class=\"wp-block-file__embed\" data=\"https:\/\/www.silvajardim.rj.gov.br\/wp-content\/uploads\/2022\/08\/AVISO-DE-ENTREGA-DE-CARNE-BOVINA-ACEM-25.2022.pdf\" type=\"application\/pdf\" style=\"width:100%;height:600px\" aria-label=\"Incorporado de AVISO-DE-ENTREGA-DE-CARNE-BOVINA-ACEM-25.2022.\"><\/object><a id=\"wp-block-file--media-3aef4cab-45b7-4519-9b04-ddf7b7552a89\" href=\"https:\/\/www.silvajardim.rj.gov.br\/wp-content\/uploads\/2022\/08\/AVISO-DE-ENTREGA-DE-CARNE-BOVINA-ACEM-25.2022.pdf\">AVISO-DE-ENTREGA-DE-CARNE-BOVINA-ACEM-25.2022<\/a><a href=\"https:\/\/www.silvajardim.rj.gov.br\/wp-content\/uploads\/2022\/08\/AVISO-DE-ENTREGA-DE-CARNE-BOVINA-ACEM-25.2022.pdf\" class=\"wp-block-file__button\" download aria-describedby=\"wp-block-file--media-3aef4cab-45b7-4519-9b04-ddf7b7552a89\">Baixar<\/a><\/div>\n<!-- \/wp:file -->\n\n<!-- wp:file {\"id\":15902,\"href\":\"https:\/\/www.silvajardim.rj.gov.br\/wp-content\/uploads\/2022\/08\/9680-Aquis-de-Expediente-ALTERNATIVA.pdf\",\"displayPreview\":true} -->\n<div class=\"wp-block-file\"><object class=\"wp-block-file__embed\" data=\"https:\/\/www.silvajardim.rj.gov.br\/wp-content\/uploads\/2022\/08\/9680-Aquis-de-Expediente-ALTERNATIVA.pdf\" type=\"application\/pdf\" style=\"width:100%;height:600px\" aria-label=\"Incorporado de 9680-Aquis-de-Expediente-ALTERNATIVA.\"><\/object><a id=\"wp-block-file--media-132da12e-0aa7-4d28-8f37-3b71d36d2b2c\" href=\"https:\/\/www.silvajardim.rj.gov.br\/wp-content\/uploads\/2022\/08\/9680-Aquis-de-Expediente-ALTERNATIVA.pdf\">9680-Aquis-de-Expediente-ALTERNATIVA<\/a><a href=\"https:\/\/www.silvajardim.rj.gov.br\/wp-content\/uploads\/2022\/08\/9680-Aquis-de-Expediente-ALTERNATIVA.pdf\" class=\"wp-block-file__button\" download aria-describedby=\"wp-block-file--media-132da12e-0aa7-4d28-8f37-3b71d36d2b2c\">Baixar<\/a><\/div>\n<!-- \/wp:file -->\n\n<!-- wp:file {\"id\":15892,\"href\":\"https:\/\/www.silvajardim.rj.gov.br\/wp-content\/uploads\/2022\/08\/7500-Aquis-de-Material-de-limpeza-JFD.pdf\",\"displayPreview\":true} -->\n<div class=\"wp-block-file\"><object class=\"wp-block-file__embed\" data=\"https:\/\/www.silvajardim.rj.gov.br\/wp-content\/uploads\/2022\/08\/7500-Aquis-de-Material-de-limpeza-JFD.pdf\" type=\"application\/pdf\" style=\"width:100%;height:600px\" aria-label=\"Incorporado de 7500-Aquis-de-Material-de-limpeza-JFD.\"><\/object><a id=\"wp-block-file--media-4cc73df6-1def-49dc-899f-72eaa5c96369\" href=\"https:\/\/www.silvajardim.rj.gov.br\/wp-content\/uploads\/2022\/08\/7500-Aquis-de-Material-de-limpeza-JFD.pdf\">7500-Aquis-de-Material-de-limpeza-JFD<\/a><a href=\"https:\/\/www.silvajardim.rj.gov.br\/wp-content\/uploads\/2022\/08\/7500-Aquis-de-Material-de-limpeza-JFD.pdf\" class=\"wp-block-file__button\" download aria-describedby=\"wp-block-file--media-4cc73df6-1def-49dc-899f-72eaa5c96369\">Baixar<\/a><\/div>\n<!-- \/wp:file -->\n\n<!-- wp:file {\"id\":14822,\"href\":\"https:\/\/www.silvajardim.rj.gov.br\/wp-content\/uploads\/2022\/07\/AVISO-DE-ENTREGA-EMPRESA-AGS..pdf\",\"displayPreview\":true} -->\n<div class=\"wp-block-file\"><object class=\"wp-block-file__embed\" data=\"https:\/\/www.silvajardim.rj.gov.br\/wp-content\/uploads\/2022\/07\/AVISO-DE-ENTREGA-EMPRESA-AGS..pdf\" type=\"application\/pdf\" style=\"width:100%;height:600px\" aria-label=\"Incorporado de AVISO-DE-ENTREGA-EMPRESA-AGS..\"><\/object><a id=\"wp-block-file--media-87cf449b-99d0-4bba-8809-9c1b41d67899\" href=\"https:\/\/www.silvajardim.rj.gov.br\/wp-content\/uploads\/2022\/07\/AVISO-DE-ENTREGA-EMPRESA-AGS..pdf\">AVISO-DE-ENTREGA-EMPRESA-AGS.<\/a><a href=\"https:\/\/www.silvajardim.rj.gov.br\/wp-content\/uploads\/2022\/07\/AVISO-DE-ENTREGA-EMPRESA-AGS..pdf\" class=\"wp-block-file__button\" download aria-describedby=\"wp-block-file--media-87cf449b-99d0-4bba-8809-9c1b41d67899\">Baixar<\/a><\/div>\n<!-- \/wp:file -->\n\n<!-- wp:file {\"id\":14818,\"href\":\"https:\/\/www.silvajardim.rj.gov.br\/wp-content\/uploads\/2022\/07\/Entrega-de-Carne-seca-e-figado-bovino-02-e-03-de-agosto..pdf\",\"displayPreview\":true} -->\n<div class=\"wp-block-file\"><object class=\"wp-block-file__embed\" data=\"https:\/\/www.silvajardim.rj.gov.br\/wp-content\/uploads\/2022\/07\/Entrega-de-Carne-seca-e-figado-bovino-02-e-03-de-agosto..pdf\" type=\"application\/pdf\" style=\"width:100%;height:600px\" aria-label=\"Incorporado de Entrega-de-Carne-seca-e-figado-bovino-02-e-03-de-agosto..\"><\/object><a id=\"wp-block-file--media-5dd189f4-f91d-438e-bcf0-e6e22410ee13\" href=\"https:\/\/www.silvajardim.rj.gov.br\/wp-content\/uploads\/2022\/07\/Entrega-de-Carne-seca-e-figado-bovino-02-e-03-de-agosto..pdf\">Entrega-de-Carne-seca-e-figado-bovino-02-e-03-de-agosto.<\/a><a href=\"https:\/\/www.silvajardim.rj.gov.br\/wp-content\/uploads\/2022\/07\/Entrega-de-Carne-seca-e-figado-bovino-02-e-03-de-agosto..pdf\" class=\"wp-block-file__button\" download aria-describedby=\"wp-block-file--media-5dd189f4-f91d-438e-bcf0-e6e22410ee13\">Baixar<\/a><\/div>\n<!-- \/wp:file -->\n\n<!-- wp:file {\"id\":14789,\"href\":\"https:\/\/www.silvajardim.rj.gov.br\/wp-content\/uploads\/2022\/07\/AVISO-DE-ENTREGA-DE-peixe-01.08.2022.pdf\",\"displayPreview\":true} -->\n<div class=\"wp-block-file\"><object class=\"wp-block-file__embed\" data=\"https:\/\/www.silvajardim.rj.gov.br\/wp-content\/uploads\/2022\/07\/AVISO-DE-ENTREGA-DE-peixe-01.08.2022.pdf\" type=\"application\/pdf\" style=\"width:100%;height:600px\" aria-label=\"Incorporado de AVISO-DE-ENTREGA-DE-peixe-01.08.2022.\"><\/object><a id=\"wp-block-file--media-4b0523ae-d1ab-436a-be7a-71bc7d4ec2ca\" href=\"https:\/\/www.silvajardim.rj.gov.br\/wp-content\/uploads\/2022\/07\/AVISO-DE-ENTREGA-DE-peixe-01.08.2022.pdf\">AVISO-DE-ENTREGA-DE-peixe-01.08.2022<\/a><a href=\"https:\/\/www.silvajardim.rj.gov.br\/wp-content\/uploads\/2022\/07\/AVISO-DE-ENTREGA-DE-peixe-01.08.2022.pdf\" class=\"wp-block-file__button\" download aria-describedby=\"wp-block-file--media-4b0523ae-d1ab-436a-be7a-71bc7d4ec2ca\">Baixar<\/a><\/div>\n<!-- \/wp:file -->\n\n<!-- wp:file {\"id\":14759,\"href\":\"https:\/\/www.silvajardim.rj.gov.br\/wp-content\/uploads\/2022\/07\/9680-Aquis-de-Expediente-PARCO.pdf\",\"displayPreview\":true} -->\n<div class=\"wp-block-file\"><object class=\"wp-block-file__embed\" data=\"https:\/\/www.silvajardim.rj.gov.br\/wp-content\/uploads\/2022\/07\/9680-Aquis-de-Expediente-PARCO.pdf\" type=\"application\/pdf\" style=\"width:100%;height:600px\" aria-label=\"Incorporado de 9680-Aquis-de-Expediente-PARCO.\"><\/object><a id=\"wp-block-file--media-00f1c2dc-d4a6-4df8-800c-1640bbce802f\" href=\"https:\/\/www.silvajardim.rj.gov.br\/wp-content\/uploads\/2022\/07\/9680-Aquis-de-Expediente-PARCO.pdf\">9680-Aquis-de-Expediente-PARCO<\/a><a href=\"https:\/\/www.silvajardim.rj.gov.br\/wp-content\/uploads\/2022\/07\/9680-Aquis-de-Expediente-PARCO.pdf\" class=\"wp-block-file__button\" download aria-describedby=\"wp-block-file--media-00f1c2dc-d4a6-4df8-800c-1640bbce802f\">Baixar<\/a><\/div>\n<!-- \/wp:file -->\n\n<!-- wp:file {\"id\":14735,\"href\":\"https:\/\/www.silvajardim.rj.gov.br\/wp-content\/uploads\/2022\/07\/AVISO-DE-ENTREGA-DE-PEITO-DE-FRANGO.pdf\",\"displayPreview\":true} -->\n<div class=\"wp-block-file\"><object class=\"wp-block-file__embed\" data=\"https:\/\/www.silvajardim.rj.gov.br\/wp-content\/uploads\/2022\/07\/AVISO-DE-ENTREGA-DE-PEITO-DE-FRANGO.pdf\" type=\"application\/pdf\" style=\"width:100%;height:600px\" aria-label=\"Incorporado de AVISO-DE-ENTREGA-DE-PEITO-DE-FRANGO.\"><\/object><a id=\"wp-block-file--media-a950d2ad-0847-48be-ad96-4d6082824319\" href=\"https:\/\/www.silvajardim.rj.gov.br\/wp-content\/uploads\/2022\/07\/AVISO-DE-ENTREGA-DE-PEITO-DE-FRANGO.pdf\">AVISO-DE-ENTREGA-DE-PEITO-DE-FRANGO<\/a><a href=\"https:\/\/www.silvajardim.rj.gov.br\/wp-content\/uploads\/2022\/07\/AVISO-DE-ENTREGA-DE-PEITO-DE-FRANGO.pdf\" class=\"wp-block-file__button\" download aria-describedby=\"wp-block-file--media-a950d2ad-0847-48be-ad96-4d6082824319\">Baixar<\/a><\/div>\n<!-- \/wp:file -->\n\n<!-- wp:file {\"id\":14734,\"href\":\"https:\/\/www.silvajardim.rj.gov.br\/wp-content\/uploads\/2022\/07\/AVISO-DE-ENTREGA-DE-CARNE-BOVINA-ACEM-1.pdf\",\"displayPreview\":true} -->\n<div class=\"wp-block-file\"><object class=\"wp-block-file__embed\" data=\"https:\/\/www.silvajardim.rj.gov.br\/wp-content\/uploads\/2022\/07\/AVISO-DE-ENTREGA-DE-CARNE-BOVINA-ACEM-1.pdf\" type=\"application\/pdf\" style=\"width:100%;height:600px\" aria-label=\"Incorporado de AVISO-DE-ENTREGA-DE-CARNE-BOVINA-ACEM-1.\"><\/object><a id=\"wp-block-file--media-1a6e4407-a8d9-46aa-86f5-c0c9225a5cc3\" href=\"https:\/\/www.silvajardim.rj.gov.br\/wp-content\/uploads\/2022\/07\/AVISO-DE-ENTREGA-DE-CARNE-BOVINA-ACEM-1.pdf\">AVISO-DE-ENTREGA-DE-CARNE-BOVINA-ACEM-1<\/a><a href=\"https:\/\/www.silvajardim.rj.gov.br\/wp-content\/uploads\/2022\/07\/AVISO-DE-ENTREGA-DE-CARNE-BOVINA-ACEM-1.pdf\" class=\"wp-block-file__button\" download aria-describedby=\"wp-block-file--media-1a6e4407-a8d9-46aa-86f5-c0c9225a5cc3\">Baixar<\/a><\/div>\n<!-- \/wp:file -->\n\n<!-- wp:file {\"id\":14635,\"href\":\"https:\/\/www.silvajardim.rj.gov.br\/wp-content\/uploads\/2022\/07\/aviso-de-entrega-de-material-ALTERNATIVA-PAPELARIA.pdf\",\"displayPreview\":true} -->\n<div class=\"wp-block-file\"><object class=\"wp-block-file__embed\" data=\"https:\/\/www.silvajardim.rj.gov.br\/wp-content\/uploads\/2022\/07\/aviso-de-entrega-de-material-ALTERNATIVA-PAPELARIA.pdf\" type=\"application\/pdf\" style=\"width:100%;height:600px\" aria-label=\"Incorporado de aviso-de-entrega-de-material-ALTERNATIVA-PAPELARIA.\"><\/object><a id=\"wp-block-file--media-2b047947-a3cb-498e-b7fc-396fae50c87e\" href=\"https:\/\/www.silvajardim.rj.gov.br\/wp-content\/uploads\/2022\/07\/aviso-de-entrega-de-material-ALTERNATIVA-PAPELARIA.pdf\">aviso-de-entrega-de-material-ALTERNATIVA-PAPELARIA<\/a><a href=\"https:\/\/www.silvajardim.rj.gov.br\/wp-content\/uploads\/2022\/07\/aviso-de-entrega-de-material-ALTERNATIVA-PAPELARIA.pdf\" class=\"wp-block-file__button\" download aria-describedby=\"wp-block-file--media-2b047947-a3cb-498e-b7fc-396fae50c87e\">Baixar<\/a><\/div>\n<!-- \/wp:file -->\n\n<!-- wp:file {\"id\":14632,\"href\":\"https:\/\/www.silvajardim.rj.gov.br\/wp-content\/uploads\/2022\/07\/aviso-de-entrega-de-material-ALTERNATIVA-HIGIENE.pdf\",\"displayPreview\":true} -->\n<div class=\"wp-block-file\"><object class=\"wp-block-file__embed\" data=\"https:\/\/www.silvajardim.rj.gov.br\/wp-content\/uploads\/2022\/07\/aviso-de-entrega-de-material-ALTERNATIVA-HIGIENE.pdf\" type=\"application\/pdf\" style=\"width:100%;height:600px\" aria-label=\"Incorporado de aviso-de-entrega-de-material-ALTERNATIVA-HIGIENE.\"><\/object><a id=\"wp-block-file--media-95eb022e-b50a-4b9c-95ac-54a580125a73\" href=\"https:\/\/www.silvajardim.rj.gov.br\/wp-content\/uploads\/2022\/07\/aviso-de-entrega-de-material-ALTERNATIVA-HIGIENE.pdf\">aviso-de-entrega-de-material-ALTERNATIVA-HIGIENE<\/a><a href=\"https:\/\/www.silvajardim.rj.gov.br\/wp-content\/uploads\/2022\/07\/aviso-de-entrega-de-material-ALTERNATIVA-HIGIENE.pdf\" class=\"wp-block-file__button\" download aria-describedby=\"wp-block-file--media-95eb022e-b50a-4b9c-95ac-54a580125a73\">Baixar<\/a><\/div>\n<!-- \/wp:file -->\n\n<!-- wp:paragraph -->\n<p><strong>Material Cesta B\u00e1sica<\/strong><br>Local: CRAS Criar<br>Rua: Padre Ant\u00f4nio Pinto, n\u00ba 322 &#8211; Santo Expedito- Silva Jardim\/RJ;<br>Quantidade: 250 Cestas<br>Data: 15\/07\/2022<br>Hora: 14:00<\/p>\n<!-- \/wp:paragraph -->\n\n<!-- wp:paragraph -->\n<p><strong>Material Cesta B\u00e1sica<\/strong><br>Local: CRAS Renascer<br>Rua: Padre \u00c1vila, n\u00ba. 137 &#8211; Centro &#8211; Silva Jardim\/RJ;<br>Quantidade: 250 Cestas<br>Data: 15\/07\/2022<br>Hora: 14:00<\/p>\n<!-- \/wp:paragraph -->\n\n<!-- wp:file {\"id\":14597,\"href\":\"https:\/\/www.silvajardim.rj.gov.br\/wp-content\/uploads\/2022\/07\/aviso-de-entrega-de-material-THAGIU.pdf\",\"displayPreview\":true,\"previewHeight\":485} -->\n<div class=\"wp-block-file\"><object class=\"wp-block-file__embed\" data=\"https:\/\/www.silvajardim.rj.gov.br\/wp-content\/uploads\/2022\/07\/aviso-de-entrega-de-material-THAGIU.pdf\" type=\"application\/pdf\" style=\"width:100%;height:485px\" aria-label=\"Incorporado de aviso-de-entrega-de-material-THAGIU.\"><\/object><a id=\"wp-block-file--media-cd1ee671-a26e-4dd7-9686-c866923b2c04\" href=\"https:\/\/www.silvajardim.rj.gov.br\/wp-content\/uploads\/2022\/07\/aviso-de-entrega-de-material-THAGIU.pdf\">aviso-de-entrega-de-material-THAGIU<\/a><a href=\"https:\/\/www.silvajardim.rj.gov.br\/wp-content\/uploads\/2022\/07\/aviso-de-entrega-de-material-THAGIU.pdf\" class=\"wp-block-file__button\" download aria-describedby=\"wp-block-file--media-cd1ee671-a26e-4dd7-9686-c866923b2c04\">Baixar<\/a><\/div>\n<!-- \/wp:file -->\n\n<!-- wp:separator -->\n<hr class=\"wp-block-separator\"\/>\n<!-- \/wp:separator -->\n\n<!-- wp:separator -->\n<hr class=\"wp-block-separator\"\/>\n<!-- \/wp:separator -->\n\n<!-- wp:paragraph -->\n<p><strong>Educa\u00e7\u00e3o<\/strong><\/p>\n<!-- \/wp:paragraph -->\n\n<!-- wp:paragraph -->\n<p>Objeto: papel higi\u00eanico<br>Local: <strong>Setor de Almoxarifado<\/strong><\/p>\n<!-- \/wp:paragraph -->\n\n<!-- wp:paragraph -->\n<p><strong>Rua Augusto Ant\u00f4nio de Amorim, 412 Reginopolis<\/strong><\/p>\n<!-- \/wp:paragraph -->\n\n<!-- wp:paragraph -->\n<p>Data: 08\/07\/2022<br>Hor\u00e1rio: 16:00h<\/p>\n<!-- \/wp:paragraph -->\n\n<!-- wp:separator -->\n<hr class=\"wp-block-separator\"\/>\n<!-- \/wp:separator -->\n\n<!-- wp:paragraph -->\n<p>Hora: 14:00<\/p>\n<!-- \/wp:paragraph -->\n\n<!-- wp:paragraph -->\n<p>OBJETO: \u00d3LEO DE SOJA.<\/p>\n<!-- \/wp:paragraph -->\n\n<!-- wp:paragraph -->\n<p>LOCAL: CEPM PROF\u00aa VERA LUCIA P. COELHO.<\/p>\n<!-- \/wp:paragraph -->\n\n<!-- wp:paragraph -->\n<p>Rua Augusto Ant\u00f4nio de Amorim, 412 &#8211; Regin\u00f3polis, Silva Jardim &#8211; RJ<\/p>\n<!-- \/wp:paragraph -->\n\n<!-- wp:paragraph -->\n<p>DATA: 08\/06\/2022<\/p>\n<!-- \/wp:paragraph -->\n\n<!-- wp:paragraph -->\n<p>HOR\u00c1RIO COMERCIAL.<\/p>\n<!-- \/wp:paragraph -->\n\n<!-- wp:separator -->\n<hr class=\"wp-block-separator\"\/>\n<!-- \/wp:separator -->\n\n<!-- wp:paragraph -->\n<p>Material Cesta B\u00e1sica<\/p>\n<!-- \/wp:paragraph -->\n\n<!-- wp:paragraph -->\n<p>Local: <strong>CRAS <strong>Renascer<\/strong><\/strong><\/p>\n<!-- \/wp:paragraph -->\n\n<!-- wp:paragraph -->\n<p><strong>Rua: Padre \u00c1vila,&nbsp;n\u00ba. 137 &#8211; Centro &#8211; Silva Jardim\/RJ;<\/strong><\/p>\n<!-- \/wp:paragraph -->\n\n<!-- wp:paragraph -->\n<p>Quantidade: 250 Cestas<\/p>\n<!-- \/wp:paragraph -->\n\n<!-- wp:paragraph -->\n<p>06\/07\/2022 \u00e0s 10 horas<\/p>\n<!-- \/wp:paragraph -->\n\n<!-- wp:separator -->\n<hr class=\"wp-block-separator\"\/>\n<!-- \/wp:separator -->\n\n<!-- wp:paragraph -->\n<p>Material Cesta B\u00e1sica<\/p>\n<!-- \/wp:paragraph -->\n\n<!-- wp:paragraph -->\n<p>Local: <strong>CRAS <strong>Criar<\/strong><\/strong><\/p>\n<!-- \/wp:paragraph -->\n\n<!-- wp:paragraph -->\n<p><strong>Rua: Padre Ant\u00f4nio&nbsp;Pinto, n\u00ba 322 &#8211; Santo Expedito- Silva Jardim\/RJ<\/strong><\/p>\n<!-- \/wp:paragraph -->\n\n<!-- wp:paragraph -->\n<p>Quantidade: 250 Cestas<\/p>\n<!-- \/wp:paragraph -->\n\n<!-- wp:paragraph -->\n<p>06\/07\/2022 \u00e0s 10 horas<\/p>\n<!-- \/wp:paragraph -->\n\n<!-- wp:separator -->\n<hr class=\"wp-block-separator\"\/>\n<!-- \/wp:separator -->\n\n<!-- wp:paragraph -->\n<p>Material Cesta B\u00e1sica<\/p>\n<!-- \/wp:paragraph -->\n\n<!-- wp:paragraph -->\n<p>Local: <strong>CRAS <strong>Renascer<\/strong><\/strong><\/p>\n<!-- \/wp:paragraph -->\n\n<!-- wp:paragraph -->\n<p>Endere\u00e7o: <strong>Rua: Padre \u00c1vila,&nbsp;n\u00ba. 137 &#8211; Centro &#8211; Silva Jardim\/RJ<\/strong><\/p>\n<!-- \/wp:paragraph -->\n\n<!-- wp:paragraph -->\n<p>Quantidade: 250 Cestas<\/p>\n<!-- \/wp:paragraph -->\n\n<!-- wp:paragraph -->\n<p>30\/05\/2022<\/p>\n<!-- \/wp:paragraph -->\n\n<!-- wp:paragraph -->\n<p>Hora: 14:00<\/p>\n<!-- \/wp:paragraph -->\n\n<!-- wp:separator -->\n<hr class=\"wp-block-separator\"\/>\n<!-- \/wp:separator -->\n\n<!-- wp:paragraph -->\n<p>Material Cesta B\u00e1sica<\/p>\n<!-- \/wp:paragraph -->\n\n<!-- wp:paragraph -->\n<p>Local: <strong>CRAS Criar<\/strong><\/p>\n<!-- \/wp:paragraph -->\n\n<!-- wp:paragraph -->\n<p>Endere\u00e7o: <strong>Rua: Padre Ant\u00f4nio&nbsp;Pinto, n\u00ba 322 &#8211; Santo Expedito- Silva Jardim\/RJ<\/strong><\/p>\n<!-- \/wp:paragraph -->\n\n<!-- wp:paragraph -->\n<p>Quantidade: 250 Cestas<\/p>\n<!-- \/wp:paragraph -->\n\n<!-- wp:paragraph -->\n<p>30\/05\/2022<\/p>\n<!-- \/wp:paragraph -->\n\n<!-- wp:paragraph -->\n<p>Hora: 14:00<\/p>\n<!-- \/wp:paragraph -->\n\n<!-- wp:separator -->\n<hr class=\"wp-block-separator\"\/>\n<!-- \/wp:separator -->\n\n<!-- wp:paragraph -->\n<p>Material Cesta B\u00e1sica<\/p>\n<!-- \/wp:paragraph -->\n\n<!-- wp:paragraph -->\n<p>Local:&nbsp;<strong>CRAS Criar<\/strong><\/p>\n<!-- \/wp:paragraph -->\n\n<!-- wp:paragraph -->\n<p><strong>Rua: Padre Ant\u00f4nio&nbsp;Pinto, n\u00ba 322 &#8211; Santo Expedito- Silva Jardim\/RJ;<\/strong><\/p>\n<!-- \/wp:paragraph -->\n\n<!-- wp:paragraph -->\n<p>Quantidade: 250 Cestas<\/p>\n<!-- \/wp:paragraph -->\n\n<!-- wp:paragraph -->\n<p>Data: 26\/04\/2022<\/p>\n<!-- \/wp:paragraph -->\n\n<!-- wp:paragraph -->\n<p>Hora: 14:00<\/p>\n<!-- \/wp:paragraph -->\n\n<!-- wp:separator -->\n<hr class=\"wp-block-separator\"\/>\n<!-- \/wp:separator -->\n\n<!-- wp:paragraph -->\n<p>Material Cesta B\u00e1sica<\/p>\n<!-- \/wp:paragraph -->\n\n<!-- wp:paragraph -->\n<p>Local:&nbsp;<strong>CRAS Renascer <\/strong><\/p>\n<!-- \/wp:paragraph -->\n\n<!-- wp:file {\"id\":17854,\"href\":\"https:\/\/www.silvajardim.rj.gov.br\/wp-content\/uploads\/2023\/02\/9-ENTREGAS-DE-CESTAS-BASICAS.pdf\",\"displayPreview\":true} -->\n<div class=\"wp-block-file\"><object class=\"wp-block-file__embed\" data=\"https:\/\/www.silvajardim.rj.gov.br\/wp-content\/uploads\/2023\/02\/9-ENTREGAS-DE-CESTAS-BASICAS.pdf\" type=\"application\/pdf\" style=\"width:100%;height:600px\" aria-label=\"Incorporado de 9-ENTREGAS-DE-CESTAS-BASICAS.\"><\/object><a id=\"wp-block-file--media-36dcbe9c-8e56-4718-a4ee-25522cd8c59b\" href=\"https:\/\/www.silvajardim.rj.gov.br\/wp-content\/uploads\/2023\/02\/9-ENTREGAS-DE-CESTAS-BASICAS.pdf\">9-ENTREGAS-DE-CESTAS-BASICAS<\/a><a href=\"https:\/\/www.silvajardim.rj.gov.br\/wp-content\/uploads\/2023\/02\/9-ENTREGAS-DE-CESTAS-BASICAS.pdf\" class=\"wp-block-file__button\" download aria-describedby=\"wp-block-file--media-36dcbe9c-8e56-4718-a4ee-25522cd8c59b\">Baixar<\/a><\/div>\n<!-- \/wp:file -->\n\n<!-- wp:paragraph -->\n<p>Quantidade: 250 Cestas<\/p>\n<!-- \/wp:paragraph -->\n\n<!-- wp:paragraph -->\n<p>Data: 26\/04\/2022<\/p>\n<!-- \/wp:paragraph -->\n\n<!-- wp:paragraph -->\n<p>Hora: 14:00<\/p>\n<!-- \/wp:paragraph -->\n\n<!-- wp:file {\"id\":13754,\"href\":\"https:\/\/www.silvajardim.rj.gov.br\/wp-content\/uploads\/2022\/05\/CRONOGRAMA-DE-ENTREGA-SEMEC-CT-REVISADO.pdf\",\"displayPreview\":true} -->\n<div class=\"wp-block-file\"><object class=\"wp-block-file__embed\" data=\"https:\/\/www.silvajardim.rj.gov.br\/wp-content\/uploads\/2022\/05\/CRONOGRAMA-DE-ENTREGA-SEMEC-CT-REVISADO.pdf\" type=\"application\/pdf\" style=\"width:100%;height:600px\" aria-label=\"Incorporado de CRONOGRAMA-DE-ENTREGA-SEMEC-CT-REVISADO.\"><\/object><a id=\"wp-block-file--media-3726b08b-d40b-4f97-8bec-d349698c58ec\" href=\"https:\/\/www.silvajardim.rj.gov.br\/wp-content\/uploads\/2022\/05\/CRONOGRAMA-DE-ENTREGA-SEMEC-CT-REVISADO.pdf\">CRONOGRAMA-DE-ENTREGA-SEMEC-CT-REVISADO<\/a><a href=\"https:\/\/www.silvajardim.rj.gov.br\/wp-content\/uploads\/2022\/05\/CRONOGRAMA-DE-ENTREGA-SEMEC-CT-REVISADO.pdf\" class=\"wp-block-file__button\" download aria-describedby=\"wp-block-file--media-3726b08b-d40b-4f97-8bec-d349698c58ec\">Baixar<\/a><\/div>\n<!-- \/wp:file -->\n\n<!-- wp:paragraph -->\n<p><\/p>\n<!-- \/wp:paragraph -->\n\n<!-- wp:paragraph -->\n<p>ATA DE REGISTRO DE PRE\u00c7O N\u00ba 23\/2022 &#8211; PREG\u00c3O NA FORMA PRESENCIAL PARA SRP N\u00ba 11\/2022 &#8211; FME<br>EMPRESA: CM DISTRIBUIDORA SERVI\u00c7OS E LOCA\u00c7OES EIRELI<br>CNPJ N\u00ba 26.725.081\/0001-80.<br>G\u00caNERO ALIMENT\u00cdCIO: CARNE BOVINA AC\u00c9M<br>DATA: 18\/05\/2022<\/p>\n<!-- \/wp:paragraph -->\n\n<!-- wp:paragraph -->\n<p><\/p>\n<!-- \/wp:paragraph -->\n\n<!-- wp:paragraph -->\n<p>EMPRESA: R M GUIMAR\u00c3ES LANCHONETE ME<br>CNPJ N\u00ba 04.147.928\/0001-54<br>G\u00caNERO ALIMENT\u00cdCIO: \u00d3LEO DE SOJA<br>DATA DE ENTREGA : 19\/05\/2022 e 20\/05\/2022<\/p>\n<!-- \/wp:paragraph -->\n\n<!-- wp:paragraph -->\n<p><\/p>\n<!-- \/wp:paragraph -->\n\n<!-- wp:paragraph -->\n<p>G\u00caNERO ALIMENT\u00cdCIO DA AGRICULTURA FAMILIAR<br>PRODUTO: IOGURTE DE FRUTAS<br>DATA DE ENTREGA : 23\/05\/2022.<\/p>\n<!-- \/wp:paragraph -->\n\n<!-- wp:paragraph -->\n<p><\/p>\n<!-- \/wp:paragraph -->\n\n<!-- wp:paragraph -->\n<p>EMPRESA: JFD COM\u00c9RCIO E SERVI\u00c7O LTDA<br>CNPJ N\u00ba 26.943.752\/0001-80<\/p>\n<!-- \/wp:paragraph -->\n\n<!-- wp:paragraph -->\n<p>OBJETO: FRALDAS<\/p>\n<!-- \/wp:paragraph -->\n\n<!-- wp:paragraph -->\n<p>LOCAL: ALMOXARIFADO.<br>ENDERE\u00c7O: RUA AUGUSTO ANTONIO DE AMORIM, 400<br>CAJ\u00da &#8211; SILVA JARDIM\/RJ<\/p>\n<!-- \/wp:paragraph -->\n\n<!-- wp:file {\"id\":14337,\"href\":\"https:\/\/www.silvajardim.rj.gov.br\/wp-content\/uploads\/2022\/06\/ENTREGA-DE-PEIXE.pdf\",\"displayPreview\":true} -->\n<div class=\"wp-block-file\"><object class=\"wp-block-file__embed\" data=\"https:\/\/www.silvajardim.rj.gov.br\/wp-content\/uploads\/2022\/06\/ENTREGA-DE-PEIXE.pdf\" type=\"application\/pdf\" style=\"width:100%;height:600px\" aria-label=\"Incorporado de ENTREGA-DE-PEIXE.\"><\/object><a id=\"wp-block-file--media-74febd92-16c1-4158-b38b-3df2c7e583ed\" href=\"https:\/\/www.silvajardim.rj.gov.br\/wp-content\/uploads\/2022\/06\/ENTREGA-DE-PEIXE.pdf\">ENTREGA-DE-PEIXE<\/a><a href=\"https:\/\/www.silvajardim.rj.gov.br\/wp-content\/uploads\/2022\/06\/ENTREGA-DE-PEIXE.pdf\" class=\"wp-block-file__button\" download aria-describedby=\"wp-block-file--media-74febd92-16c1-4158-b38b-3df2c7e583ed\">Baixar<\/a><\/div>\n<!-- \/wp:file -->\n\n<!-- wp:paragraph -->\n<p>EMPRESA: K.X.D COM\u00c9RCIO LTDA<br>CNPJ N\u00ba 15.194.975\/0001-75<\/p>\n<!-- \/wp:paragraph -->\n\n<!-- wp:paragraph -->\n<p><\/p>\n<!-- \/wp:paragraph -->\n\n<!-- wp:paragraph -->\n<p><br>OBJETO: Balde em alum\u00ednio e toalha de rosto.<\/p>\n<!-- \/wp:paragraph -->\n\n<!-- wp:paragraph -->\n<p>LOCAL: ALMOXARIFADO DA SEMECT.<br>Rua Augusto Ant\u00f4nio de Amorim, n\u00ba 400 \u2013 Caju<\/p>\n<!-- \/wp:paragraph -->\n\n<!-- wp:paragraph -->\n<p><br>DATA: 28\/06\/2022 \u00e0s 14:00h<\/p>\n<!-- \/wp:paragraph -->\n\n<!-- wp:file {\"id\":14381,\"href\":\"https:\/\/www.silvajardim.rj.gov.br\/wp-content\/uploads\/2022\/06\/Entrega-de-Carne-seca-e-figado-bovino.pdf\",\"displayPreview\":true} -->\n<div class=\"wp-block-file\"><object class=\"wp-block-file__embed\" data=\"https:\/\/www.silvajardim.rj.gov.br\/wp-content\/uploads\/2022\/06\/Entrega-de-Carne-seca-e-figado-bovino.pdf\" type=\"application\/pdf\" style=\"width:100%;height:600px\" aria-label=\"Incorporado de Entrega-de-Carne-seca-e-figado-bovino.\"><\/object><a id=\"wp-block-file--media-6909568e-9433-459a-90d6-f7622bc49c68\" href=\"https:\/\/www.silvajardim.rj.gov.br\/wp-content\/uploads\/2022\/06\/Entrega-de-Carne-seca-e-figado-bovino.pdf\">Entrega-de-Carne-seca-e-figado-bovino<\/a><a href=\"https:\/\/www.silvajardim.rj.gov.br\/wp-content\/uploads\/2022\/06\/Entrega-de-Carne-seca-e-figado-bovino.pdf\" class=\"wp-block-file__button\" download aria-describedby=\"wp-block-file--media-6909568e-9433-459a-90d6-f7622bc49c68\">Baixar<\/a><\/div>\n<!-- \/wp:file -->\n\n<!-- wp:paragraph -->\n<p><\/p>\n<!-- \/wp:paragraph -->\n\n<!-- wp:paragraph -->\n<p><\/p>\n<!-- \/wp:paragraph -->\n\n<!-- wp:file {\"id\":14476,\"href\":\"https:\/\/www.silvajardim.rj.gov.br\/wp-content\/uploads\/2022\/06\/AVISO-DE-ENTREGA-DE-SAL.pdf\",\"displayPreview\":true} -->\n<div class=\"wp-block-file\"><object class=\"wp-block-file__embed\" data=\"https:\/\/www.silvajardim.rj.gov.br\/wp-content\/uploads\/2022\/06\/AVISO-DE-ENTREGA-DE-SAL.pdf\" type=\"application\/pdf\" style=\"width:100%;height:600px\" aria-label=\"Incorporado de AVISO-DE-ENTREGA-DE-SAL.\"><\/object><a id=\"wp-block-file--media-0613759c-9301-4b2e-bd20-1f4a3b07706c\" href=\"https:\/\/www.silvajardim.rj.gov.br\/wp-content\/uploads\/2022\/06\/AVISO-DE-ENTREGA-DE-SAL.pdf\">AVISO-DE-ENTREGA-DE-SAL<\/a><a href=\"https:\/\/www.silvajardim.rj.gov.br\/wp-content\/uploads\/2022\/06\/AVISO-DE-ENTREGA-DE-SAL.pdf\" class=\"wp-block-file__button\" download aria-describedby=\"wp-block-file--media-0613759c-9301-4b2e-bd20-1f4a3b07706c\">Baixar<\/a><\/div>\n<!-- \/wp:file -->\n\n<!-- wp:paragraph -->\n<p><\/p>\n<!-- \/wp:paragraph -->\n\n<!-- wp:paragraph -->\n<p>EMPRESA: REAL NUTRI\u00c7\u00c3O COM\u00c9RCIO E SERVI\u00c7OS LTDA<br>CNPJ N\u00ba 18.716.571\/0001-03<\/p>\n<!-- \/wp:paragraph -->\n\n<!-- wp:paragraph -->\n<p>OBJETO: M\u00c1SCARA.<\/p>\n<!-- \/wp:paragraph -->\n\n<!-- wp:paragraph -->\n<p>LOCAL: ALMOXARIFADO DA SEMECT.<br>Rua Augusto Ant\u00f4nio de Amorim, n\u00ba 400 \u2013 Caju<\/p>\n<!-- \/wp:paragraph -->\n\n<!-- wp:paragraph -->\n<p>DATA: 04\/07\/2022 \u00e0s 9:00h<\/p>\n<!-- \/wp:paragraph -->\n\n<!-- wp:separator {\"align\":\"full\"} -->\n<hr class=\"wp-block-separator alignfull\"\/>\n<!-- \/wp:separator -->\n\n<!-- wp:file {\"id\":14517,\"href\":\"https:\/\/www.silvajardim.rj.gov.br\/wp-content\/uploads\/2022\/07\/aviso-de-entrega-de-material-MHT.pdf\",\"displayPreview\":true} -->\n<div class=\"wp-block-file\"><object class=\"wp-block-file__embed\" data=\"https:\/\/www.silvajardim.rj.gov.br\/wp-content\/uploads\/2022\/07\/aviso-de-entrega-de-material-MHT.pdf\" type=\"application\/pdf\" style=\"width:100%;height:600px\" aria-label=\"Incorporado de aviso-de-entrega-de-material-MHT.\"><\/object><a id=\"wp-block-file--media-69d4e4c0-1ee0-4d73-ad24-1a9533f18b39\" href=\"https:\/\/www.silvajardim.rj.gov.br\/wp-content\/uploads\/2022\/07\/aviso-de-entrega-de-material-MHT.pdf\">aviso-de-entrega-de-material-MHT<\/a><a href=\"https:\/\/www.silvajardim.rj.gov.br\/wp-content\/uploads\/2022\/07\/aviso-de-entrega-de-material-MHT.pdf\" class=\"wp-block-file__button\" download aria-describedby=\"wp-block-file--media-69d4e4c0-1ee0-4d73-ad24-1a9533f18b39\">Baixar<\/a><\/div>\n<!-- \/wp:file -->\n\n<!-- wp:paragraph -->\n<p><\/p>\n<!-- \/wp:paragraph -->\n\n<!-- wp:file {\"id\":14525,\"href\":\"https:\/\/www.silvajardim.rj.gov.br\/wp-content\/uploads\/2022\/07\/AVISO-DE-ENTREGA-DE-peixe-05.07.pdf\",\"displayPreview\":true} -->\n<div class=\"wp-block-file\"><object class=\"wp-block-file__embed\" data=\"https:\/\/www.silvajardim.rj.gov.br\/wp-content\/uploads\/2022\/07\/AVISO-DE-ENTREGA-DE-peixe-05.07.pdf\" type=\"application\/pdf\" style=\"width:100%;height:600px\" aria-label=\"Incorporado de AVISO-DE-ENTREGA-DE-peixe-05.07.\"><\/object><a id=\"wp-block-file--media-960609be-3336-4468-ab7d-27261d4fd02d\" href=\"https:\/\/www.silvajardim.rj.gov.br\/wp-content\/uploads\/2022\/07\/AVISO-DE-ENTREGA-DE-peixe-05.07.pdf\">AVISO-DE-ENTREGA-DE-peixe-05.07<\/a><a href=\"https:\/\/www.silvajardim.rj.gov.br\/wp-content\/uploads\/2022\/07\/AVISO-DE-ENTREGA-DE-peixe-05.07.pdf\" class=\"wp-block-file__button\" download aria-describedby=\"wp-block-file--media-960609be-3336-4468-ab7d-27261d4fd02d\">Baixar<\/a><\/div>\n<!-- \/wp:file -->\t\t\t\t\t\t<\/div>\n\t\t\t\t<\/div>\n\t\t\t\t\t<\/div>\n\t\t<\/div>\n\t\t\t\t\t\t\t<\/div>\n\t\t<\/section>\n\t\t\t\t\t\t<\/div>\n\t\t\t\t\t<\/div>\n\t\t","protected":false},"excerpt":{"rendered":"<p>There are no files in this category Material Cesta B\u00e1sicaLocal: CRAS CriarRua: Padre Ant\u00f4nio Pinto, n\u00ba 322 &#8211; Santo Expedito-<\/p>\n","protected":false},"author":1,"featured_media":0,"parent":0,"menu_order":0,"comment_status":"closed","ping_status":"closed","template":"","meta":{"_mi_skip_tracking":false,"footnotes":""},"class_list":["post-13557","page","type-page","status-publish","hentry"],"_links":{"self":[{"href":"https:\/\/www.silvajardim.rj.gov.br\/index.php\/wp-json\/wp\/v2\/pages\/13557","targetHints":{"allow":["GET"]}}],"collection":[{"href":"https:\/\/www.silvajardim.rj.gov.br\/index.php\/wp-json\/wp\/v2\/pages"}],"about":[{"href":"https:\/\/www.silvajardim.rj.gov.br\/index.php\/wp-json\/wp\/v2\/types\/page"}],"author":[{"embeddable":true,"href":"https:\/\/www.silvajardim.rj.gov.br\/index.php\/wp-json\/wp\/v2\/users\/1"}],"replies":[{"embeddable":true,"href":"https:\/\/www.silvajardim.rj.gov.br\/index.php\/wp-json\/wp\/v2\/comments?post=13557"}],"version-history":[{"count":66,"href":"https:\/\/www.silvajardim.rj.gov.br\/index.php\/wp-json\/wp\/v2\/pages\/13557\/revisions"}],"predecessor-version":[{"id":20812,"href":"https:\/\/www.silvajardim.rj.gov.br\/index.php\/wp-json\/wp\/v2\/pages\/13557\/revisions\/20812"}],"wp:attachment":[{"href":"https:\/\/www.silvajardim.rj.gov.br\/index.php\/wp-json\/wp\/v2\/media?parent=13557"}],"curies":[{"name":"wp","href":"https:\/\/api.w.org\/{rel}","templated":true}]}}