{"id":14005,"date":"2022-06-02T16:11:44","date_gmt":"2022-06-02T19:11:44","guid":{"rendered":"https:\/\/www.silvajardim.rj.gov.br\/?page_id=14005"},"modified":"2022-06-07T16:57:35","modified_gmt":"2022-06-07T19:57:35","slug":"saude-edital-de-chamamento","status":"publish","type":"page","link":"https:\/\/www.silvajardim.rj.gov.br\/index.php\/saude-edital-de-chamamento\/","title":{"rendered":"Sa\u00fade &#8211; Edital de Chamamento"},"content":{"rendered":"\t\t<div data-elementor-type=\"wp-page\" data-elementor-id=\"14005\" class=\"elementor elementor-14005\" data-elementor-settings=\"[]\">\n\t\t\t\t\t\t\t<div class=\"elementor-section-wrap\">\n\t\t\t\t\t\t\t<section data-particle_enable=\"false\" data-particle-mobile-disabled=\"false\" class=\"elementor-section elementor-top-section elementor-element elementor-element-d3f5b61 elementor-section-boxed elementor-section-height-default elementor-section-height-default\" data-id=\"d3f5b61\" data-element_type=\"section\">\n\t\t\t\t\t\t<div class=\"elementor-container elementor-column-gap-default\">\n\t\t\t\t\t<div class=\"elementor-column elementor-col-100 elementor-top-column elementor-element elementor-element-fd2f3de\" data-id=\"fd2f3de\" data-element_type=\"column\">\n\t\t\t<div class=\"elementor-widget-wrap elementor-element-populated\">\n\t\t\t\t\t\t\t\t<div class=\"elementor-element elementor-element-6506729 elementor-widget elementor-widget-image\" data-id=\"6506729\" data-element_type=\"widget\" data-widget_type=\"image.default\">\n\t\t\t\t<div class=\"elementor-widget-container\">\n\t\t\t\t\t\t\t\t\t\t\t\t\t\t\t<img loading=\"lazy\" decoding=\"async\" width=\"900\" height=\"317\" src=\"https:\/\/www.silvajardim.rj.gov.br\/wp-content\/uploads\/2022\/06\/BANNER-SITE-v1.png\" class=\"attachment-2048x2048 size-2048x2048\" alt=\"\" srcset=\"https:\/\/www.silvajardim.rj.gov.br\/wp-content\/uploads\/2022\/06\/BANNER-SITE-v1.png 900w, https:\/\/www.silvajardim.rj.gov.br\/wp-content\/uploads\/2022\/06\/BANNER-SITE-v1-300x106.png 300w, https:\/\/www.silvajardim.rj.gov.br\/wp-content\/uploads\/2022\/06\/BANNER-SITE-v1-768x271.png 768w\" sizes=\"auto, (max-width: 900px) 100vw, 900px\" \/>\t\t\t\t\t\t\t\t\t\t\t\t\t\t\t<\/div>\n\t\t\t\t<\/div>\n\t\t\t\t\t<\/div>\n\t\t<\/div>\n\t\t\t\t\t\t\t<\/div>\n\t\t<\/section>\n\t\t\t\t<section data-particle_enable=\"false\" data-particle-mobile-disabled=\"false\" class=\"elementor-section elementor-top-section elementor-element elementor-element-08a18a1 elementor-section-boxed elementor-section-height-default elementor-section-height-default\" data-id=\"08a18a1\" data-element_type=\"section\">\n\t\t\t\t\t\t<div class=\"elementor-container elementor-column-gap-default\">\n\t\t\t\t\t<div class=\"elementor-column elementor-col-100 elementor-top-column elementor-element elementor-element-d2d27c7\" data-id=\"d2d27c7\" data-element_type=\"column\">\n\t\t\t<div class=\"elementor-widget-wrap elementor-element-populated\">\n\t\t\t\t\t\t\t\t<div class=\"elementor-element elementor-element-919f669 elementor-widget elementor-widget-image\" data-id=\"919f669\" data-element_type=\"widget\" data-widget_type=\"image.default\">\n\t\t\t\t<div class=\"elementor-widget-container\">\n\t\t\t\t\t\t\t\t\t\t\t\t\t\t\t<img loading=\"lazy\" decoding=\"async\" width=\"1280\" height=\"100\" src=\"https:\/\/www.silvajardim.rj.gov.br\/wp-content\/uploads\/2022\/06\/Cabecalho-EDITAL.png\" class=\"attachment-2048x2048 size-2048x2048\" alt=\"\" srcset=\"https:\/\/www.silvajardim.rj.gov.br\/wp-content\/uploads\/2022\/06\/Cabecalho-EDITAL.png 1280w, https:\/\/www.silvajardim.rj.gov.br\/wp-content\/uploads\/2022\/06\/Cabecalho-EDITAL-300x23.png 300w, https:\/\/www.silvajardim.rj.gov.br\/wp-content\/uploads\/2022\/06\/Cabecalho-EDITAL-1024x80.png 1024w, https:\/\/www.silvajardim.rj.gov.br\/wp-content\/uploads\/2022\/06\/Cabecalho-EDITAL-768x60.png 768w\" sizes=\"auto, (max-width: 1280px) 100vw, 1280px\" \/>\t\t\t\t\t\t\t\t\t\t\t\t\t\t\t<\/div>\n\t\t\t\t<\/div>\n\t\t\t\t\t<\/div>\n\t\t<\/div>\n\t\t\t\t\t\t\t<\/div>\n\t\t<\/section>\n\t\t\t\t<section data-particle_enable=\"false\" data-particle-mobile-disabled=\"false\" class=\"elementor-section elementor-top-section elementor-element elementor-element-1fb8a50 elementor-section-boxed elementor-section-height-default elementor-section-height-default\" data-id=\"1fb8a50\" data-element_type=\"section\">\n\t\t\t\t\t\t<div class=\"elementor-container elementor-column-gap-default\">\n\t\t\t\t\t<div class=\"elementor-column elementor-col-100 elementor-top-column elementor-element elementor-element-336e1fe\" data-id=\"336e1fe\" data-element_type=\"column\">\n\t\t\t<div class=\"elementor-widget-wrap elementor-element-populated\">\n\t\t\t\t\t\t\t\t<div class=\"elementor-element elementor-element-42f6345 elementor-widget elementor-widget-shortcode\" data-id=\"42f6345\" data-element_type=\"widget\" data-widget_type=\"shortcode.default\">\n\t\t\t\t<div class=\"elementor-widget-container\">\n\t\t\t\t\t<div class=\"elementor-shortcode\"><div class=\"_df_book df-lite\" id=\"df_14024\"  data-title=\"edital-02-2022\" _slug=\"14024\" wpoptions=\"true\" thumb=\"https:\/\/www.silvajardim.rj.gov.br\/wp-content\/uploads\/2022\/07\/Edital-1.png\" thumbtype=\"bg\" ><p class=\"df-raw-loading\">Please wait while flipbook is loading. For more related info, FAQs and issues please refer to <a href=\"https:\/\/wordpress.org\/plugins\/3d-flipbook-dflip-lite\/#installation\">DearFlip WordPress Flipbook Plugin Help<\/a> documentation.<\/p><\/div><script class=\"df-shortcode-script\" type=\"application\/javascript\">window.option_df_14024 = {\"outline\":[],\"backgroundColor\":\"#ffff\",\"forceFit\":\"true\",\"autoEnableOutline\":\"false\",\"autoEnableThumbnail\":\"false\",\"overwritePDFOutline\":\"false\",\"direction\":\"1\",\"pageSize\":\"0\",\"source\":\"https:\\\/\\\/www.silvajardim.rj.gov.br\\\/wp-content\\\/uploads\\\/2022\\\/07\\\/Edital-Chamamento-Publico-Clinica-Com-anexos.pdf\",\"wpOptions\":\"true\"}; if(window.DFLIP && window.DFLIP.parseBooks){window.DFLIP.parseBooks();}<\/script><\/div>\n\t\t\t\t<\/div>\n\t\t\t\t<\/div>\n\t\t\t\t<div class=\"elementor-element elementor-element-5c2b8ee elementor-widget elementor-widget-wpfd_choose_category\" data-id=\"5c2b8ee\" data-element_type=\"widget\" data-widget_type=\"wpfd_choose_category.default\">\n\t\t\t\t<div class=\"elementor-widget-container\">\n\t\t\t<div id=\"wpfd-elementor-category\" class=\"wpfd-elementor-category\"><div class=\"wpfd-content wpfd-content-default wpfd-content-multi\" data-category=\"399\"><input type=\"hidden\" id=\"current_category_399\" value=\"399\" \/>                    <input type=\"hidden\" id=\"current_category_slug_399\" value=\"edital-chamamento-saude\" \/>                    <input type=\"hidden\" id=\"current_ordering_399\" value=\"title\" \/>                    <input type=\"hidden\" id=\"current_ordering_direction_399\" value=\"desc\" \/><a data-catid=\"\" class=\"default-download-category \" href=\"https:\/\/www.silvajardim.rj.gov.br\/index.php\/download\/wpfdcat\/399\/edital-chamamento-saude\">Baixar todos                                <i class=\"zmdi zmdi-check-all wpfd-download-category\"><\/i>                            <\/a><ul class=\"breadcrumbs wpfd-breadcrumbs-default head-category-default\">                            <li class=\"active\">Edital Chamamento - Sa\u00fade<\/li>                        <\/ul>    <script type=\"text\/x-handlebars-template\" class=\"wpfd-template-categories\">        <div class=\"wpfd-categories\">{{#if category}}{{#with category}}<h2>{{name}}<\/h2>{{#if parent}}<a class=\"catlink backcategory\" href=\"#\" data-idcat=\"{{parent}}\">                        <i class=\"zmdi zmdi-chevron-left\"><\/i><span>Voltar<\/span><\/a>{{\/if}}{{\/with}}{{\/if}}{{#if categories}}{{#each categories}}<a class=\"wpfdcategory catlink\" style=\"margin : 10px 10px 10px 10px;\" href=\"#\" data-idcat=\"{{term_id}}\" title=\"{{name}}\">                                <span>{{name}}<\/span><i class=\"zmdi zmdi-folder wpfd-folder\"><\/i>                            <\/a>{{\/each}}{{\/if}}<div class=\"wpfdcategory_placeholder\" style=\"margin : 0 10px 0 10px;\"><\/div><div class=\"wpfdcategory_placeholder\" style=\"margin : 0 10px 0 10px;\"><\/div><div class=\"wpfdcategory_placeholder\" style=\"margin : 0 10px 0 10px;\"><\/div><\/div>    <\/script>    <script type=\"text\/x-handlebars-template\" class=\"wpfd-template-files\">        {{#if files }}        <div class=\"wpfd_list\">            {{#each files}}            <div class=\"file\" style=\"margin : 10px 10px 10px 10px;\" data-id=\"{{ID}}\" data-catid=\"{{catid}}\">                <div class=\"filecontent\">                    {{#if file_custom_icon}}                    <div class=\"icon-custom\"><img decoding=\"async\" src=\"{{file_custom_icon}}\"><\/div>                    {{else}}                    <div class=\"ext ext-{{ext}}\"><span class=\"txt\">{{ext}}<\/span><\/div>                    {{\/if}}<h3><label class=\"wpfd_checkbox\"><input class=\"cbox_file_download\" type=\"checkbox\" data-id=\"{{ID}}\" \/><span><\/span><\/label><a href=\"{{linkdownload}}\"  class=\"wpfd_downloadlink\" title=\"{{post_title}}\">{{{crop_title}}}<\/a><\/h3>                    <div class=\"file-xinfo\">                        {{#if description}}<div class=\"file-desc\">{{{description}}}<\/div>{{\/if}}{{#if versionNumber}}<div class=\"file-version\"><span>Vers\u00e3o:<\/span> {{versionNumber}}<\/div>{{\/if}}<div class=\"file-size\"><span>Tamanho:<\/span> {{bytesToSize size}}<\/div><div class=\"file-hits\"><span>Hits:<\/span> {{hits}}<\/div><div class=\"file-dated\"><span>Data de adi\u00e7\u00e3o<\/span> {{created}}<\/div>                    <\/div>                <\/div>                <span class=\"file-right\">                    <a class=\"downloadlink wpfd_downloadlink\"  href=\"{{linkdownload}}\" style=\"background-color:#51d8ed;color:#06090a;\">Baixar<i class=\"zmdi zmdi-cloud-download wpfd-download\"><\/i><\/a>{{#if openpdflink}}<a class=\"openlink wpfdlightbox wpfd_previewlink\" href=\"{{openpdflink}}\" target=\"\">Visualizar                            <i class=\"zmdi zmdi-filter-center-focus wpfd-preview\"><\/i>                        <\/a>{{else}}{{#if viewerlink}}<a                            href=\"{{viewerlink}}\"                            class=\"openlink wpfdlightbox wpfd_previewlink\"                            target=\"\"                            data-id=\"{{ID}}\"                            data-catid=\"{{catid}}\"                            data-file-type=\"{{ext}}\">Visualizar<i class=\"zmdi zmdi-filter-center-focus wpfd-preview\"><\/i>                        <\/a>{{\/if}}{{\/if}}                <\/span>            <\/div>            {{\/each}}            <div class=\"file flex_span\" style=\"margin : 10px 10px 10px 10px;\"><\/div>        <\/div>        {{\/if}}    <\/script><div class=\"wpfd-container\">    <div class=\"wpfd-foldertree wpfd-foldertree-default foldertree-hide\"><\/div>    <div class=\"wpfd-open-tree\"><\/div>    <div class=\"wpfd-container-default  with_foldertree\">        <div class=\"wpfd-categories\"><h2>Edital Chamamento - Sa\u00fade<\/h2><\/div>                    <div class=\"wpfd_list\">                                    <div class=\"file\" style=\"margin : 10px 10px 10px 10px;\"                         data-id=\"14793\"                         data-catid=\"399\">                        <div class=\"filecontent\">                            <div class=\"ext ext-pdf\"><span class=\"txt\">pdf<\/div><h3><label class=\"wpfd_checkbox\"><input class=\"cbox_file_download\" type=\"checkbox\" data-id=\"14793\" \/><span><\/span><\/label><a href=\"https:\/\/www.silvajardim.rj.gov.br\/index.php\/download\/399\/edital-chamamento-saude\/14793\/edital-chamamento-publico-clinica-com-anexos.pdf\"  class=\"wpfd_downloadlink\" title=\"Edital Chamamento P\u00fablico Cl\u00ednica - Com anexos\">Edital Chamamento P\u00fablico Cl\u00ednica - Com anexos<\/a><\/h3>                            <div class=\"file-xinfo\">                                <div class=\"file-size\"><span>Tamanho:<\/span> 203.44 KB<\/div><div class=\"file-hits\"><span>Hits:<\/span> 524<\/div><div class=\"file-dated\"><span>Data de adi\u00e7\u00e3o<\/span> 28-07-2022<\/div>                            <\/div>                        <\/div>                        <div class=\"file-right\">                            <a class=\"downloadlink wpfd_downloadlink\"  href=\"https:\/\/www.silvajardim.rj.gov.br\/index.php\/download\/399\/edital-chamamento-saude\/14793\/edital-chamamento-publico-clinica-com-anexos.pdf\" style=\"background-color:#51d8ed;color:#06090a;\">Baixar<i class=\"zmdi zmdi-cloud-download wpfd-download\"><\/i><\/a><a class=\"openlink wpfdlightbox wpfd_previewlink\" href=\"https:\/\/www.silvajardim.rj.gov.br\/wp-admin\/admin-ajax.php?juwpfisadmin=false&#038;action=wpfd&#038;task=file.download&#038;wpfd_category_id=399&#038;wpfd_file_id=14793&#038;token=&#038;preview=1\" target=\"\">Visualizar                            <i class=\"zmdi zmdi-filter-center-focus wpfd-preview\"><\/i>                        <\/a>                        <\/div>                    <\/div>                                <div class=\"file flex_span\" style=\"margin : 10px 10px 10px 10px;\"><\/div>            <\/div>                    <\/div><\/div><\/div><\/div>\t\t<\/div>\n\t\t\t\t<\/div>\n\t\t\t\t\t<\/div>\n\t\t<\/div>\n\t\t\t\t\t\t\t<\/div>\n\t\t<\/section>\n\t\t\t\t<section data-particle_enable=\"false\" data-particle-mobile-disabled=\"false\" class=\"elementor-section elementor-top-section elementor-element elementor-element-7b297cfa elementor-hidden-tablet elementor-hidden-mobile elementor-section-boxed elementor-section-height-default elementor-section-height-default\" data-id=\"7b297cfa\" data-element_type=\"section\" id=\"xs_footer_8\" data-settings=\"{&quot;background_background&quot;:&quot;classic&quot;}\">\n\t\t\t\t\t\t<div class=\"elementor-container elementor-column-gap-default\">\n\t\t\t\t\t<div class=\"elementor-column elementor-col-25 elementor-top-column elementor-element elementor-element-52dc36d8\" data-id=\"52dc36d8\" data-element_type=\"column\">\n\t\t\t<div class=\"elementor-widget-wrap elementor-element-populated\">\n\t\t\t\t\t\t\t\t\t<\/div>\n\t\t<\/div>\n\t\t\t\t<div class=\"elementor-column elementor-col-25 elementor-top-column elementor-element elementor-element-6a271dc6\" data-id=\"6a271dc6\" data-element_type=\"column\">\n\t\t\t<div class=\"elementor-widget-wrap elementor-element-populated\">\n\t\t\t\t\t\t\t\t\t<\/div>\n\t\t<\/div>\n\t\t\t\t<div class=\"elementor-column elementor-col-25 elementor-top-column elementor-element elementor-element-32c879c1\" data-id=\"32c879c1\" data-element_type=\"column\">\n\t\t\t<div class=\"elementor-widget-wrap elementor-element-populated\">\n\t\t\t\t\t\t\t\t\t<\/div>\n\t\t<\/div>\n\t\t\t\t<div class=\"elementor-column elementor-col-25 elementor-top-column elementor-element elementor-element-79e5ba32\" data-id=\"79e5ba32\" data-element_type=\"column\">\n\t\t\t<div class=\"elementor-widget-wrap elementor-element-populated\">\n\t\t\t\t\t\t\t\t<div class=\"elementor-element elementor-element-3630b234 elementor-widget elementor-widget-heading\" data-id=\"3630b234\" data-element_type=\"widget\" data-widget_type=\"heading.default\">\n\t\t\t\t<div class=\"elementor-widget-container\">\n\t\t\t<h2 class=\"elementor-heading-title elementor-size-default\">Nossas redes sociais<\/h2>\t\t<\/div>\n\t\t\t\t<\/div>\n\t\t\t\t<div class=\"elementor-element elementor-element-d1d10e8 elementor-widget elementor-widget-elementskit-social-media\" data-id=\"d1d10e8\" data-element_type=\"widget\" data-widget_type=\"elementskit-social-media.default\">\n\t\t\t\t<div class=\"elementor-widget-container\">\n\t\t\t<div class=\"ekit-wid-con\" >\t\t\t <ul class=\"ekit_social_media\">\n\t\t\t\t\t\t\t\t\t\t\t\t\t\t<li class=\"elementor-repeater-item-8f591b9\">\n\t\t\t\t\t    <a\n\t\t\t\t\t\thref=\"https:\/\/www.facebook.com\/prefeiturasilvajardim\" class=\"2\" >\n\t\t\t\t\t\t\t\t\t\t\t\t\t\t\n\t\t\t\t\t\t\t<i aria-hidden=\"true\" class=\"icon icon-facebook-2\"><\/i>\t\t\t\t\t\t\t\t\t\n                                                                                                            <\/a>\n                    <\/li>\n                    \t\t\t\t\t\t\t\t\t\t\t\t\t\t<li class=\"elementor-repeater-item-a9743cf\">\n\t\t\t\t\t    <a\n\t\t\t\t\t\thref=\"https:\/\/www.instagram.com\/silvajardimoficial\/\" class=\"fill\" >\n\t\t\t\t\t\t\t\t\t\t\t\t\t\t\n\t\t\t\t\t\t\t<i aria-hidden=\"true\" class=\"remixicon ri-instagram-fill\"><\/i>\t\t\t\t\t\t\t\t\t\n                                                                                                            <\/a>\n                    <\/li>\n                    \t\t\t\t\t\t\t<\/ul>\n\t\t<\/div>\t\t<\/div>\n\t\t\t\t<\/div>\n\t\t\t\t<div class=\"elementor-element elementor-element-5ecc3df2 elementor-widget elementor-widget-heading\" data-id=\"5ecc3df2\" data-element_type=\"widget\" data-widget_type=\"heading.default\">\n\t\t\t\t<div class=\"elementor-widget-container\">\n\t\t\t<h2 class=\"elementor-heading-title elementor-size-default\">Assessoria de Impressa<\/h2>\t\t<\/div>\n\t\t\t\t<\/div>\n\t\t\t\t<div class=\"elementor-element elementor-element-3fd91653 elementor-widget elementor-widget-heading\" data-id=\"3fd91653\" data-element_type=\"widget\" data-widget_type=\"heading.default\">\n\t\t\t\t<div class=\"elementor-widget-container\">\n\t\t\t<h2 class=\"elementor-heading-title elementor-size-default\">(22) 99728-2498<\/h2>\t\t<\/div>\n\t\t\t\t<\/div>\n\t\t\t\t\t<\/div>\n\t\t<\/div>\n\t\t\t\t\t\t\t<\/div>\n\t\t<\/section>\n\t\t\t\t<section data-particle_enable=\"false\" data-particle-mobile-disabled=\"false\" class=\"elementor-section elementor-top-section elementor-element elementor-element-12f6d6a9 elementor-section-boxed elementor-section-height-default elementor-section-height-default\" data-id=\"12f6d6a9\" data-element_type=\"section\" data-settings=\"{&quot;background_background&quot;:&quot;classic&quot;}\">\n\t\t\t\t\t\t<div class=\"elementor-container elementor-column-gap-default\">\n\t\t\t\t\t<div class=\"elementor-column elementor-col-100 elementor-top-column elementor-element elementor-element-71cf31a0\" data-id=\"71cf31a0\" data-element_type=\"column\">\n\t\t\t<div class=\"elementor-widget-wrap elementor-element-populated\">\n\t\t\t\t\t\t\t\t<div class=\"elementor-element elementor-element-3ba1af3e elementor-widget elementor-widget-elementskit-heading\" data-id=\"3ba1af3e\" data-element_type=\"widget\" data-widget_type=\"elementskit-heading.default\">\n\t\t\t\t<div class=\"elementor-widget-container\">\n\t\t\t<div class=\"ekit-wid-con\" ><div class=\"ekit-heading elementskit-section-title-wraper text_center   ekit_heading_tablet-   ekit_heading_mobile-text_center\"><p class=\"ekit-heading--title elementskit-section-title \">\n\t\t\t\t\tPrefeitura Municipal de Silva Jardim - CNPJ: 28.741.098\/0001-57 - Rua Luiz Gomes, 46, Centro - Silva Jardim\/RJ - CEP: 28820-000\n\t\t\t\t<\/p><\/div><\/div>\t\t<\/div>\n\t\t\t\t<\/div>\n\t\t\t\t\t<\/div>\n\t\t<\/div>\n\t\t\t\t\t\t\t<\/div>\n\t\t<\/section>\n\t\t\t\t<section data-particle_enable=\"false\" data-particle-mobile-disabled=\"false\" class=\"elementor-section elementor-top-section elementor-element elementor-element-5c1d58ad elementor-section-stretched elementor-hidden-desktop elementor-section-boxed elementor-section-height-default elementor-section-height-default\" data-id=\"5c1d58ad\" data-element_type=\"section\" data-settings=\"{&quot;stretch_section&quot;:&quot;section-stretched&quot;}\">\n\t\t\t\t\t\t<div class=\"elementor-container elementor-column-gap-default\">\n\t\t\t\t\t<div class=\"elementor-column elementor-col-100 elementor-top-column elementor-element elementor-element-6364cffe\" data-id=\"6364cffe\" data-element_type=\"column\">\n\t\t\t<div class=\"elementor-widget-wrap elementor-element-populated\">\n\t\t\t\t\t\t\t\t<div class=\"elementor-element elementor-element-24390d9d elementor-widget elementor-widget-image\" data-id=\"24390d9d\" data-element_type=\"widget\" data-widget_type=\"image.default\">\n\t\t\t\t<div class=\"elementor-widget-container\">\n\t\t\t\t\t\t\t\t\t\t\t\t\t\t\t<img loading=\"lazy\" decoding=\"async\" width=\"742\" height=\"1024\" src=\"https:\/\/www.silvajardim.rj.gov.br\/wp-content\/uploads\/2022\/01\/RODAPE-742x1024.png\" class=\"attachment-large size-large\" alt=\"\" srcset=\"https:\/\/www.silvajardim.rj.gov.br\/wp-content\/uploads\/2022\/01\/RODAPE-742x1024.png 742w, https:\/\/www.silvajardim.rj.gov.br\/wp-content\/uploads\/2022\/01\/RODAPE-217x300.png 217w, https:\/\/www.silvajardim.rj.gov.br\/wp-content\/uploads\/2022\/01\/RODAPE-768x1060.png 768w, https:\/\/www.silvajardim.rj.gov.br\/wp-content\/uploads\/2022\/01\/RODAPE.png 1080w\" sizes=\"auto, (max-width: 742px) 100vw, 742px\" \/>\t\t\t\t\t\t\t\t\t\t\t\t\t\t\t<\/div>\n\t\t\t\t<\/div>\n\t\t\t\t\t<\/div>\n\t\t<\/div>\n\t\t\t\t\t\t\t<\/div>\n\t\t<\/section>\n\t\t\t\t\t\t<\/div>\n\t\t\t\t\t<\/div>\n\t\t","protected":false},"excerpt":{"rendered":"<p>Baixar todos Edital Chamamento &#8211; Sa\u00fade Edital Chamamento &#8211; Sa\u00fade pdf Edital Chamamento P\u00fablico &#8211; Cl\u00ednica Tamanho: 875.51 KBHits: 0Data<\/p>\n","protected":false},"author":1,"featured_media":0,"parent":0,"menu_order":0,"comment_status":"closed","ping_status":"closed","template":"","meta":{"_mi_skip_tracking":false,"footnotes":""},"class_list":["post-14005","page","type-page","status-publish","hentry"],"_links":{"self":[{"href":"https:\/\/www.silvajardim.rj.gov.br\/index.php\/wp-json\/wp\/v2\/pages\/14005","targetHints":{"allow":["GET"]}}],"collection":[{"href":"https:\/\/www.silvajardim.rj.gov.br\/index.php\/wp-json\/wp\/v2\/pages"}],"about":[{"href":"https:\/\/www.silvajardim.rj.gov.br\/index.php\/wp-json\/wp\/v2\/types\/page"}],"author":[{"embeddable":true,"href":"https:\/\/www.silvajardim.rj.gov.br\/index.php\/wp-json\/wp\/v2\/users\/1"}],"replies":[{"embeddable":true,"href":"https:\/\/www.silvajardim.rj.gov.br\/index.php\/wp-json\/wp\/v2\/comments?post=14005"}],"version-history":[{"count":22,"href":"https:\/\/www.silvajardim.rj.gov.br\/index.php\/wp-json\/wp\/v2\/pages\/14005\/revisions"}],"predecessor-version":[{"id":14104,"href":"https:\/\/www.silvajardim.rj.gov.br\/index.php\/wp-json\/wp\/v2\/pages\/14005\/revisions\/14104"}],"wp:attachment":[{"href":"https:\/\/www.silvajardim.rj.gov.br\/index.php\/wp-json\/wp\/v2\/media?parent=14005"}],"curies":[{"name":"wp","href":"https:\/\/api.w.org\/{rel}","templated":true}]}}