{"id":17279,"date":"2022-12-09T09:52:28","date_gmt":"2022-12-09T12:52:28","guid":{"rendered":"https:\/\/www.silvajardim.rj.gov.br\/?page_id=17279"},"modified":"2022-12-09T10:17:29","modified_gmt":"2022-12-09T13:17:29","slug":"edital-de-chamamento-publico-003-2022","status":"publish","type":"page","link":"https:\/\/www.silvajardim.rj.gov.br\/index.php\/edital-de-chamamento-publico-003-2022\/","title":{"rendered":"EDITAL DE CHAMAMENTO P\u00daBLICO 003.2022"},"content":{"rendered":"\t\t<div data-elementor-type=\"wp-page\" data-elementor-id=\"17279\" class=\"elementor elementor-17279\" data-elementor-settings=\"[]\">\n\t\t\t\t\t\t\t<div class=\"elementor-section-wrap\">\n\t\t\t\t\t\t\t<section data-particle_enable=\"false\" data-particle-mobile-disabled=\"false\" class=\"elementor-section elementor-top-section elementor-element elementor-element-54c0c8d elementor-section-boxed elementor-section-height-default elementor-section-height-default\" data-id=\"54c0c8d\" data-element_type=\"section\">\n\t\t\t\t\t\t<div class=\"elementor-container elementor-column-gap-default\">\n\t\t\t\t\t<div class=\"elementor-column elementor-col-100 elementor-top-column elementor-element elementor-element-0016772\" data-id=\"0016772\" data-element_type=\"column\">\n\t\t\t<div class=\"elementor-widget-wrap elementor-element-populated\">\n\t\t\t\t\t\t\t\t<div class=\"elementor-element elementor-element-ffe7080 elementor-widget elementor-widget-image\" data-id=\"ffe7080\" data-element_type=\"widget\" data-widget_type=\"image.default\">\n\t\t\t\t<div class=\"elementor-widget-container\">\n\t\t\t\t\t\t\t\t\t\t\t\t\t\t\t<img loading=\"lazy\" decoding=\"async\" width=\"800\" height=\"282\" src=\"https:\/\/www.silvajardim.rj.gov.br\/wp-content\/uploads\/2022\/12\/BANNER-SITE-v2.png\" class=\"attachment-large size-large\" alt=\"\" srcset=\"https:\/\/www.silvajardim.rj.gov.br\/wp-content\/uploads\/2022\/12\/BANNER-SITE-v2.png 900w, https:\/\/www.silvajardim.rj.gov.br\/wp-content\/uploads\/2022\/12\/BANNER-SITE-v2-300x106.png 300w, https:\/\/www.silvajardim.rj.gov.br\/wp-content\/uploads\/2022\/12\/BANNER-SITE-v2-768x271.png 768w\" sizes=\"auto, (max-width: 800px) 100vw, 800px\" \/>\t\t\t\t\t\t\t\t\t\t\t\t\t\t\t<\/div>\n\t\t\t\t<\/div>\n\t\t\t\t\t<\/div>\n\t\t<\/div>\n\t\t\t\t\t\t\t<\/div>\n\t\t<\/section>\n\t\t\t\t<section data-particle_enable=\"false\" data-particle-mobile-disabled=\"false\" class=\"elementor-section elementor-top-section elementor-element elementor-element-770f662 elementor-section-boxed elementor-section-height-default elementor-section-height-default\" data-id=\"770f662\" data-element_type=\"section\">\n\t\t\t\t\t\t<div class=\"elementor-container elementor-column-gap-default\">\n\t\t\t\t\t<div class=\"elementor-column elementor-col-100 elementor-top-column elementor-element elementor-element-ba6b9f2\" data-id=\"ba6b9f2\" data-element_type=\"column\">\n\t\t\t<div class=\"elementor-widget-wrap elementor-element-populated\">\n\t\t\t\t\t\t\t\t<div class=\"elementor-element elementor-element-2d7ebbc elementor-widget elementor-widget-wpfd_choose_category\" data-id=\"2d7ebbc\" data-element_type=\"widget\" data-widget_type=\"wpfd_choose_category.default\">\n\t\t\t\t<div class=\"elementor-widget-container\">\n\t\t\t<div id=\"wpfd-elementor-category\" class=\"wpfd-elementor-category\"><div class=\"wpfd-content wpfd-content-default wpfd-content-multi\" data-category=\"545\"><input type=\"hidden\" id=\"current_category_545\" value=\"545\" \/>                    <input type=\"hidden\" id=\"current_category_slug_545\" value=\"edital-chamamento-publico-003-2022\" \/>                    <input type=\"hidden\" id=\"current_ordering_545\" value=\"title\" \/>                    <input type=\"hidden\" id=\"current_ordering_direction_545\" value=\"desc\" \/><a data-catid=\"\" class=\"default-download-category \" href=\"https:\/\/www.silvajardim.rj.gov.br\/index.php\/download\/wpfdcat\/545\/edital-chamamento-publico-003-2022\">Baixar todos                                <i class=\"zmdi zmdi-check-all wpfd-download-category\"><\/i>                            <\/a><ul class=\"breadcrumbs wpfd-breadcrumbs-default head-category-default\">                            <li class=\"active\">Edital chamamento p\u00fablico 003.2022<\/li>                        <\/ul>    <script type=\"text\/x-handlebars-template\" class=\"wpfd-template-categories\">        <div class=\"wpfd-categories\">{{#if category}}{{#with category}}<h2>{{name}}<\/h2>{{#if parent}}<a class=\"catlink backcategory\" href=\"#\" data-idcat=\"{{parent}}\">                        <i class=\"zmdi zmdi-chevron-left\"><\/i><span>Voltar<\/span><\/a>{{\/if}}{{\/with}}{{\/if}}{{#if categories}}{{#each categories}}<a class=\"wpfdcategory catlink\" style=\"margin : 10px 10px 10px 10px;\" href=\"#\" data-idcat=\"{{term_id}}\" title=\"{{name}}\">                                <span>{{name}}<\/span><i class=\"zmdi zmdi-folder wpfd-folder\"><\/i>                            <\/a>{{\/each}}{{\/if}}<div class=\"wpfdcategory_placeholder\" style=\"margin : 0 10px 0 10px;\"><\/div><div class=\"wpfdcategory_placeholder\" style=\"margin : 0 10px 0 10px;\"><\/div><div class=\"wpfdcategory_placeholder\" style=\"margin : 0 10px 0 10px;\"><\/div><\/div>    <\/script>    <script type=\"text\/x-handlebars-template\" class=\"wpfd-template-files\">        {{#if files }}        <div class=\"wpfd_list\">            {{#each files}}            <div class=\"file\" style=\"margin : 10px 10px 10px 10px;\" data-id=\"{{ID}}\" data-catid=\"{{catid}}\">                <div class=\"filecontent\">                    {{#if file_custom_icon}}                    <div class=\"icon-custom\"><img decoding=\"async\" src=\"{{file_custom_icon}}\"><\/div>                    {{else}}                    <div class=\"ext ext-{{ext}}\"><span class=\"txt\">{{ext}}<\/span><\/div>                    {{\/if}}<h3><label class=\"wpfd_checkbox\"><input class=\"cbox_file_download\" type=\"checkbox\" data-id=\"{{ID}}\" \/><span><\/span><\/label><a href=\"{{linkdownload}}\"  class=\"wpfd_downloadlink\" title=\"{{post_title}}\">{{{crop_title}}}<\/a><\/h3>                    <div class=\"file-xinfo\">                        {{#if description}}<div class=\"file-desc\">{{{description}}}<\/div>{{\/if}}{{#if versionNumber}}<div class=\"file-version\"><span>Vers\u00e3o:<\/span> {{versionNumber}}<\/div>{{\/if}}<div class=\"file-size\"><span>Tamanho:<\/span> {{bytesToSize size}}<\/div><div class=\"file-hits\"><span>Hits:<\/span> {{hits}}<\/div><div class=\"file-dated\"><span>Data de adi\u00e7\u00e3o<\/span> {{created}}<\/div>                    <\/div>                <\/div>                <span class=\"file-right\">                    <a class=\"downloadlink wpfd_downloadlink\"  href=\"{{linkdownload}}\" style=\"background-color:#51d8ed;color:#06090a;\">Baixar<i class=\"zmdi zmdi-cloud-download wpfd-download\"><\/i><\/a>{{#if openpdflink}}<a class=\"openlink wpfdlightbox wpfd_previewlink\" href=\"{{openpdflink}}\" target=\"\">Visualizar                            <i class=\"zmdi zmdi-filter-center-focus wpfd-preview\"><\/i>                        <\/a>{{else}}{{#if viewerlink}}<a                            href=\"{{viewerlink}}\"                            class=\"openlink wpfdlightbox wpfd_previewlink\"                            target=\"\"                            data-id=\"{{ID}}\"                            data-catid=\"{{catid}}\"                            data-file-type=\"{{ext}}\">Visualizar<i class=\"zmdi zmdi-filter-center-focus wpfd-preview\"><\/i>                        <\/a>{{\/if}}{{\/if}}                <\/span>            <\/div>            {{\/each}}            <div class=\"file flex_span\" style=\"margin : 10px 10px 10px 10px;\"><\/div>        <\/div>        {{\/if}}    <\/script><div class=\"wpfd-container\">    <div class=\"wpfd-foldertree wpfd-foldertree-default foldertree-hide\"><\/div>    <div class=\"wpfd-open-tree\"><\/div>    <div class=\"wpfd-container-default  with_foldertree\">        <div class=\"wpfd-categories\"><h2>Edital chamamento p\u00fablico 003.2022<\/h2><\/div>                    <div class=\"wpfd_list\">                                    <div class=\"file\" style=\"margin : 10px 10px 10px 10px;\"                         data-id=\"17281\"                         data-catid=\"545\">                        <div class=\"filecontent\">                            <div class=\"ext ext-pdf\"><span class=\"txt\">pdf<\/div><h3><label class=\"wpfd_checkbox\"><input class=\"cbox_file_download\" type=\"checkbox\" data-id=\"17281\" \/><span><\/span><\/label><a href=\"https:\/\/www.silvajardim.rj.gov.br\/index.php\/download\/545\/edital-chamamento-publico-003-2022\/17281\/1-chamamento-publico-laboratorio-0032022.pdf\"  class=\"wpfd_downloadlink\" title=\"1- Chamamento P\u00fablico - LABORAT\u00d3RIO 0032022\">1- Chamamento P\u00fablico - LABORAT\u00d3RIO 0032022<\/a><\/h3>                            <div class=\"file-xinfo\">                                <div class=\"file-size\"><span>Tamanho:<\/span> 2.58 MB<\/div><div class=\"file-hits\"><span>Hits:<\/span> 486<\/div><div class=\"file-dated\"><span>Data de adi\u00e7\u00e3o<\/span> 09-12-2022<\/div>                            <\/div>                        <\/div>                        <div class=\"file-right\">                            <a class=\"downloadlink wpfd_downloadlink\"  href=\"https:\/\/www.silvajardim.rj.gov.br\/index.php\/download\/545\/edital-chamamento-publico-003-2022\/17281\/1-chamamento-publico-laboratorio-0032022.pdf\" style=\"background-color:#51d8ed;color:#06090a;\">Baixar<i class=\"zmdi zmdi-cloud-download wpfd-download\"><\/i><\/a><a class=\"openlink wpfdlightbox wpfd_previewlink\" href=\"https:\/\/www.silvajardim.rj.gov.br\/wp-admin\/admin-ajax.php?juwpfisadmin=false&#038;action=wpfd&#038;task=file.download&#038;wpfd_category_id=545&#038;wpfd_file_id=17281&#038;token=&#038;preview=1\" target=\"\">Visualizar                            <i class=\"zmdi zmdi-filter-center-focus wpfd-preview\"><\/i>                        <\/a>                        <\/div>                    <\/div>                                <div class=\"file flex_span\" style=\"margin : 10px 10px 10px 10px;\"><\/div>            <\/div>                    <\/div><\/div><\/div><\/div>\t\t<\/div>\n\t\t\t\t<\/div>\n\t\t\t\t\t<\/div>\n\t\t<\/div>\n\t\t\t\t\t\t\t<\/div>\n\t\t<\/section>\n\t\t\t\t<section data-particle_enable=\"false\" data-particle-mobile-disabled=\"false\" class=\"elementor-section elementor-top-section elementor-element elementor-element-5f9ca9d elementor-hidden-tablet elementor-hidden-mobile elementor-section-boxed elementor-section-height-default elementor-section-height-default\" data-id=\"5f9ca9d\" data-element_type=\"section\" id=\"xs_footer_8\" data-settings=\"{&quot;background_background&quot;:&quot;classic&quot;}\">\n\t\t\t\t\t\t<div class=\"elementor-container elementor-column-gap-default\">\n\t\t\t\t\t<div class=\"elementor-column elementor-col-25 elementor-top-column elementor-element elementor-element-2b5dccc2\" data-id=\"2b5dccc2\" data-element_type=\"column\">\n\t\t\t<div class=\"elementor-widget-wrap elementor-element-populated\">\n\t\t\t\t\t\t\t\t\t<\/div>\n\t\t<\/div>\n\t\t\t\t<div class=\"elementor-column elementor-col-25 elementor-top-column elementor-element elementor-element-4e89a02f\" data-id=\"4e89a02f\" data-element_type=\"column\">\n\t\t\t<div class=\"elementor-widget-wrap elementor-element-populated\">\n\t\t\t\t\t\t\t\t\t<\/div>\n\t\t<\/div>\n\t\t\t\t<div class=\"elementor-column elementor-col-25 elementor-top-column elementor-element elementor-element-2fe47078\" data-id=\"2fe47078\" data-element_type=\"column\">\n\t\t\t<div class=\"elementor-widget-wrap elementor-element-populated\">\n\t\t\t\t\t\t\t\t\t<\/div>\n\t\t<\/div>\n\t\t\t\t<div class=\"elementor-column elementor-col-25 elementor-top-column elementor-element elementor-element-f86ccd4\" data-id=\"f86ccd4\" data-element_type=\"column\">\n\t\t\t<div class=\"elementor-widget-wrap elementor-element-populated\">\n\t\t\t\t\t\t\t\t<div class=\"elementor-element elementor-element-1c0cc151 elementor-widget elementor-widget-heading\" data-id=\"1c0cc151\" data-element_type=\"widget\" data-widget_type=\"heading.default\">\n\t\t\t\t<div class=\"elementor-widget-container\">\n\t\t\t<h2 class=\"elementor-heading-title elementor-size-default\">Nossas redes sociais<\/h2>\t\t<\/div>\n\t\t\t\t<\/div>\n\t\t\t\t<div class=\"elementor-element elementor-element-4d735334 elementor-widget elementor-widget-elementskit-social-media\" data-id=\"4d735334\" data-element_type=\"widget\" data-widget_type=\"elementskit-social-media.default\">\n\t\t\t\t<div class=\"elementor-widget-container\">\n\t\t\t<div class=\"ekit-wid-con\" >\t\t\t <ul class=\"ekit_social_media\">\n\t\t\t\t\t\t\t\t\t\t\t\t\t\t<li class=\"elementor-repeater-item-8f591b9\">\n\t\t\t\t\t    <a\n\t\t\t\t\t\thref=\"https:\/\/www.facebook.com\/prefeiturasilvajardim\" class=\"2\" >\n\t\t\t\t\t\t\t\t\t\t\t\t\t\t\n\t\t\t\t\t\t\t<i aria-hidden=\"true\" class=\"icon icon-facebook-2\"><\/i>\t\t\t\t\t\t\t\t\t\n                                                                                                            <\/a>\n                    <\/li>\n                    \t\t\t\t\t\t\t\t\t\t\t\t\t\t<li class=\"elementor-repeater-item-a9743cf\">\n\t\t\t\t\t    <a\n\t\t\t\t\t\thref=\"https:\/\/www.instagram.com\/silvajardimoficial\/\" class=\"fill\" >\n\t\t\t\t\t\t\t\t\t\t\t\t\t\t\n\t\t\t\t\t\t\t<i aria-hidden=\"true\" class=\"remixicon ri-instagram-fill\"><\/i>\t\t\t\t\t\t\t\t\t\n                                                                                                            <\/a>\n                    <\/li>\n                    \t\t\t\t\t\t\t<\/ul>\n\t\t<\/div>\t\t<\/div>\n\t\t\t\t<\/div>\n\t\t\t\t<div class=\"elementor-element elementor-element-e3e5961 elementor-widget elementor-widget-heading\" data-id=\"e3e5961\" data-element_type=\"widget\" data-widget_type=\"heading.default\">\n\t\t\t\t<div class=\"elementor-widget-container\">\n\t\t\t<h2 class=\"elementor-heading-title elementor-size-default\">Assessoria de Impressa<\/h2>\t\t<\/div>\n\t\t\t\t<\/div>\n\t\t\t\t<div class=\"elementor-element elementor-element-a23c656 elementor-widget elementor-widget-heading\" data-id=\"a23c656\" data-element_type=\"widget\" data-widget_type=\"heading.default\">\n\t\t\t\t<div class=\"elementor-widget-container\">\n\t\t\t<h2 class=\"elementor-heading-title elementor-size-default\">(22) 99728-2498<\/h2>\t\t<\/div>\n\t\t\t\t<\/div>\n\t\t\t\t\t<\/div>\n\t\t<\/div>\n\t\t\t\t\t\t\t<\/div>\n\t\t<\/section>\n\t\t\t\t<section data-particle_enable=\"false\" data-particle-mobile-disabled=\"false\" class=\"elementor-section elementor-top-section elementor-element elementor-element-2544eb7b elementor-section-boxed elementor-section-height-default elementor-section-height-default\" data-id=\"2544eb7b\" data-element_type=\"section\" data-settings=\"{&quot;background_background&quot;:&quot;classic&quot;}\">\n\t\t\t\t\t\t<div class=\"elementor-container elementor-column-gap-default\">\n\t\t\t\t\t<div class=\"elementor-column elementor-col-100 elementor-top-column elementor-element elementor-element-8c6e911\" data-id=\"8c6e911\" data-element_type=\"column\">\n\t\t\t<div class=\"elementor-widget-wrap elementor-element-populated\">\n\t\t\t\t\t\t\t\t<div class=\"elementor-element elementor-element-1d4f867c elementor-widget elementor-widget-elementskit-heading\" data-id=\"1d4f867c\" data-element_type=\"widget\" data-widget_type=\"elementskit-heading.default\">\n\t\t\t\t<div class=\"elementor-widget-container\">\n\t\t\t<div class=\"ekit-wid-con\" ><div class=\"ekit-heading elementskit-section-title-wraper text_center   ekit_heading_tablet-   ekit_heading_mobile-text_center\"><p class=\"ekit-heading--title elementskit-section-title \">\n\t\t\t\t\tPrefeitura Municipal de Silva Jardim - CNPJ: 28.741.098\/0001-57 - Rua Luiz Gomes, 46, Centro - Silva Jardim\/RJ - CEP: 28820-000\n\t\t\t\t<\/p><\/div><\/div>\t\t<\/div>\n\t\t\t\t<\/div>\n\t\t\t\t\t<\/div>\n\t\t<\/div>\n\t\t\t\t\t\t\t<\/div>\n\t\t<\/section>\n\t\t\t\t<section data-particle_enable=\"false\" data-particle-mobile-disabled=\"false\" class=\"elementor-section elementor-top-section elementor-element elementor-element-79261ae7 elementor-section-stretched elementor-hidden-desktop elementor-section-boxed elementor-section-height-default elementor-section-height-default\" data-id=\"79261ae7\" data-element_type=\"section\" data-settings=\"{&quot;stretch_section&quot;:&quot;section-stretched&quot;}\">\n\t\t\t\t\t\t<div class=\"elementor-container elementor-column-gap-default\">\n\t\t\t\t\t<div class=\"elementor-column elementor-col-100 elementor-top-column elementor-element elementor-element-e634945\" data-id=\"e634945\" data-element_type=\"column\">\n\t\t\t<div class=\"elementor-widget-wrap elementor-element-populated\">\n\t\t\t\t\t\t\t\t<div class=\"elementor-element elementor-element-3b9cff13 elementor-widget elementor-widget-image\" data-id=\"3b9cff13\" data-element_type=\"widget\" data-widget_type=\"image.default\">\n\t\t\t\t<div class=\"elementor-widget-container\">\n\t\t\t\t\t\t\t\t\t\t\t\t\t\t\t<img loading=\"lazy\" decoding=\"async\" width=\"742\" height=\"1024\" src=\"https:\/\/www.silvajardim.rj.gov.br\/wp-content\/uploads\/2022\/01\/RODAPE-742x1024.png\" class=\"attachment-large size-large\" alt=\"\" srcset=\"https:\/\/www.silvajardim.rj.gov.br\/wp-content\/uploads\/2022\/01\/RODAPE-742x1024.png 742w, https:\/\/www.silvajardim.rj.gov.br\/wp-content\/uploads\/2022\/01\/RODAPE-217x300.png 217w, https:\/\/www.silvajardim.rj.gov.br\/wp-content\/uploads\/2022\/01\/RODAPE-768x1060.png 768w, https:\/\/www.silvajardim.rj.gov.br\/wp-content\/uploads\/2022\/01\/RODAPE.png 1080w\" sizes=\"auto, (max-width: 742px) 100vw, 742px\" \/>\t\t\t\t\t\t\t\t\t\t\t\t\t\t\t<\/div>\n\t\t\t\t<\/div>\n\t\t\t\t\t<\/div>\n\t\t<\/div>\n\t\t\t\t\t\t\t<\/div>\n\t\t<\/section>\n\t\t\t\t\t\t<\/div>\n\t\t\t\t\t<\/div>\n\t\t","protected":false},"excerpt":{"rendered":"<p>Baixar todos Edital chamamento p\u00fablico 003.2022 Edital chamamento p\u00fablico 003.2022 pdf 1- Chamamento P\u00fablico &#8211; LABORAT\u00d3RIO 0032022 Tamanho: 2.58 MBHits:<\/p>\n","protected":false},"author":1,"featured_media":0,"parent":0,"menu_order":0,"comment_status":"closed","ping_status":"closed","template":"","meta":{"_mi_skip_tracking":false,"footnotes":""},"class_list":["post-17279","page","type-page","status-publish","hentry"],"_links":{"self":[{"href":"https:\/\/www.silvajardim.rj.gov.br\/index.php\/wp-json\/wp\/v2\/pages\/17279","targetHints":{"allow":["GET"]}}],"collection":[{"href":"https:\/\/www.silvajardim.rj.gov.br\/index.php\/wp-json\/wp\/v2\/pages"}],"about":[{"href":"https:\/\/www.silvajardim.rj.gov.br\/index.php\/wp-json\/wp\/v2\/types\/page"}],"author":[{"embeddable":true,"href":"https:\/\/www.silvajardim.rj.gov.br\/index.php\/wp-json\/wp\/v2\/users\/1"}],"replies":[{"embeddable":true,"href":"https:\/\/www.silvajardim.rj.gov.br\/index.php\/wp-json\/wp\/v2\/comments?post=17279"}],"version-history":[{"count":10,"href":"https:\/\/www.silvajardim.rj.gov.br\/index.php\/wp-json\/wp\/v2\/pages\/17279\/revisions"}],"predecessor-version":[{"id":17293,"href":"https:\/\/www.silvajardim.rj.gov.br\/index.php\/wp-json\/wp\/v2\/pages\/17279\/revisions\/17293"}],"wp:attachment":[{"href":"https:\/\/www.silvajardim.rj.gov.br\/index.php\/wp-json\/wp\/v2\/media?parent=17279"}],"curies":[{"name":"wp","href":"https:\/\/api.w.org\/{rel}","templated":true}]}}